{"id":343,"date":"2018-11-26T12:51:10","date_gmt":"2018-11-26T12:51:10","guid":{"rendered":"https:\/\/secondface.dev-env.mrvt.digital\/?page_id=343"},"modified":"2025-09-11T16:14:45","modified_gmt":"2025-09-11T15:14:45","slug":"salon-de-coiffure-lyon-7","status":"publish","type":"page","link":"https:\/\/2nd-face.com\/sf-staging\/salons\/salon-de-coiffure-lyon-7\/","title":{"rendered":"Salon de coiffure Lyon 7 \u2013 Cavenne"},"content":{"rendered":"<p>[et_pb_section fb_built=\u00a0\u00bb1&Prime; custom_padding_last_edited=\u00a0\u00bbon|phone\u00a0\u00bb _builder_version=\u00a0\u00bb4.27.0&Prime; _module_preset=\u00a0\u00bbdefault\u00a0\u00bb custom_margin=\u00a0\u00bb0px||0px||false|false\u00a0\u00bb custom_padding=\u00a0\u00bb48px||80px||false|false\u00a0\u00bb custom_padding_tablet=\u00a0\u00bb||48px||false|false\u00a0\u00bb custom_padding_phone=\u00a0\u00bb48px||0px||false|false\u00a0\u00bb locked=\u00a0\u00bboff\u00a0\u00bb global_colors_info=\u00a0\u00bb{}\u00a0\u00bb][et_pb_row column_structure=\u00a0\u00bb3_5,2_5&Prime; use_custom_gutter=\u00a0\u00bbon\u00a0\u00bb gutter_width=\u00a0\u00bb4&Prime; make_equal=\u00a0\u00bbon\u00a0\u00bb _builder_version=\u00a0\u00bb4.27.0&Prime; _module_preset=\u00a0\u00bbdefault\u00a0\u00bb width=\u00a0\u00bb66%\u00a0\u00bb width_tablet=\u00a0\u00bb80%\u00a0\u00bb width_phone=\u00a0\u00bb90%\u00a0\u00bb width_last_edited=\u00a0\u00bbon|phone\u00a0\u00bb custom_margin=\u00a0\u00bb0px||0px||true|false\u00a0\u00bb custom_padding=\u00a0\u00bb0px||0px||true|false\u00a0\u00bb global_colors_info=\u00a0\u00bb{}\u00a0\u00bb][et_pb_column type=\u00a0\u00bb3_5&Prime; _builder_version=\u00a0\u00bb4.27.0&Prime; _module_preset=\u00a0\u00bbdefault\u00a0\u00bb animation_style=\u00a0\u00bbslide\u00a0\u00bb animation_direction=\u00a0\u00bbbottom\u00a0\u00bb global_colors_info=\u00a0\u00bb{}\u00a0\u00bb][et_pb_image src=\u00a0\u00bbhttps:\/\/2nd-face.com\/sf-staging\/wp-content\/uploads\/2024\/06\/LBF_3464.jpg\u00a0\u00bb title_text=\u00a0\u00bbLBF_3464&Prime; _builder_version=\u00a0\u00bb4.27.0&Prime; _module_preset=\u00a0\u00bbdefault\u00a0\u00bb border_radii=\u00a0\u00bbon|8px|8px|8px|8px\u00a0\u00bb locked=\u00a0\u00bboff\u00a0\u00bb global_colors_info=\u00a0\u00bb{}\u00a0\u00bb][\/et_pb_image][dipi_button_grid _builder_version=\u00a0\u00bb4.27.0&Prime; _module_preset=\u00a0\u00bbdefault\u00a0\u00bb global_colors_info=\u00a0\u00bb{}\u00a0\u00bb][\/dipi_button_grid][\/et_pb_column][et_pb_column type=\u00a0\u00bb2_5&Prime; _builder_version=\u00a0\u00bb4.27.0&Prime; _module_preset=\u00a0\u00bbdefault\u00a0\u00bb transform_scale_tablet=\u00a0\u00bb\u00a0\u00bb transform_scale_phone=\u00a0\u00bb\u00a0\u00bb transform_scale_last_edited=\u00a0\u00bbon|tablet\u00a0\u00bb transform_translate_tablet=\u00a0\u00bb0px|0px\u00a0\u00bb transform_translate_phone=\u00a0\u00bb0px|0px\u00a0\u00bb transform_translate_last_edited=\u00a0\u00bbon|phone\u00a0\u00bb transform_translate_linked=\u00a0\u00bboff\u00a0\u00bb transform_rotate_tablet=\u00a0\u00bb\u00a0\u00bb transform_rotate_phone=\u00a0\u00bb\u00a0\u00bb transform_rotate_last_edited=\u00a0\u00bbon|tablet\u00a0\u00bb transform_skew_tablet=\u00a0\u00bb\u00a0\u00bb transform_skew_phone=\u00a0\u00bb\u00a0\u00bb transform_skew_last_edited=\u00a0\u00bbon|tablet\u00a0\u00bb transform_origin_tablet=\u00a0\u00bb\u00a0\u00bb transform_origin_phone=\u00a0\u00bb\u00a0\u00bb transform_origin_last_edited=\u00a0\u00bbon|tablet\u00a0\u00bb transform_styles_last_edited=\u00a0\u00bbon|phone\u00a0\u00bb animation_style=\u00a0\u00bbslide\u00a0\u00bb animation_direction=\u00a0\u00bbtop\u00a0\u00bb transform_styles_tablet=\u00a0\u00bb\u00a0\u00bb transform_styles_phone=\u00a0\u00bb\u00a0\u00bb global_colors_info=\u00a0\u00bb{}\u00a0\u00bb][et_pb_post_title meta=\u00a0\u00bboff\u00a0\u00bb featured_image=\u00a0\u00bboff\u00a0\u00bb _builder_version=\u00a0\u00bb4.27.0&Prime; _module_preset=\u00a0\u00bbdefault\u00a0\u00bb title_font=\u00a0\u00bbLyno Jean|||on|||||\u00a0\u00bb title_text_color=\u00a0\u00bbgcid-d4476eb0-7a5c-4fa6-ae74-44094b228090&Prime; title_font_size=\u00a0\u00bb64px\u00a0\u00bb custom_margin=\u00a0\u00bb16px||16px||true|false\u00a0\u00bb custom_margin_tablet=\u00a0\u00bb16px||16px||true|false\u00a0\u00bb custom_margin_phone=\u00a0\u00bb8px||8px||true|false\u00a0\u00bb custom_margin_last_edited=\u00a0\u00bbon|phone\u00a0\u00bb custom_padding=\u00a0\u00bb0px||0px||true|false\u00a0\u00bb title_font_size_tablet=\u00a0\u00bb48px\u00a0\u00bb title_font_size_phone=\u00a0\u00bb48px\u00a0\u00bb title_font_size_last_edited=\u00a0\u00bbon|tablet\u00a0\u00bb global_colors_info=\u00a0\u00bb{%22gcid-d4476eb0-7a5c-4fa6-ae74-44094b228090%22:%91%22title_text_color%22%93}\u00a0\u00bb][\/et_pb_post_title][et_pb_text _builder_version=\u00a0\u00bb4.27.4&Prime; _module_preset=\u00a0\u00bbdefault\u00a0\u00bb text_font=\u00a0\u00bbIBM Plex Mono||||||||\u00a0\u00bb custom_margin=\u00a0\u00bb16px||16px||true|false\u00a0\u00bb global_colors_info=\u00a0\u00bb{}\u00a0\u00bb]<\/p>\n<p>Hybride et color\u00e9, notre salon de coiffure se situe dans le quartier populaire et alternatif derri\u00e8re la c\u00e9l\u00e8bre piscine du Rh\u00f4ne. Entour\u00e9 de commerces vari\u00e9s, il est le parfait endroit pour r\u00e9pondre \u00e0 toutes vos demandes. Proche de la Guilloti\u00e8re, venez vous faire coiffer avant d\u2019aller vous balader sur les quais du Rh\u00f4ne.\n<\/p>\n<p>[\/et_pb_text][et_pb_button button_url=\u00a0\u00bb@ET-DC@eyJkeW5hbWljIjp0cnVlLCJjb250ZW50IjoicG9zdF9saW5rX3VybF9wYWdlIiwic2V0dGluZ3MiOnsicG9zdF9pZCI6IjU5ODAifX0=@\u00a0\u00bb button_text=\u00a0\u00bbR\u00e9server\u00a0\u00bb button_alignment=\u00a0\u00bbleft\u00a0\u00bb _builder_version=\u00a0\u00bb4.27.0&Prime; _dynamic_attributes=\u00a0\u00bbbutton_url\u00a0\u00bb _module_preset=\u00a0\u00bbdefault\u00a0\u00bb button_text_color=\u00a0\u00bb#FFFFFF\u00a0\u00bb button_bg_color=\u00a0\u00bbgcid-d4476eb0-7a5c-4fa6-ae74-44094b228090&Prime; button_border_color=\u00a0\u00bbgcid-d4476eb0-7a5c-4fa6-ae74-44094b228090&Prime; button_border_radius=\u00a0\u00bb8px\u00a0\u00bb custom_margin=\u00a0\u00bb0px||24px||false|false\u00a0\u00bb custom_padding=\u00a0\u00bb4px||4px||true|false\u00a0\u00bb locked=\u00a0\u00bboff\u00a0\u00bb global_colors_info=\u00a0\u00bb{%22gcid-primary-color%22:%91%22button_text_color__hover%22%93,%22gcid-d4476eb0-7a5c-4fa6-ae74-44094b228090%22:%91%22button_bg_color%22,%22button_border_color%22,%22button_bg_color__hover%22%93}\u00a0\u00bb button_text_color__hover_enabled=\u00a0\u00bbon|desktop\u00a0\u00bb button_text_color__hover=\u00a0\u00bb#ffffff\u00a0\u00bb button_bg_color__hover=\u00a0\u00bb#f1c825&Prime; button_bg_enable_color__hover=\u00a0\u00bbon\u00a0\u00bb][\/et_pb_button][\/et_pb_column][\/et_pb_row][et_pb_row column_structure=\u00a0\u00bb3_5,2_5&Prime; use_custom_gutter=\u00a0\u00bbon\u00a0\u00bb gutter_width=\u00a0\u00bb4&Prime; make_equal=\u00a0\u00bbon\u00a0\u00bb _builder_version=\u00a0\u00bb4.27.0&Prime; _module_preset=\u00a0\u00bbdefault\u00a0\u00bb width=\u00a0\u00bb66%\u00a0\u00bb width_tablet=\u00a0\u00bb80%\u00a0\u00bb width_phone=\u00a0\u00bb90%\u00a0\u00bb width_last_edited=\u00a0\u00bbon|phone\u00a0\u00bb custom_margin=\u00a0\u00bb0px||0px||true|false\u00a0\u00bb custom_padding=\u00a0\u00bb0px||0px||true|false\u00a0\u00bb global_colors_info=\u00a0\u00bb{}\u00a0\u00bb][et_pb_column type=\u00a0\u00bb3_5&Prime; _builder_version=\u00a0\u00bb4.27.0&Prime; _module_preset=\u00a0\u00bbdefault\u00a0\u00bb animation_style=\u00a0\u00bbslide\u00a0\u00bb animation_direction=\u00a0\u00bbbottom\u00a0\u00bb global_colors_info=\u00a0\u00bb{}\u00a0\u00bb][dipi_button_grid _builder_version=\u00a0\u00bb4.27.0&Prime; _module_preset=\u00a0\u00bbdefault\u00a0\u00bb global_colors_info=\u00a0\u00bb{}\u00a0\u00bb][\/dipi_button_grid][et_pb_text _builder_version=\u00a0\u00bb4.27.4&Prime; _module_preset=\u00a0\u00bbdefault\u00a0\u00bb text_font=\u00a0\u00bbPlatform Medium||||||||\u00a0\u00bb text_text_color=\u00a0\u00bbgcid-d4476eb0-7a5c-4fa6-ae74-44094b228090&Prime; text_font_size=\u00a0\u00bb72px\u00a0\u00bb text_letter_spacing=\u00a0\u00bb2px\u00a0\u00bb text_line_height=\u00a0\u00bb100%\u00a0\u00bb transform_translate_linked=\u00a0\u00bboff\u00a0\u00bb custom_margin=\u00a0\u00bb||8px||false|false\u00a0\u00bb text_font_size_tablet=\u00a0\u00bb64px\u00a0\u00bb text_font_size_phone=\u00a0\u00bb48px\u00a0\u00bb text_font_size_last_edited=\u00a0\u00bbon|phone\u00a0\u00bb global_colors_info=\u00a0\u00bb{%22gcid-d4476eb0-7a5c-4fa6-ae74-44094b228090%22:%91%22text_text_color%22%93}\u00a0\u00bb]<\/p>\n<p>Lieu<\/p>\n<p>[\/et_pb_text][et_pb_text _builder_version=\u00a0\u00bb4.27.0&Prime; _module_preset=\u00a0\u00bbdefault\u00a0\u00bb global_colors_info=\u00a0\u00bb{}\u00a0\u00bb]<\/p>\n<p>13 rue Cavenne, 69007 Lyon<\/p>\n<p>04 37 37 49 37<\/p>\n<p>[\/et_pb_text][et_pb_text _builder_version=\u00a0\u00bb4.27.0&Prime; _module_preset=\u00a0\u00bbdefault\u00a0\u00bb text_font=\u00a0\u00bbPlatform Medium||||||||\u00a0\u00bb text_text_color=\u00a0\u00bbgcid-d4476eb0-7a5c-4fa6-ae74-44094b228090&Prime; text_font_size=\u00a0\u00bb72px\u00a0\u00bb text_letter_spacing=\u00a0\u00bb2px\u00a0\u00bb text_line_height=\u00a0\u00bb100%\u00a0\u00bb transform_translate_linked=\u00a0\u00bboff\u00a0\u00bb custom_margin=\u00a0\u00bb||8px||false|false\u00a0\u00bb text_font_size_tablet=\u00a0\u00bb64px\u00a0\u00bb text_font_size_phone=\u00a0\u00bb48px\u00a0\u00bb text_font_size_last_edited=\u00a0\u00bbon|phone\u00a0\u00bb global_colors_info=\u00a0\u00bb{%22gcid-d4476eb0-7a5c-4fa6-ae74-44094b228090%22:%91%22text_text_color%22,%22text_text_color%22%93,%22gcid-28622b26-271b-4766-94b5-1f080d25b55d%22:%91%22text_text_color%22%93}\u00a0\u00bb]<\/p>\n<p>Horaires<\/p>\n<p>[\/et_pb_text][et_pb_text _builder_version=\u00a0\u00bb4.27.0&Prime; _module_preset=\u00a0\u00bbdefault\u00a0\u00bb global_colors_info=\u00a0\u00bb{}\u00a0\u00bb]<\/p>\n<p><span>mardi &#8211; vendredi : 09h-20h<\/span><\/p>\n<p><span>samedi : 09h &#8211; 19h<\/span><\/p>\n<p>[\/et_pb_text][\/et_pb_column][et_pb_column type=\u00a0\u00bb2_5&Prime; _builder_version=\u00a0\u00bb4.27.0&Prime; _module_preset=\u00a0\u00bbdefault\u00a0\u00bb transform_scale_tablet=\u00a0\u00bb\u00a0\u00bb transform_scale_phone=\u00a0\u00bb\u00a0\u00bb transform_scale_last_edited=\u00a0\u00bbon|tablet\u00a0\u00bb transform_translate_tablet=\u00a0\u00bb0px|0px\u00a0\u00bb transform_translate_phone=\u00a0\u00bb0px|0px\u00a0\u00bb transform_translate_last_edited=\u00a0\u00bbon|phone\u00a0\u00bb transform_translate_linked=\u00a0\u00bboff\u00a0\u00bb transform_rotate_tablet=\u00a0\u00bb\u00a0\u00bb transform_rotate_phone=\u00a0\u00bb\u00a0\u00bb transform_rotate_last_edited=\u00a0\u00bbon|tablet\u00a0\u00bb transform_skew_tablet=\u00a0\u00bb\u00a0\u00bb transform_skew_phone=\u00a0\u00bb\u00a0\u00bb transform_skew_last_edited=\u00a0\u00bbon|tablet\u00a0\u00bb transform_origin_tablet=\u00a0\u00bb\u00a0\u00bb transform_origin_phone=\u00a0\u00bb\u00a0\u00bb transform_origin_last_edited=\u00a0\u00bbon|tablet\u00a0\u00bb transform_styles_last_edited=\u00a0\u00bbon|phone\u00a0\u00bb animation_style=\u00a0\u00bbslide\u00a0\u00bb animation_direction=\u00a0\u00bbtop\u00a0\u00bb transform_styles_tablet=\u00a0\u00bb\u00a0\u00bb transform_styles_phone=\u00a0\u00bb\u00a0\u00bb global_colors_info=\u00a0\u00bb{}\u00a0\u00bb][et_pb_image src=\u00a0\u00bbhttps:\/\/2nd-face.com\/sf-staging\/wp-content\/uploads\/2024\/06\/LBF_3227.jpg\u00a0\u00bb title_text=\u00a0\u00bbLBF_3227&Prime; show_bottom_space=\u00a0\u00bboff\u00a0\u00bb _builder_version=\u00a0\u00bb4.27.0&Prime; _module_preset=\u00a0\u00bbdefault\u00a0\u00bb custom_margin=\u00a0\u00bb0px||24px||false|false\u00a0\u00bb border_radii=\u00a0\u00bbon|8px|8px|8px|8px\u00a0\u00bb global_colors_info=\u00a0\u00bb{}\u00a0\u00bb][\/et_pb_image][et_pb_button button_url=\u00a0\u00bbhttps:\/\/maps.app.goo.gl\/FnPwDPTXNSgCY5cC7&Prime; button_text=\u00a0\u00bbVisite virtuelle\u00a0\u00bb admin_label=\u00a0\u00bbBouton\u00a0\u00bb _builder_version=\u00a0\u00bb4.27.4&Prime; _dynamic_attributes=\u00a0\u00bbbutton_url\u00a0\u00bb _module_preset=\u00a0\u00bbdefault\u00a0\u00bb button_text_color=\u00a0\u00bb#FFFFFF\u00a0\u00bb button_bg_color=\u00a0\u00bbgcid-d4476eb0-7a5c-4fa6-ae74-44094b228090&Prime; button_border_radius=\u00a0\u00bb8px\u00a0\u00bb custom_padding=\u00a0\u00bb||0px|||\u00a0\u00bb locked=\u00a0\u00bboff\u00a0\u00bb global_colors_info=\u00a0\u00bb{%22gcid-primary-color%22:%91%22button_text_color__hover%22%93,%22gcid-d4476eb0-7a5c-4fa6-ae74-44094b228090%22:%91%22button_bg_color%22,%22button_bg_color__hover%22%93}\u00a0\u00bb button_text_color__hover_enabled=\u00a0\u00bbon|desktop\u00a0\u00bb button_text_color__hover=\u00a0\u00bb#ffffff\u00a0\u00bb button_bg_color__hover=\u00a0\u00bb#f1c825&Prime; button_bg_enable_color__hover=\u00a0\u00bbon\u00a0\u00bb][\/et_pb_button][\/et_pb_column][\/et_pb_row][\/et_pb_section][et_pb_section fb_built=\u00a0\u00bb1&Prime; _builder_version=\u00a0\u00bb4.27.4&Prime; _module_preset=\u00a0\u00bbdefault\u00a0\u00bb animation_style=\u00a0\u00bbslide\u00a0\u00bb animation_direction=\u00a0\u00bbbottom\u00a0\u00bb locked=\u00a0\u00bboff\u00a0\u00bb global_colors_info=\u00a0\u00bb{}\u00a0\u00bb][et_pb_row _builder_version=\u00a0\u00bb4.27.4&Prime; _module_preset=\u00a0\u00bbdefault\u00a0\u00bb width=\u00a0\u00bb50%\u00a0\u00bb width_tablet=\u00a0\u00bb75%\u00a0\u00bb width_phone=\u00a0\u00bb75%\u00a0\u00bb width_last_edited=\u00a0\u00bbon|phone\u00a0\u00bb global_colors_info=\u00a0\u00bb{}\u00a0\u00bb][et_pb_column type=\u00a0\u00bb4_4&Prime; _builder_version=\u00a0\u00bb4.27.4&Prime; _module_preset=\u00a0\u00bbdefault\u00a0\u00bb global_colors_info=\u00a0\u00bb{}\u00a0\u00bb][et_pb_text _builder_version=\u00a0\u00bb4.27.4&Prime; _module_preset=\u00a0\u00bbdefault\u00a0\u00bb text_font=\u00a0\u00bbLyno Jean||||||||\u00a0\u00bb text_text_color=\u00a0\u00bbgcid-d4476eb0-7a5c-4fa6-ae74-44094b228090&Prime; text_font_size=\u00a0\u00bb32px\u00a0\u00bb text_letter_spacing=\u00a0\u00bb2px\u00a0\u00bb text_line_height=\u00a0\u00bb100%\u00a0\u00bb transform_translate_linked=\u00a0\u00bboff\u00a0\u00bb custom_margin=\u00a0\u00bb||8px||false|false\u00a0\u00bb text_font_size_tablet=\u00a0\u00bb24px\u00a0\u00bb text_font_size_phone=\u00a0\u00bb24px\u00a0\u00bb text_font_size_last_edited=\u00a0\u00bbon|phone\u00a0\u00bb global_colors_info=\u00a0\u00bb{%22gcid-d4476eb0-7a5c-4fa6-ae74-44094b228090%22:%91%22text_text_color%22%93}\u00a0\u00bb]<\/p>\n<p>Coiffeur coloriste Lyon proche Guilloti\u00e8re<\/p>\n<p>[\/et_pb_text][et_pb_text _builder_version=\u00a0\u00bb4.27.4&Prime; _module_preset=\u00a0\u00bbdefault\u00a0\u00bb text_font=\u00a0\u00bbIBM Plex Mono||||||||\u00a0\u00bb custom_margin=\u00a0\u00bb16px||16px||true|false\u00a0\u00bb global_colors_info=\u00a0\u00bb{}\u00a0\u00bb]<\/p>\n<p>Chaque salon Second Face est diff\u00e9rent et il y a autant de coupes de cheveux que de personnes qui les portent. Nous n\u2019avons pas de typologie de coupe particuli\u00e8re, nous ne suivons pas les modes, nous n\u2019avons pas de collection annuelle. <\/p>\n<p>Chez Second Face, nous r\u00e9alisons tout type de coupes de cheveux, de couleurs et de coiffages. Apr\u00e8s avoir \u00e9cout\u00e9 notre client, apr\u00e8s avoir discut\u00e9 ensemble de ses attentes, nous mettons en \u0153uvre tout notre savoir-faire pour le satisfaire. Notre diff\u00e9renciation se fait dans le talent de nos coiffeurs et l\u2019\u00e9motion qu\u2019ils transmettent dans leur travail.<\/p>\n<p>[\/et_pb_text][\/et_pb_column][\/et_pb_row][\/et_pb_section][et_pb_section fb_built=\u00a0\u00bb1&Prime; _builder_version=\u00a0\u00bb4.27.4&Prime; _module_preset=\u00a0\u00bbdefault\u00a0\u00bb locked=\u00a0\u00bboff\u00a0\u00bb global_colors_info=\u00a0\u00bb{}\u00a0\u00bb][et_pb_row column_structure=\u00a0\u00bb1_2,1_2&Prime; _builder_version=\u00a0\u00bb4.27.4&Prime; _module_preset=\u00a0\u00bbdefault\u00a0\u00bb global_colors_info=\u00a0\u00bb{}\u00a0\u00bb][et_pb_column type=\u00a0\u00bb1_2&Prime; _builder_version=\u00a0\u00bb4.27.4&Prime; _module_preset=\u00a0\u00bbdefault\u00a0\u00bb animation_style=\u00a0\u00bbslide\u00a0\u00bb animation_direction=\u00a0\u00bbbottom\u00a0\u00bb global_colors_info=\u00a0\u00bb{}\u00a0\u00bb][et_pb_image src=\u00a0\u00bbhttps:\/\/2nd-face.com\/sf-staging\/wp-content\/uploads\/2025\/09\/Design-sans-titre7.jpg\u00a0\u00bb title_text=\u00a0\u00bbDesign sans titre(7)\u00a0\u00bb show_bottom_space=\u00a0\u00bboff\u00a0\u00bb _builder_version=\u00a0\u00bb4.27.4&Prime; _module_preset=\u00a0\u00bbdefault\u00a0\u00bb custom_padding=\u00a0\u00bb||||false|false\u00a0\u00bb animation_direction=\u00a0\u00bbbottom\u00a0\u00bb border_radii=\u00a0\u00bbon|16px|16px|16px|16px\u00a0\u00bb global_colors_info=\u00a0\u00bb{}\u00a0\u00bb][\/et_pb_image][\/et_pb_column][et_pb_column type=\u00a0\u00bb1_2&Prime; _builder_version=\u00a0\u00bb4.27.4&Prime; _module_preset=\u00a0\u00bbdefault\u00a0\u00bb animation_style=\u00a0\u00bbslide\u00a0\u00bb animation_direction=\u00a0\u00bbbottom\u00a0\u00bb global_colors_info=\u00a0\u00bb{}\u00a0\u00bb][et_pb_text _builder_version=\u00a0\u00bb4.27.4&Prime; _module_preset=\u00a0\u00bbdefault\u00a0\u00bb text_font=\u00a0\u00bbLyno Jean||||||||\u00a0\u00bb text_text_color=\u00a0\u00bbgcid-d4476eb0-7a5c-4fa6-ae74-44094b228090&Prime; text_font_size=\u00a0\u00bb32px\u00a0\u00bb text_letter_spacing=\u00a0\u00bb2px\u00a0\u00bb text_line_height=\u00a0\u00bb100%\u00a0\u00bb transform_translate_linked=\u00a0\u00bboff\u00a0\u00bb custom_margin=\u00a0\u00bb||8px||false|false\u00a0\u00bb animation_direction=\u00a0\u00bbbottom\u00a0\u00bb text_font_size_tablet=\u00a0\u00bb24px\u00a0\u00bb text_font_size_phone=\u00a0\u00bb24px\u00a0\u00bb text_font_size_last_edited=\u00a0\u00bbon|phone\u00a0\u00bb global_colors_info=\u00a0\u00bb{%22gcid-d4476eb0-7a5c-4fa6-ae74-44094b228090%22:%91%22text_text_color%22%93}\u00a0\u00bb]<\/p>\n<p>Produits capillaires naturels \u2013 Less is more<\/p>\n<p>[\/et_pb_text][et_pb_text _builder_version=\u00a0\u00bb4.27.4&Prime; _module_preset=\u00a0\u00bbdefault\u00a0\u00bb text_font=\u00a0\u00bbIBM Plex Mono||||||||\u00a0\u00bb text_text_color=\u00a0\u00bb#000000&Prime; custom_margin=\u00a0\u00bb16px||16px||true|false\u00a0\u00bb global_colors_info=\u00a0\u00bb{}\u00a0\u00bb]<\/p>\n<p>Nous avons choisi la marque autrichienne Less is more dont le nom r\u00e9sume simplement notre philosophie. Les shampoings, soins et produits de coiffage contiennent exclusivement des ingr\u00e9dients naturels s\u00e9lectionn\u00e9s avec soin selon des crit\u00e8res d\u2019efficacit\u00e9, de puret\u00e9, de viabilit\u00e9 environnementale et de tol\u00e9rance par l\u2019\u00e9piderme. Obtenus \u00e0 partir de ressources renouvelables et certifi\u00e9s d\u2019origine biologique, ils sont enti\u00e8rement et rapidement biod\u00e9gradables.<\/p>\n<p>D\u00e9velopp\u00e9s par une aromath\u00e9rapeute et un coiffeur professionnel, l\u2019efficacit\u00e9 des produits capillaires se combine au bien-\u00eatre gr\u00e2ce aux huiles essentielles.<br \/>Des huiles v\u00e9g\u00e9tales bio-actives non transform\u00e9es, des extraits de plantes, des huiles essentielles pures, des eaux florales pr\u00e9cieuses, du miel de for\u00eat, de la cire d\u2019abeille, du sucre de canne Mascobado certifi\u00e9s 100% bio. Bon pour nous, pour vous et pour la plan\u00e8te !<br \/>Les produits sont en vente au salon.<\/p>\n<p>[\/et_pb_text][et_pb_button button_url=\u00a0\u00bb@ET-DC@eyJkeW5hbWljIjp0cnVlLCJjb250ZW50IjoicG9zdF9saW5rX3VybF9wYWdlIiwic2V0dGluZ3MiOnsicG9zdF9pZCI6IjU5ODAifX0=@\u00a0\u00bb button_text=\u00a0\u00bbPrendre rendez-vous\u00a0\u00bb _builder_version=\u00a0\u00bb4.27.4&Prime; _dynamic_attributes=\u00a0\u00bbbutton_url\u00a0\u00bb _module_preset=\u00a0\u00bbdefault\u00a0\u00bb global_colors_info=\u00a0\u00bb{}\u00a0\u00bb][\/et_pb_button][\/et_pb_column][\/et_pb_row][\/et_pb_section][et_pb_section fb_built=\u00a0\u00bb1&Prime; _builder_version=\u00a0\u00bb4.27.4&Prime; _module_preset=\u00a0\u00bbdefault\u00a0\u00bb locked=\u00a0\u00bboff\u00a0\u00bb global_colors_info=\u00a0\u00bb{}\u00a0\u00bb][et_pb_row column_structure=\u00a0\u00bb1_4,1_2,1_4&Prime; _builder_version=\u00a0\u00bb4.27.4&Prime; _module_preset=\u00a0\u00bbdefault\u00a0\u00bb width=\u00a0\u00bb100%\u00a0\u00bb global_colors_info=\u00a0\u00bb{}\u00a0\u00bb][et_pb_column type=\u00a0\u00bb1_4&Prime; _builder_version=\u00a0\u00bb4.27.4&Prime; _module_preset=\u00a0\u00bbdefault\u00a0\u00bb custom_padding=\u00a0\u00bb80px||||false|false\u00a0\u00bb sticky_position=\u00a0\u00bbbottom\u00a0\u00bb scroll_vertical_motion_enable=\u00a0\u00bbon\u00a0\u00bb global_colors_info=\u00a0\u00bb{}\u00a0\u00bb][et_pb_image src=\u00a0\u00bbhttps:\/\/2nd-face.com\/sf-staging\/wp-content\/uploads\/2025\/09\/2-5.jpg\u00a0\u00bb title_text=\u00a0\u00bb2&Prime; _builder_version=\u00a0\u00bb4.27.4&Prime; _module_preset=\u00a0\u00bbdefault\u00a0\u00bb custom_margin=\u00a0\u00bb|||-130px|false|false\u00a0\u00bb border_radii=\u00a0\u00bbon|16px|16px|16px|16px\u00a0\u00bb global_colors_info=\u00a0\u00bb{}\u00a0\u00bb][\/et_pb_image][\/et_pb_column][et_pb_column type=\u00a0\u00bb1_2&Prime; _builder_version=\u00a0\u00bb4.27.4&Prime; _module_preset=\u00a0\u00bbdefault\u00a0\u00bb custom_padding=\u00a0\u00bb|24px||24px|false|false\u00a0\u00bb global_colors_info=\u00a0\u00bb{}\u00a0\u00bb][et_pb_text _builder_version=\u00a0\u00bb4.27.4&Prime; _module_preset=\u00a0\u00bbdefault\u00a0\u00bb text_font=\u00a0\u00bbLyno Jean||||||||\u00a0\u00bb text_text_color=\u00a0\u00bbgcid-d4476eb0-7a5c-4fa6-ae74-44094b228090&Prime; text_font_size=\u00a0\u00bb32px\u00a0\u00bb text_letter_spacing=\u00a0\u00bb2px\u00a0\u00bb text_line_height=\u00a0\u00bb100%\u00a0\u00bb transform_translate_linked=\u00a0\u00bboff\u00a0\u00bb custom_margin=\u00a0\u00bb||8px||false|false\u00a0\u00bb text_font_size_tablet=\u00a0\u00bb24px\u00a0\u00bb text_font_size_phone=\u00a0\u00bb24px\u00a0\u00bb text_font_size_last_edited=\u00a0\u00bbon|phone\u00a0\u00bb global_colors_info=\u00a0\u00bb{%22gcid-d4476eb0-7a5c-4fa6-ae74-44094b228090%22:%91%22text_text_color%22%93,%22gcid-28622b26-271b-4766-94b5-1f080d25b55d%22:%91%22text_text_color%22%93}\u00a0\u00bb]<\/p>\n<p>Architecture<\/p>\n<p>[\/et_pb_text][et_pb_text _builder_version=\u00a0\u00bb4.27.4&Prime; _module_preset=\u00a0\u00bbdefault\u00a0\u00bb text_font=\u00a0\u00bbIBM Plex Mono||||||||\u00a0\u00bb custom_margin=\u00a0\u00bb16px||16px||true|false\u00a0\u00bb global_colors_info=\u00a0\u00bb{}\u00a0\u00bb]<\/p>\n<p>Con\u00e7u par le propri\u00e9taire Bruce Coulaux et l\u2019architecte Jacques Rival, le salon Second Face Cavenne porte les m\u00eames stigmates design que ses grands fr\u00e8res de la presqu\u2019\u00eele : une association \u00e9pur\u00e9e de mat\u00e9riaux bruts. Ici b\u00e9ton, bois et verre communiquent en courbes et en lignes ac\u00e9r\u00e9es.<\/p>\n<p> Les toilettes accessibles aux personnes en situation de handicap, sont cach\u00e9es dans un bel arrondi central. L\u2019\u00e9tage semble avoir \u00e9t\u00e9 d\u00e9coup\u00e9 grossi\u00e8rement au ciseau, il sort litt\u00e9ralement du mur, donnant un effet de suspension dans le vide. Graphique, architectural, design.<\/p>\n<p> Les tablettes des coiffeurs ainsi que les miroirs en teck donnent une tonalit\u00e9 ann\u00e9es 60, malgr\u00e9 l\u2019architecture ultra-moderne, voire futuristes du lieu. Vous l\u2019aurez compris, comme toujours chez Second Face, \u00ab rien n\u2019est laiss\u00e9 au hasard et tout est fonctionnel. Pour couper vite et bien, il faut se sentir bien dans l\u2019espace, il faut s\u2019en impr\u00e9gner, le vivre \u00bb dixit Bruce.<br \/>\n Il n\u2019y avait pas la place pour faire deux bacs \u00e0 shampoing, nous avons opt\u00e9 pour un mod\u00e8le tr\u00e8s design sur pivot.<\/p>\n<p>[\/et_pb_text][et_pb_button button_url=\u00a0\u00bb@ET-DC@eyJkeW5hbWljIjp0cnVlLCJjb250ZW50IjoicG9zdF9saW5rX3VybF9wYWdlIiwic2V0dGluZ3MiOnsicG9zdF9pZCI6IjU5ODAifX0=@\u00a0\u00bb button_text=\u00a0\u00bbPrendre rendez-vous\u00a0\u00bb _builder_version=\u00a0\u00bb4.27.4&Prime; _dynamic_attributes=\u00a0\u00bbbutton_url\u00a0\u00bb _module_preset=\u00a0\u00bbdefault\u00a0\u00bb global_colors_info=\u00a0\u00bb{}\u00a0\u00bb][\/et_pb_button][\/et_pb_column][et_pb_column type=\u00a0\u00bb1_4&Prime; _builder_version=\u00a0\u00bb4.27.4&Prime; _module_preset=\u00a0\u00bbdefault\u00a0\u00bb sticky_position=\u00a0\u00bbbottom\u00a0\u00bb sticky_offset_surrounding=\u00a0\u00bboff\u00a0\u00bb sticky_transition=\u00a0\u00bboff\u00a0\u00bb scroll_vertical_motion_enable=\u00a0\u00bbon\u00a0\u00bb global_colors_info=\u00a0\u00bb{}\u00a0\u00bb][et_pb_image src=\u00a0\u00bbhttps:\/\/2nd-face.com\/sf-staging\/wp-content\/uploads\/2025\/09\/1-4.jpg\u00a0\u00bb title_text=\u00a0\u00bb1&Prime; align=\u00a0\u00bbright\u00a0\u00bb _builder_version=\u00a0\u00bb4.27.4&Prime; _module_preset=\u00a0\u00bbdefault\u00a0\u00bb custom_margin=\u00a0\u00bb400px|-130px|||false|false\u00a0\u00bb border_radii=\u00a0\u00bbon|16px|16px|16px|16px\u00a0\u00bb global_colors_info=\u00a0\u00bb{}\u00a0\u00bb][\/et_pb_image][\/et_pb_column][\/et_pb_row][\/et_pb_section][et_pb_section fb_built=\u00a0\u00bb1&Prime; _builder_version=\u00a0\u00bb4.25.2&Prime; _module_preset=\u00a0\u00bbdefault\u00a0\u00bb locked=\u00a0\u00bboff\u00a0\u00bb global_colors_info=\u00a0\u00bb{}\u00a0\u00bb][et_pb_row _builder_version=\u00a0\u00bb4.25.2&Prime; _module_preset=\u00a0\u00bbdefault\u00a0\u00bb width=\u00a0\u00bb100%\u00a0\u00bb global_colors_info=\u00a0\u00bb{}\u00a0\u00bb][et_pb_column type=\u00a0\u00bb4_4&Prime; _builder_version=\u00a0\u00bb4.25.2&Prime; _module_preset=\u00a0\u00bbdefault\u00a0\u00bb global_colors_info=\u00a0\u00bb{}\u00a0\u00bb][dipi_masonry_gallery gallery_ids=\u00a0\u00bb6757,6221,6779,6759,6760,6771,6764,6765,6766,6778,6767,6768,6769,6783,6772,6782,6770,6758,6773,6774,6775,6776,6777,6780,6781&Prime; icon_in_overlay=\u00a0\u00bboff\u00a0\u00bb use_thumbnails=\u00a0\u00bbon\u00a0\u00bb columns_tablet=\u00a0\u00bb3&Prime; columns_phone=\u00a0\u00bb2&Prime; columns_last_edited=\u00a0\u00bbon|tablet\u00a0\u00bb _builder_version=\u00a0\u00bb4.25.2&Prime; _module_preset=\u00a0\u00bbdefault\u00a0\u00bb global_colors_info=\u00a0\u00bb{}\u00a0\u00bb][\/dipi_masonry_gallery][\/et_pb_column][\/et_pb_row][\/et_pb_section][et_pb_section fb_built=\u00a0\u00bb1&Prime; _builder_version=\u00a0\u00bb4.27.0&Prime; _module_preset=\u00a0\u00bbdefault\u00a0\u00bb locked=\u00a0\u00bboff\u00a0\u00bb global_colors_info=\u00a0\u00bb{}\u00a0\u00bb][et_pb_row use_custom_gutter=\u00a0\u00bbon\u00a0\u00bb make_equal=\u00a0\u00bbon\u00a0\u00bb _builder_version=\u00a0\u00bb4.27.0&Prime; _module_preset=\u00a0\u00bbdefault\u00a0\u00bb width=\u00a0\u00bb90%\u00a0\u00bb global_colors_info=\u00a0\u00bb{}\u00a0\u00bb][et_pb_column type=\u00a0\u00bb4_4&Prime; _builder_version=\u00a0\u00bb4.27.0&Prime; _module_preset=\u00a0\u00bbdefault\u00a0\u00bb global_colors_info=\u00a0\u00bb{}\u00a0\u00bb][dipi_carousel columns=\u00a0\u00bb3&Prime; space_between=\u00a0\u00bb24&Prime; speed=\u00a0\u00bb6000&Prime; loop_wide=\u00a0\u00bbon\u00a0\u00bb autoplay_wide=\u00a0\u00bbon\u00a0\u00bb continues_wide=\u00a0\u00bbon\u00a0\u00bb loop_mid=\u00a0\u00bbon\u00a0\u00bb autoplay_mid=\u00a0\u00bbon\u00a0\u00bb continues_mid=\u00a0\u00bbon\u00a0\u00bb loop_small=\u00a0\u00bbon\u00a0\u00bb autoplay_small=\u00a0\u00bbon\u00a0\u00bb continues_small=\u00a0\u00bbon\u00a0\u00bb show_lightbox=\u00a0\u00bboff\u00a0\u00bb columns_tablet=\u00a0\u00bb2&Prime; columns_phone=\u00a0\u00bb1&Prime; columns_last_edited=\u00a0\u00bbon|phone\u00a0\u00bb _builder_version=\u00a0\u00bb4.27.0&Prime; _module_preset=\u00a0\u00bbdefault\u00a0\u00bb global_colors_info=\u00a0\u00bb{}\u00a0\u00bb][dipi_carousel_child label=\u00a0\u00bbAvis #1&Prime; title_text=\u00a0\u00bbJENNY\u00a0\u00bb desc_text=\u00a0\u00bb<\/p>\n<p>Been a regular since I moved to Lyon last year. Great atmosphere and very queer friendly. Vik is particularly masterful and patient. She always knows what I need\/want and I&rsquo;m always satisfied.<br \/>My girlfriend also enjoyed her time there.<\/p>\n<p>\u00a0\u00bb _builder_version=\u00a0\u00bb4.27.0&Prime; _module_preset=\u00a0\u00bbdefault\u00a0\u00bb title_font_size=\u00a0\u00bb24px\u00a0\u00bb desc_font_size=\u00a0\u00bb14px\u00a0\u00bb desc_letter_spacing=\u00a0\u00bb1px\u00a0\u00bb desc_line_height=\u00a0\u00bb1.6em\u00a0\u00bb global_colors_info=\u00a0\u00bb{}\u00a0\u00bb][\/dipi_carousel_child][dipi_carousel_child label=\u00a0\u00bbAvis #2&Prime; title_text=\u00a0\u00bbCLAUDINE\u00a0\u00bb desc_text=\u00a0\u00bb<\/p>\n<p>Candice, un HUGE MERCI pour ce moment tout en douceur.<br \/>Merci d&rsquo;avoir devin\u00e9 ce que je voulais (coupe, couleur) et pour l\u2019avoir ex\u00e9cut\u00e9 magistralement. C&rsquo;est parfait.<\/p>\n<p>Je recommande ce salon en toute confiance. On s\u2019y sent toujours bien. L&rsquo; accueil, l\u2019ambiance, la ponctualit\u00e9, la bonne humeur, l\u2019attention, la bienveillance, le professionnalisme, tout y est.<br \/>J\u2019y viens depuis quelques ann\u00e9es, et c\u2019est \u00e0 chaque fois au top.<\/p>\n<p>\u00a0\u00bb _builder_version=\u00a0\u00bb4.27.0&Prime; _module_preset=\u00a0\u00bbdefault\u00a0\u00bb title_font_size=\u00a0\u00bb24px\u00a0\u00bb desc_font_size=\u00a0\u00bb14px\u00a0\u00bb desc_letter_spacing=\u00a0\u00bb1px\u00a0\u00bb desc_line_height=\u00a0\u00bb1.6em\u00a0\u00bb global_colors_info=\u00a0\u00bb{}\u00a0\u00bb][\/dipi_carousel_child][dipi_carousel_child label=\u00a0\u00bbAvis #3&Prime; title_text=\u00a0\u00bbL\u00c9NA\u00a0\u00bb desc_text=\u00a0\u00bb<\/p>\n<p>J\u2019ai les cheveux boucl\u00e9s, et apr\u00e8s ne pas avoir vu de coiffeur pendant + de 10 ans car j\u2019ai toujours \u00e9t\u00e9 d\u00e9\u00e7ue ou je me suis sentie jug\u00e9e, je suis all\u00e9 \u00e0 second face.<br \/>Bryan s\u2019est occup\u00e9 de moi : il a parfaitement compris ce que je voulais, a \u00e9t\u00e9 tr\u00e8s \u00e0 l\u2019\u00e9coute et a su sans probl\u00e8me r\u00e9aliser ma coupe et m\u2019aider retrouver des cheveux en bonne sant\u00e9 ! Et en plus on a rigol\u00e9, que demander de plus<br \/>Je suis ravie, merci encore<\/p>\n<p>\u00a0\u00bb _builder_version=\u00a0\u00bb4.27.0&Prime; _module_preset=\u00a0\u00bbdefault\u00a0\u00bb title_font_size=\u00a0\u00bb24px\u00a0\u00bb desc_font_size=\u00a0\u00bb14px\u00a0\u00bb desc_letter_spacing=\u00a0\u00bb1px\u00a0\u00bb desc_line_height=\u00a0\u00bb1.6em\u00a0\u00bb global_colors_info=\u00a0\u00bb{}\u00a0\u00bb][\/dipi_carousel_child][dipi_carousel_child label=\u00a0\u00bbAvis #4&Prime; title_text=\u00a0\u00bb\u00c9MILIE\u00a0\u00bb desc_text=\u00a0\u00bb<\/p>\n<div>Salon totalement innovant o\u00f9 la bonne humeur et la bonne musique sont toujours pr\u00e9sentes. Des coiffeurs professionnels, \u00e0 l\u2019\u00e9coute de nos besoins et qui s\u2019adaptent parfaitement aux demandes de chacun. C\u2019est simple: toutes les personnes que j\u2019ai envoy\u00e9 la bas n\u2019y reparte plus, car la qualit\u00e9 des prestations n\u2019a rien tout simplement rien \u00e0 redire. Un grand merci tout particuli\u00e8rement \u00e0 Candice. <\/div>\n<p>\u00a0\u00bb _builder_version=\u00a0\u00bb4.27.0&Prime; _module_preset=\u00a0\u00bbdefault\u00a0\u00bb title_font_size=\u00a0\u00bb24px\u00a0\u00bb desc_font_size=\u00a0\u00bb14px\u00a0\u00bb desc_letter_spacing=\u00a0\u00bb1px\u00a0\u00bb desc_line_height=\u00a0\u00bb1.6em\u00a0\u00bb global_colors_info=\u00a0\u00bb{}\u00a0\u00bb][\/dipi_carousel_child][dipi_carousel_child label=\u00a0\u00bbAvis #5&Prime; title_text=\u00a0\u00bbJEAN-LOU\u00a0\u00bb desc_text=\u00a0\u00bb<\/p>\n<p>Ayant depuis tout jeune une phobie des coiffeur, j\u2019ai rencontr\u00e9 Bryan \u00e0 son arriv\u00e9e au salon et le coup de foudre *capillaire* fut imm\u00e9diat.<br \/>En plus d\u2019une d\u2019une sympathie sans \u00e9gal, son \u00e9coute et son professionnalisme font de lui le coiffeur id\u00e9al. Je ne peux que recommander \u00e0 tous !<br \/>Petite note pour le salon dont l\u2019ambiance de mani\u00e8re g\u00e9n\u00e9ral n\u2019est comparable \u00e0 aucun autre !<\/p>\n<p>\u00a0\u00bb _builder_version=\u00a0\u00bb4.27.0&Prime; _module_preset=\u00a0\u00bbdefault\u00a0\u00bb title_font_size=\u00a0\u00bb24px\u00a0\u00bb desc_font_size=\u00a0\u00bb14px\u00a0\u00bb desc_letter_spacing=\u00a0\u00bb1px\u00a0\u00bb desc_line_height=\u00a0\u00bb1.6em\u00a0\u00bb global_colors_info=\u00a0\u00bb{}\u00a0\u00bb][\/dipi_carousel_child][dipi_carousel_child label=\u00a0\u00bbAvis #6&Prime; title_text=\u00a0\u00bbALICE\u00a0\u00bb desc_text=\u00a0\u00bb<\/p>\n<div>En plus d\u2019un super accueil et d\u2019un personnel adorable, Alex a su \u00e9couter exactement ce que je souhaitais et m\u2019a fait des suggestions qui ont d\u00e9pass\u00e9 mes attentes! Je suis ravie de ma coupe \ud83d\ude42<\/div>\n<p>\u00a0\u00bb _builder_version=\u00a0\u00bb4.27.0&Prime; _module_preset=\u00a0\u00bbdefault\u00a0\u00bb title_font_size=\u00a0\u00bb24px\u00a0\u00bb desc_font_size=\u00a0\u00bb14px\u00a0\u00bb desc_letter_spacing=\u00a0\u00bb1px\u00a0\u00bb desc_line_height=\u00a0\u00bb1.6em\u00a0\u00bb global_colors_info=\u00a0\u00bb{}\u00a0\u00bb][\/dipi_carousel_child][dipi_carousel_child label=\u00a0\u00bbAvis #7&Prime; title_text=\u00a0\u00bbRENALDO\u00a0\u00bb desc_text=\u00a0\u00bb<\/p>\n<p>Salon d\u00e9cal\u00e9, ambiance familiale, on se sent tr\u00e8s vite \u00e0 la maison, on peut venir autant pour une coupe standard qu&rsquo;une coupe et couleur extravagante, tout simplement g\u00e9nial<\/p>\n<p>\u00a0\u00bb _builder_version=\u00a0\u00bb4.27.0&Prime; _module_preset=\u00a0\u00bbdefault\u00a0\u00bb title_font_size=\u00a0\u00bb24px\u00a0\u00bb desc_font_size=\u00a0\u00bb14px\u00a0\u00bb desc_letter_spacing=\u00a0\u00bb1px\u00a0\u00bb desc_line_height=\u00a0\u00bb1.6em\u00a0\u00bb global_colors_info=\u00a0\u00bb{}\u00a0\u00bb][\/dipi_carousel_child][dipi_carousel_child label=\u00a0\u00bbAvis #8&Prime; title_text=\u00a0\u00bbVINCENT\u00a0\u00bb desc_text=\u00a0\u00bb<\/p>\n<p>Au top ! J&rsquo;y suis all\u00e9 sur recommandation et je suis tr\u00e8s content d&rsquo;avoir suivi ce conseil. Je sors rarement satisfait du coiffeur, voire jamais, et l\u00e0 j&rsquo;ai \u00e9t\u00e9 tr\u00e8s satisfait \u00e0 la fois du r\u00e9sultat et du service. J&rsquo;ai \u00e9t\u00e9 coiff\u00e9 par Candice qui a \u00e9t\u00e9 \u00e0 l&rsquo;\u00e9coute et tr\u00e8s cool tout du long. Et le reste de l&rsquo;\u00e9quipe a l&rsquo;air sympa. Bref, allez y <\/p>\n<p>\u00a0\u00bb _builder_version=\u00a0\u00bb4.27.0&Prime; _module_preset=\u00a0\u00bbdefault\u00a0\u00bb title_font_size=\u00a0\u00bb24px\u00a0\u00bb desc_font_size=\u00a0\u00bb14px\u00a0\u00bb desc_letter_spacing=\u00a0\u00bb1px\u00a0\u00bb desc_line_height=\u00a0\u00bb1.6em\u00a0\u00bb global_colors_info=\u00a0\u00bb{}\u00a0\u00bb][\/dipi_carousel_child][\/dipi_carousel][\/et_pb_column][\/et_pb_row][\/et_pb_section]<\/p>\n","protected":false},"excerpt":{"rendered":"<p><div class=\"et_pb_module dipi_button_grid dipi_button_grid_0\">\n\t\t\t\t\n\t\t\t\t\n\t\t\t\t\n\t\t\t\t\n\t\t\t\t\n\t\t\t\t\n\t\t\t\t<div class=\"et_pb_module_inner\">\n\t\t\t\t\t<div class=\"dipi-button-grid-container\">\n                \n            <\/div>\n\t\t\t\t<\/div>\n\t\t\t<\/div>Hybride et color\u00e9, notre salon de coiffure se situe dans le quartier populaire et alternatif derri\u00e8re la c\u00e9l\u00e8bre piscine du Rh\u00f4ne. Entour\u00e9 de commerces vari\u00e9s, il est le parfait endroit pour r\u00e9pondre \u00e0 toutes vos demandes. Proche de la Guilloti\u00e8re, venez vous faire coiffer avant d\u2019aller vous balader sur les quais du [&hellip;]<\/p>\n","protected":false},"author":3,"featured_media":0,"parent":336,"menu_order":0,"comment_status":"closed","ping_status":"closed","template":"","meta":{"_acf_changed":false,"_et_pb_use_builder":"on","_et_pb_old_content":"","_et_gb_content_width":"","footnotes":""},"dipi_cpt_category":[],"class_list":["post-343","page","type-page","status-publish","hentry"],"acf":[],"_links":{"self":[{"href":"https:\/\/2nd-face.com\/sf-staging\/wp-json\/wp\/v2\/pages\/343","targetHints":{"allow":["GET"]}}],"collection":[{"href":"https:\/\/2nd-face.com\/sf-staging\/wp-json\/wp\/v2\/pages"}],"about":[{"href":"https:\/\/2nd-face.com\/sf-staging\/wp-json\/wp\/v2\/types\/page"}],"author":[{"embeddable":true,"href":"https:\/\/2nd-face.com\/sf-staging\/wp-json\/wp\/v2\/users\/3"}],"replies":[{"embeddable":true,"href":"https:\/\/2nd-face.com\/sf-staging\/wp-json\/wp\/v2\/comments?post=343"}],"version-history":[{"count":43,"href":"https:\/\/2nd-face.com\/sf-staging\/wp-json\/wp\/v2\/pages\/343\/revisions"}],"predecessor-version":[{"id":8207,"href":"https:\/\/2nd-face.com\/sf-staging\/wp-json\/wp\/v2\/pages\/343\/revisions\/8207"}],"up":[{"embeddable":true,"href":"https:\/\/2nd-face.com\/sf-staging\/wp-json\/wp\/v2\/pages\/336"}],"wp:attachment":[{"href":"https:\/\/2nd-face.com\/sf-staging\/wp-json\/wp\/v2\/media?parent=343"}],"wp:term":[{"taxonomy":"dipi_cpt_category","embeddable":true,"href":"https:\/\/2nd-face.com\/sf-staging\/wp-json\/wp\/v2\/dipi_cpt_category?post=343"}],"curies":[{"name":"wp","href":"https:\/\/api.w.org\/{rel}","templated":true}]}}