{"id":5965,"date":"2021-06-29T05:47:47","date_gmt":"2021-06-29T04:47:47","guid":{"rendered":"https:\/\/secondface.dev-env.mrvt.digital\/?page_id=5965"},"modified":"2024-09-27T15:59:55","modified_gmt":"2024-09-27T14:59:55","slug":"reservation-second-face-merciere","status":"publish","type":"page","link":"https:\/\/2nd-face.com\/sf-staging\/reservation\/reservation-second-face-merciere\/","title":{"rendered":"R\u00e9servation : Second Face Merci\u00e8re"},"content":{"rendered":"<p>[et_pb_section fb_built=\u00a0\u00bb1&Prime; _builder_version=\u00a0\u00bb4.16&Prime; _module_preset=\u00a0\u00bbdefault\u00a0\u00bb global_colors_info=\u00a0\u00bb{}\u00a0\u00bb][et_pb_row column_structure=\u00a0\u00bb1_5,3_5,1_5&Prime; _builder_version=\u00a0\u00bb4.16&Prime; _module_preset=\u00a0\u00bbdefault\u00a0\u00bb locked=\u00a0\u00bboff\u00a0\u00bb global_colors_info=\u00a0\u00bb{}\u00a0\u00bb][et_pb_column type=\u00a0\u00bb1_5&Prime; _builder_version=\u00a0\u00bb4.16&Prime; _module_preset=\u00a0\u00bbdefault\u00a0\u00bb global_colors_info=\u00a0\u00bb{}\u00a0\u00bb][\/et_pb_column][et_pb_column type=\u00a0\u00bb3_5&Prime; _builder_version=\u00a0\u00bb4.16&Prime; _module_preset=\u00a0\u00bbdefault\u00a0\u00bb global_colors_info=\u00a0\u00bb{}\u00a0\u00bb][et_pb_text _builder_version=\u00a0\u00bb4.27.0&Prime; _module_preset=\u00a0\u00bbdefault\u00a0\u00bb header_font=\u00a0\u00bbLyno Jean||||||||\u00a0\u00bb header_text_color=\u00a0\u00bbgcid-28622b26-271b-4766-94b5-1f080d25b55d\u00a0\u00bb custom_margin=\u00a0\u00bb||13px|||\u00a0\u00bb text_orientation_tablet=\u00a0\u00bbcenter\u00a0\u00bb text_orientation_phone=\u00a0\u00bb\u00a0\u00bb text_orientation_last_edited=\u00a0\u00bbon|tablet\u00a0\u00bb global_colors_info=\u00a0\u00bb{%22gcid-28622b26-271b-4766-94b5-1f080d25b55d%22:%91%22header_text_color%22%93}\u00a0\u00bb]<\/p>\n<h1>RESERVEZ VOTRE RENDEZ-VOUS AU SALON MERCI\u00c8RE<\/h1>\n<p>[\/et_pb_text][et_pb_text content_tablet=\u00a0\u00bb<\/p>\n<p><span style=%22font-size: x-large;%22><strong>SECOND FACE MERCI\u00c8RE<\/strong><\/span><\/p>\n<p>3 rue Merci\u00e8re, 69002 Lyon<br \/>04 78 42 95 46<\/p>\n<p>\u00a0\u00bb content_phone=\u00a0\u00bb<\/p>\n<p><span style=%22font-size: x-large;%22><strong>SECOND FACE MERCI\u00c8RE<\/strong><\/span><\/p>\n<p>3 rue Merci\u00e8re, 69002 Lyon<br \/>04 78 42 95 46<\/p>\n<p>\u00a0\u00bb content_last_edited=\u00a0\u00bboff|desktop\u00a0\u00bb disabled_on=\u00a0\u00bboff|off|off\u00a0\u00bb admin_label=\u00a0\u00bbInformations Salon\u00a0\u00bb _builder_version=\u00a0\u00bb4.27.0&Prime; text_font=\u00a0\u00bb&#8211;et_global_body_font|&#8211;et_global_body_font_weight|||||||\u00a0\u00bb text_text_color=\u00a0\u00bb#000000&Prime; text_font_size=\u00a0\u00bb14px\u00a0\u00bb text_letter_spacing=\u00a0\u00bb1px\u00a0\u00bb header_font=\u00a0\u00bbPlatform Medium||||||||\u00a0\u00bb header_line_height=\u00a0\u00bb1.4em\u00a0\u00bb header_5_font=\u00a0\u00bb&#8211;et_global_heading_font|||on|||||\u00a0\u00bb header_5_font_size=\u00a0\u00bb14px\u00a0\u00bb header_5_letter_spacing=\u00a0\u00bb1px\u00a0\u00bb header_5_line_height=\u00a0\u00bb1.4em\u00a0\u00bb custom_margin=\u00a0\u00bb||17px|||\u00a0\u00bb custom_padding=\u00a0\u00bb40px|0px|0px|0px|false|true\u00a0\u00bb header_font_size_tablet=\u00a0\u00bb\u00a0\u00bb header_font_size_phone=\u00a0\u00bb24px\u00a0\u00bb header_font_size_last_edited=\u00a0\u00bbon|phone\u00a0\u00bb text_orientation_tablet=\u00a0\u00bbcenter\u00a0\u00bb text_orientation_phone=\u00a0\u00bbcenter\u00a0\u00bb text_orientation_last_edited=\u00a0\u00bbon|desktop\u00a0\u00bb global_colors_info=\u00a0\u00bb{}\u00a0\u00bb]<\/p>\n<h5>Informations pratiques :<\/h5>\n<p>Adresse : 3 rue Merci\u00e8re, 69002 Lyon<br \/>T\u00e9l : 04 78 42 95 46<\/p>\n<p>[\/et_pb_text][et_pb_text disabled_on=\u00a0\u00bbon|on|on\u00a0\u00bb _builder_version=\u00a0\u00bb4.16&Prime; _module_preset=\u00a0\u00bbdefault\u00a0\u00bb link_text_color=\u00a0\u00bbgcid-f69ff1f4-6579-4a0a-9d2c-c4ea7cad4d93&Prime; custom_margin=\u00a0\u00bb||11px|||\u00a0\u00bb disabled=\u00a0\u00bbon\u00a0\u00bb global_colors_info=\u00a0\u00bb{%22gcid-f69ff1f4-6579-4a0a-9d2c-c4ea7cad4d93%22:%91%22link_text_color%22%93}\u00a0\u00bb]<\/p>\n<p>Les prestations disponibles \u00e0 la r\u00e9servation en ligne sont <strong><span style=\"color: #f65f2e;\">les coupes, les coiffages et les brushings.<\/span><\/strong><br \/>Pour planifier votre rendez-vous colorations, d\u00e9colorations et soins profonds, nous vous invitons \u00e0 nous contacter par t\u00e9l\u00e9phone au <a href=\"tel:0478429546\">04 78 42 95 46<\/a><\/p>\n<p>[\/et_pb_text][et_pb_text disabled_on=\u00a0\u00bbon|on|on\u00a0\u00bb _builder_version=\u00a0\u00bb4.16&Prime; _module_preset=\u00a0\u00bbdefault\u00a0\u00bb link_text_color=\u00a0\u00bbgcid-f69ff1f4-6579-4a0a-9d2c-c4ea7cad4d93&Prime; custom_margin=\u00a0\u00bb||11px|||\u00a0\u00bb disabled=\u00a0\u00bbon\u00a0\u00bb global_colors_info=\u00a0\u00bb{%22gcid-f69ff1f4-6579-4a0a-9d2c-c4ea7cad4d93%22:%91%22link_text_color%22%93}\u00a0\u00bb]<\/p>\n<p><strong>LONGUEUR DE VOS CHEVEUX (apr\u00e8s la coupe !)<\/strong><br \/>Pour les brushings, les dur\u00e9e et tarifs de la prestation varient selon la longueur de vos cheveux.<br \/>Merci de consulter nos sch\u00e9mas : courts, mi-longs, longs et s\u00e9lectionner la longueur ad\u00e9quate.<br \/>Si vos cheveux sont plus longs que sur le sch\u00e9ma cheveux longs, merci de contacter le salon par t\u00e9l\u00e9phone pour prendre votre rendez-vous.<\/p>\n<p>[\/et_pb_text][et_pb_tabs active_tab_background_color=\u00a0\u00bb#FFFFFF\u00a0\u00bb inactive_tab_background_color=\u00a0\u00bb#FFFFFF\u00a0\u00bb active_tab_text_color=\u00a0\u00bbgcid-f69ff1f4-6579-4a0a-9d2c-c4ea7cad4d93&Prime; disabled_on=\u00a0\u00bbon|on|on\u00a0\u00bb _builder_version=\u00a0\u00bb4.16&Prime; _module_preset=\u00a0\u00bbdefault\u00a0\u00bb tab_text_color=\u00a0\u00bb#000000&Prime; tab_font=\u00a0\u00bbPlatform Regular|||on|||||\u00a0\u00bb tab_letter_spacing=\u00a0\u00bb1px\u00a0\u00bb disabled=\u00a0\u00bbon\u00a0\u00bb locked=\u00a0\u00bboff\u00a0\u00bb global_colors_info=\u00a0\u00bb{%22gcid-f69ff1f4-6579-4a0a-9d2c-c4ea7cad4d93%22:%91%22active_tab_text_color%22%93}\u00a0\u00bb][et_pb_tab title=\u00a0\u00bbCheveux courts\u00a0\u00bb _builder_version=\u00a0\u00bb4.16&Prime; _module_preset=\u00a0\u00bbdefault\u00a0\u00bb global_colors_info=\u00a0\u00bb{}\u00a0\u00bb]<\/p>\n<p style=\"text-align: center;\"><strong>CHEVEUX COURTS<\/strong><\/p>\n<p style=\"text-align: center;\">Des cheveux ras\u00e9s au carr\u00e9 court au niveau de l\u2019oreille, au-dessus du lobe.<\/p>\n<p style=\"text-align: left;\"><img loading=\"lazy\" decoding=\"async\" src=\"https:\/\/2nd-face.com\/sf-staging\/wp-content\/uploads\/2021\/05\/cheveux-courts-second-face.jpg\" width=\"312\" height=\"156\" alt=\"- Second Face\" class=\"wp-image-5872 alignnone size-full\" style=\"display: block; margin-left: auto; margin-right: auto;\" title=\"- Second Face\" srcset=\"https:\/\/2nd-face.com\/sf-staging\/wp-content\/uploads\/2021\/05\/cheveux-courts-second-face.jpg 312w, https:\/\/2nd-face.com\/sf-staging\/wp-content\/uploads\/2021\/05\/cheveux-courts-second-face-300x150.jpg 300w\" sizes=\"(max-width: 312px) 100vw, 312px\" \/><\/p>\n<p>[\/et_pb_tab][et_pb_tab title=\u00a0\u00bbCheveux mi-longs\u00a0\u00bb _builder_version=\u00a0\u00bb4.16&Prime; _module_preset=\u00a0\u00bbdefault\u00a0\u00bb global_colors_info=\u00a0\u00bb{}\u00a0\u00bb]<\/p>\n<p style=\"text-align: center;\"><strong>CHEVEUX MI-LONGS<\/strong><\/p>\n<p style=\"text-align: center;\">Du carr\u00e9 au-dessous du lobe de l\u2019oreille au niveau l\u00e9g\u00e8rement sous les \u00e9paules.<\/p>\n<p style=\"text-align: left;\"><img loading=\"lazy\" decoding=\"async\" src=\"https:\/\/2nd-face.com\/sf-staging\/wp-content\/uploads\/2021\/05\/cheveux-mi-longs-second-face.jpg\" width=\"312\" height=\"156\" alt=\"- Second Face\" class=\"wp-image-5871 alignnone size-full\" style=\"display: block; margin-left: auto; margin-right: auto;\" title=\"- Second Face\" srcset=\"https:\/\/2nd-face.com\/sf-staging\/wp-content\/uploads\/2021\/05\/cheveux-mi-longs-second-face.jpg 312w, https:\/\/2nd-face.com\/sf-staging\/wp-content\/uploads\/2021\/05\/cheveux-mi-longs-second-face-300x150.jpg 300w\" sizes=\"(max-width: 312px) 100vw, 312px\" \/><\/p>\n<p>[\/et_pb_tab][et_pb_tab title=\u00a0\u00bbCheveux longs\u00a0\u00bb _builder_version=\u00a0\u00bb4.16&Prime; _module_preset=\u00a0\u00bbdefault\u00a0\u00bb global_colors_info=\u00a0\u00bb{}\u00a0\u00bb]<\/p>\n<p style=\"text-align: center;\"><strong>CHEVEUX LONGS<\/strong><\/p>\n<p style=\"text-align: center;\">De la longueur en dessous des \u00e9paules au niveau de l\u2019attache du soutien-gorge.<\/p>\n<p><img loading=\"lazy\" decoding=\"async\" src=\"https:\/\/2nd-face.com\/sf-staging\/wp-content\/uploads\/2021\/05\/cheveux-longs-second-face.jpg\" width=\"312\" height=\"156\" alt=\"- Second Face\" class=\"wp-image-5870 alignnone size-full\" style=\"display: block; margin-left: auto; margin-right: auto;\" title=\"- Second Face\" srcset=\"https:\/\/2nd-face.com\/sf-staging\/wp-content\/uploads\/2021\/05\/cheveux-longs-second-face.jpg 312w, https:\/\/2nd-face.com\/sf-staging\/wp-content\/uploads\/2021\/05\/cheveux-longs-second-face-300x150.jpg 300w\" sizes=\"(max-width: 312px) 100vw, 312px\" \/><\/p>\n<p>[\/et_pb_tab][\/et_pb_tabs][et_pb_code _builder_version=\u00a0\u00bb4.18.0&Prime; _module_preset=\u00a0\u00bbdefault\u00a0\u00bb global_colors_info=\u00a0\u00bb{}\u00a0\u00bb]<script><!-- [et_pb_line_break_holder] -->    window.planity = {<!-- [et_pb_line_break_holder] -->        key: '-M7DCVj5plcX1VQ90Gt3',<!-- [et_pb_line_break_holder] -->        primaryColor: '#000'<!-- [et_pb_line_break_holder] -->    };<!-- [et_pb_line_break_holder] --><\/script><!-- [et_pb_line_break_holder] --><script src=\"https:\/\/d2skjte8udjqxw.cloudfront.net\/widget\/production\/polyfills.latest.js\"><\/script><!-- [et_pb_line_break_holder] --><script src=\"https:\/\/d2skjte8udjqxw.cloudfront.net\/widget\/production\/app.latest.js\"><\/script>[\/et_pb_code][\/et_pb_column][et_pb_column type=\u00a0\u00bb1_5&Prime; _builder_version=\u00a0\u00bb4.16&Prime; _module_preset=\u00a0\u00bbdefault\u00a0\u00bb global_colors_info=\u00a0\u00bb{}\u00a0\u00bb][\/et_pb_column][\/et_pb_row][\/et_pb_section]<\/p>\n","protected":false},"excerpt":{"rendered":"<p>RESERVEZ VOTRE RENDEZ-VOUS AU SALON MERCI\u00c8REInformations pratiques : Adresse : 3 rue Merci\u00e8re, 69002 LyonT\u00e9l : 04 78 42 95 46Les prestations disponibles \u00e0 la r\u00e9servation en ligne sont les coupes, les coiffages et les brushings.Pour planifier votre rendez-vous colorations, d\u00e9colorations et soins profonds, nous vous invitons \u00e0 nous contacter par t\u00e9l\u00e9phone au 04 78 [&hellip;]<\/p>\n","protected":false},"author":1,"featured_media":0,"parent":5887,"menu_order":0,"comment_status":"closed","ping_status":"closed","template":"","meta":{"_acf_changed":false,"_et_pb_use_builder":"on","_et_pb_old_content":"","_et_gb_content_width":"","footnotes":""},"dipi_cpt_category":[],"class_list":["post-5965","page","type-page","status-publish","hentry"],"acf":[],"_links":{"self":[{"href":"https:\/\/2nd-face.com\/sf-staging\/wp-json\/wp\/v2\/pages\/5965","targetHints":{"allow":["GET"]}}],"collection":[{"href":"https:\/\/2nd-face.com\/sf-staging\/wp-json\/wp\/v2\/pages"}],"about":[{"href":"https:\/\/2nd-face.com\/sf-staging\/wp-json\/wp\/v2\/types\/page"}],"author":[{"embeddable":true,"href":"https:\/\/2nd-face.com\/sf-staging\/wp-json\/wp\/v2\/users\/1"}],"replies":[{"embeddable":true,"href":"https:\/\/2nd-face.com\/sf-staging\/wp-json\/wp\/v2\/comments?post=5965"}],"version-history":[{"count":14,"href":"https:\/\/2nd-face.com\/sf-staging\/wp-json\/wp\/v2\/pages\/5965\/revisions"}],"predecessor-version":[{"id":7542,"href":"https:\/\/2nd-face.com\/sf-staging\/wp-json\/wp\/v2\/pages\/5965\/revisions\/7542"}],"up":[{"embeddable":true,"href":"https:\/\/2nd-face.com\/sf-staging\/wp-json\/wp\/v2\/pages\/5887"}],"wp:attachment":[{"href":"https:\/\/2nd-face.com\/sf-staging\/wp-json\/wp\/v2\/media?parent=5965"}],"wp:term":[{"taxonomy":"dipi_cpt_category","embeddable":true,"href":"https:\/\/2nd-face.com\/sf-staging\/wp-json\/wp\/v2\/dipi_cpt_category?post=5965"}],"curies":[{"name":"wp","href":"https:\/\/api.w.org\/{rel}","templated":true}]}}