{"id":6300,"date":"2022-10-06T06:39:46","date_gmt":"2022-10-06T05:39:46","guid":{"rendered":"https:\/\/2nd-face.com\/sf-staging\/?page_id=6300"},"modified":"2025-09-15T15:29:16","modified_gmt":"2025-09-15T14:29:16","slug":"lequipe-coiffeur-coiffeuse","status":"publish","type":"page","link":"https:\/\/2nd-face.com\/sf-staging\/lequipe-coiffeur-coiffeuse\/","title":{"rendered":"Team"},"content":{"rendered":"<p>[et_pb_section fb_built=\u00a0\u00bb1&Prime; custom_padding_last_edited=\u00a0\u00bbon|phone\u00a0\u00bb _builder_version=\u00a0\u00bb4.27.0&Prime; _module_preset=\u00a0\u00bbdefault\u00a0\u00bb custom_padding=\u00a0\u00bb48px||64px||false|false\u00a0\u00bb custom_padding_tablet=\u00a0\u00bb||48px||false|false\u00a0\u00bb custom_padding_phone=\u00a0\u00bb8px||||false|false\u00a0\u00bb locked=\u00a0\u00bboff\u00a0\u00bb global_colors_info=\u00a0\u00bb{}\u00a0\u00bb][et_pb_row column_structure=\u00a0\u00bb2_5,3_5&Prime; use_custom_gutter=\u00a0\u00bbon\u00a0\u00bb gutter_width=\u00a0\u00bb2&Prime; make_equal=\u00a0\u00bbon\u00a0\u00bb _builder_version=\u00a0\u00bb4.27.4&Prime; _module_preset=\u00a0\u00bbdefault\u00a0\u00bb width_tablet=\u00a0\u00bb80%\u00a0\u00bb width_phone=\u00a0\u00bb95%\u00a0\u00bb width_last_edited=\u00a0\u00bbon|phone\u00a0\u00bb module_alignment=\u00a0\u00bbcenter\u00a0\u00bb custom_margin=\u00a0\u00bb0px|0px|0px|0px|true|true\u00a0\u00bb custom_padding=\u00a0\u00bb0px|0px|0px|0px|true|true\u00a0\u00bb global_colors_info=\u00a0\u00bb{}\u00a0\u00bb][et_pb_column type=\u00a0\u00bb2_5&Prime; _builder_version=\u00a0\u00bb4.27.0&Prime; _module_preset=\u00a0\u00bbdefault\u00a0\u00bb animation_style=\u00a0\u00bbslide\u00a0\u00bb animation_direction=\u00a0\u00bbbottom\u00a0\u00bb global_colors_info=\u00a0\u00bb{}\u00a0\u00bb][et_pb_image src=\u00a0\u00bbhttps:\/\/2nd-face.com\/sf-staging\/wp-content\/uploads\/2024\/11\/Second-Face_SF_Confluence_Groupe-2436.jpg\u00a0\u00bb title_text=\u00a0\u00bbSecond-Face_SF_Confluence_Groupe-2436&Prime; align=\u00a0\u00bbcenter\u00a0\u00bb src_tablet=\u00a0\u00bbhttps:\/\/2nd-face.com\/sf-staging\/wp-content\/uploads\/2024\/08\/Preview-1392-Grande.jpeg\u00a0\u00bb src_phone=\u00a0\u00bbhttps:\/\/2nd-face.com\/sf-staging\/wp-content\/uploads\/2024\/08\/Preview-1392-Grande.jpeg\u00a0\u00bb src_last_edited=\u00a0\u00bboff|phone\u00a0\u00bb module_id=\u00a0\u00bbintro\u00a0\u00bb _builder_version=\u00a0\u00bb4.27.2&Prime; _module_preset=\u00a0\u00bbdefault\u00a0\u00bb height_last_edited=\u00a0\u00bboff|phone\u00a0\u00bb border_radii=\u00a0\u00bbon|8px|8px|8px|8px\u00a0\u00bb global_colors_info=\u00a0\u00bb{}\u00a0\u00bb][\/et_pb_image][\/et_pb_column][et_pb_column type=\u00a0\u00bb3_5&Prime; _builder_version=\u00a0\u00bb4.27.0&Prime; _module_preset=\u00a0\u00bbdefault\u00a0\u00bb transform_scale_tablet=\u00a0\u00bb\u00a0\u00bb transform_scale_phone=\u00a0\u00bb\u00a0\u00bb transform_scale_last_edited=\u00a0\u00bbon|tablet\u00a0\u00bb transform_translate_tablet=\u00a0\u00bb0px|0px\u00a0\u00bb transform_translate_phone=\u00a0\u00bb0px|0px\u00a0\u00bb transform_translate_last_edited=\u00a0\u00bbon|desktop\u00a0\u00bb transform_translate_linked=\u00a0\u00bboff\u00a0\u00bb transform_rotate_tablet=\u00a0\u00bb\u00a0\u00bb transform_rotate_phone=\u00a0\u00bb\u00a0\u00bb transform_rotate_last_edited=\u00a0\u00bbon|tablet\u00a0\u00bb transform_skew_tablet=\u00a0\u00bb\u00a0\u00bb transform_skew_phone=\u00a0\u00bb\u00a0\u00bb transform_skew_last_edited=\u00a0\u00bbon|tablet\u00a0\u00bb transform_origin_tablet=\u00a0\u00bb\u00a0\u00bb transform_origin_phone=\u00a0\u00bb\u00a0\u00bb transform_origin_last_edited=\u00a0\u00bbon|tablet\u00a0\u00bb transform_styles_last_edited=\u00a0\u00bbon|desktop\u00a0\u00bb animation_style=\u00a0\u00bbslide\u00a0\u00bb animation_direction=\u00a0\u00bbtop\u00a0\u00bb transform_styles_tablet=\u00a0\u00bb\u00a0\u00bb transform_styles_phone=\u00a0\u00bb\u00a0\u00bb global_colors_info=\u00a0\u00bb{}\u00a0\u00bb][et_pb_text _builder_version=\u00a0\u00bb4.27.4&Prime; _module_preset=\u00a0\u00bbdefault\u00a0\u00bb text_font=\u00a0\u00bbLyno Jean|600||on|||||\u00a0\u00bb text_text_color=\u00a0\u00bbgcid-ea47b4d6-5b88-4770-bf01-5cdb469a7446&Prime; text_font_size=\u00a0\u00bb32px\u00a0\u00bb text_letter_spacing=\u00a0\u00bb1px\u00a0\u00bb text_line_height=\u00a0\u00bb1.4em\u00a0\u00bb custom_margin=\u00a0\u00bb16px||16px||true|false\u00a0\u00bb global_colors_info=\u00a0\u00bb{%22gcid-ea47b4d6-5b88-4770-bf01-5cdb469a7446%22:%91%22text_text_color%22%93}\u00a0\u00bb]<\/p>\n<p>NOTRE TEAM DE COIFFEURS ET COIFFEUSES CHEZ SECOND FACE\u00a0<\/p>\n<p>[\/et_pb_text][et_pb_text _builder_version=\u00a0\u00bb4.27.4&Prime; text_font=\u00a0\u00bb||||||||\u00a0\u00bb link_font=\u00a0\u00bb||||on|||#000000|\u00a0\u00bb text_font_size_tablet=\u00a0\u00bb14px\u00a0\u00bb text_font_size_phone=\u00a0\u00bb12px\u00a0\u00bb text_font_size_last_edited=\u00a0\u00bbon|phone\u00a0\u00bb text_text_align=\u00a0\u00bbcenter\u00a0\u00bb global_colors_info=\u00a0\u00bb{}\u00a0\u00bb]Chez Second Face, nous sommes bien plus qu\u2019une \u00e9quipe de coiffeurs ; nous sommes une v\u00e9ritable communaut\u00e9 de passionn\u00e9s, d\u00e9di\u00e9e \u00e0 r\u00e9v\u00e9ler la singularit\u00e9 de chaque personne. Notre team compos\u00e9e de talents cr\u00e9atifs et avant-gardistes est \u00e0 l\u2019\u00e9coute de vos projets.[\/et_pb_text][et_pb_text _builder_version=\u00a0\u00bb4.27.4&Prime; text_font=\u00a0\u00bb||||||||\u00a0\u00bb link_font=\u00a0\u00bb||||on|||#000000|\u00a0\u00bb text_font_size_tablet=\u00a0\u00bb14px\u00a0\u00bb text_font_size_phone=\u00a0\u00bb12px\u00a0\u00bb text_font_size_last_edited=\u00a0\u00bbon|phone\u00a0\u00bb text_text_align=\u00a0\u00bbcenter\u00a0\u00bb global_colors_info=\u00a0\u00bb{}\u00a0\u00bb]<\/p>\n<h2>Des coiffeurs cr\u00e9atifs et passionn\u00e9s<\/h2>\n<p> Nous croyons que chaque personne est singuli\u00e8re, avec son propre style et sa personnalit\u00e9. C\u2019est pourquoi nous nous engageons \u00e0 vous offrir une exp\u00e9rience sur mesure, adapt\u00e9e \u00e0 votre originalit\u00e9. Nous nous inspirons des tendances actuelles que nous observons dans la rue, ainsi que des influences culturelles et artistiques, pour vous proposer des coupes audacieuses et des colorations innovantes qui refl\u00e8tent votre essence.[\/et_pb_text][et_pb_text _builder_version=\u00a0\u00bb4.27.4&Prime; text_font=\u00a0\u00bb||||||||\u00a0\u00bb link_font=\u00a0\u00bb||||on|||#000000|\u00a0\u00bb text_font_size_tablet=\u00a0\u00bb14px\u00a0\u00bb text_font_size_phone=\u00a0\u00bb12px\u00a0\u00bb text_font_size_last_edited=\u00a0\u00bbon|phone\u00a0\u00bb text_text_align=\u00a0\u00bbcenter\u00a0\u00bb global_colors_info=\u00a0\u00bb{}\u00a0\u00bb]<\/p>\n<h2>Notre engagement pour vos cheveux<\/h2>\n<p>Nous restons \u00e0 l\u2019aff\u00fbt des derni\u00e8res tendances et techniques en coiffure, tout en respectant votre identit\u00e9. Nous mettons un point d\u2019honneur \u00e0 cr\u00e9er un environnement chaleureux et accueillant, o\u00f9 vous vous sentirez en confiance pour exprimer vos d\u00e9sirs.[\/et_pb_text][\/et_pb_column][\/et_pb_row][\/et_pb_section][et_pb_section fb_built=\u00a0\u00bb1&Prime; _builder_version=\u00a0\u00bb4.27.4&Prime; _module_preset=\u00a0\u00bbdefault\u00a0\u00bb global_colors_info=\u00a0\u00bb{}\u00a0\u00bb][et_pb_row admin_label=\u00a0\u00bbTitre &#8211; Nos talents du salon Merci\u00e8re\u00a0\u00bb _builder_version=\u00a0\u00bb4.27.4&Prime; _module_preset=\u00a0\u00bbdefault\u00a0\u00bb collapsed=\u00a0\u00bbon\u00a0\u00bb global_colors_info=\u00a0\u00bb{}\u00a0\u00bb][et_pb_column type=\u00a0\u00bb4_4&Prime; _builder_version=\u00a0\u00bb4.27.4&Prime; _module_preset=\u00a0\u00bbdefault\u00a0\u00bb global_colors_info=\u00a0\u00bb{}\u00a0\u00bb][et_pb_text _builder_version=\u00a0\u00bb4.27.4&Prime; _module_preset=\u00a0\u00bbdefault\u00a0\u00bb custom_margin=\u00a0\u00bb||16px||false|false\u00a0\u00bb global_colors_info=\u00a0\u00bb{}\u00a0\u00bb]<\/p>\n<h2>Chaque talent \u00e0 son univers<\/h2>\n<p>[\/et_pb_text][et_pb_text _builder_version=\u00a0\u00bb4.27.4&Prime; _module_preset=\u00a0\u00bbdefault\u00a0\u00bb text_font=\u00a0\u00bb|700||on|||||\u00a0\u00bb text_text_color=\u00a0\u00bb#000000&Prime; custom_margin=\u00a0\u00bb||8px||false|false\u00a0\u00bb global_colors_info=\u00a0\u00bb{}\u00a0\u00bb]Nos talents du Salon Merci\u00e8re [\/et_pb_text][et_pb_button button_url=\u00a0\u00bbhttp:\/\/Acc\u00e9dez%20au%20salon\u00a0\u00bb button_text=\u00a0\u00bbAcc\u00e9dez au salon\u00a0\u00bb button_alignment=\u00a0\u00bbleft\u00a0\u00bb _builder_version=\u00a0\u00bb4.27.4&Prime; _module_preset=\u00a0\u00bbdefault\u00a0\u00bb button_text_size=\u00a0\u00bb12px\u00a0\u00bb custom_margin=\u00a0\u00bb||0px||false|false\u00a0\u00bb global_colors_info=\u00a0\u00bb{}\u00a0\u00bb][\/et_pb_button][\/et_pb_column][\/et_pb_row][et_pb_row admin_label=\u00a0\u00bbSlider\u00a0\u00bb _builder_version=\u00a0\u00bb4.27.4&Prime; _module_preset=\u00a0\u00bbdefault\u00a0\u00bb width=\u00a0\u00bb100%\u00a0\u00bb custom_margin=\u00a0\u00bb||||false|false\u00a0\u00bb custom_padding=\u00a0\u00bb0px||0px||false|false\u00a0\u00bb collapsed=\u00a0\u00bbon\u00a0\u00bb global_colors_info=\u00a0\u00bb{}\u00a0\u00bb][et_pb_column type=\u00a0\u00bb4_4&Prime; _builder_version=\u00a0\u00bb4.27.4&Prime; _module_preset=\u00a0\u00bbdefault\u00a0\u00bb global_colors_info=\u00a0\u00bb{}\u00a0\u00bb][dipi_carousel space_between=\u00a0\u00bb32&Prime; speed=\u00a0\u00bb5000&Prime; loop_wide=\u00a0\u00bbon\u00a0\u00bb autoplay_wide=\u00a0\u00bbon\u00a0\u00bb continues_wide=\u00a0\u00bbon\u00a0\u00bb pause_on_hover_wide=\u00a0\u00bbon\u00a0\u00bb autoplay_speed_wide=\u00a0\u00bb3000&Prime; loop_mid=\u00a0\u00bbon\u00a0\u00bb autoplay_mid=\u00a0\u00bbon\u00a0\u00bb autoplay_speed_mid=\u00a0\u00bb9001&Prime; loop_small=\u00a0\u00bbon\u00a0\u00bb autoplay_small=\u00a0\u00bbon\u00a0\u00bb carousel_icon_align=\u00a0\u00bbcenter\u00a0\u00bb admin_label=\u00a0\u00bbSlider &#8211; Coiffeur \/ Salon Merci\u00e8re\u00a0\u00bb _builder_version=\u00a0\u00bb4.27.4&Prime; _module_preset=\u00a0\u00bbdefault\u00a0\u00bb title_font=\u00a0\u00bb|&#8211;et_global_heading_font_weight||on|||||\u00a0\u00bb title_text_align=\u00a0\u00bbleft\u00a0\u00bb title_font_size=\u00a0\u00bb20px\u00a0\u00bb title_line_height=\u00a0\u00bb100%\u00a0\u00bb desc_text_align=\u00a0\u00bbleft\u00a0\u00bb desc_font_size=\u00a0\u00bb14px\u00a0\u00bb desc_line_height=\u00a0\u00bb150%\u00a0\u00bb border_radii_item=\u00a0\u00bbon|8px|8px|8px|8px\u00a0\u00bb global_colors_info=\u00a0\u00bb{}\u00a0\u00bb][dipi_carousel_child label=\u00a0\u00bbPersonne\u00a0\u00bb img_src=\u00a0\u00bbhttps:\/\/2nd-face.com\/sf-staging\/wp-content\/uploads\/2025\/09\/9.jpg\u00a0\u00bb title_text=\u00a0\u00bbNICO\u00a0\u00bb _builder_version=\u00a0\u00bb4.27.4&Prime; _module_preset=\u00a0\u00bbdefault\u00a0\u00bb global_colors_info=\u00a0\u00bb{}\u00a0\u00bb][\/dipi_carousel_child][dipi_carousel_child label=\u00a0\u00bbPersonne\u00a0\u00bb img_src=\u00a0\u00bbhttps:\/\/2nd-face.com\/sf-staging\/wp-content\/uploads\/2025\/09\/12.jpg\u00a0\u00bb title_text=\u00a0\u00bbJUDITH\u00a0\u00bb _builder_version=\u00a0\u00bb4.27.4&Prime; _module_preset=\u00a0\u00bbdefault\u00a0\u00bb global_colors_info=\u00a0\u00bb{}\u00a0\u00bb][\/dipi_carousel_child][dipi_carousel_child label=\u00a0\u00bbPersonne\u00a0\u00bb img_src=\u00a0\u00bbhttps:\/\/2nd-face.com\/sf-staging\/wp-content\/uploads\/2025\/09\/11.jpg\u00a0\u00bb title_text=\u00a0\u00bbJULIETTE\u00a0\u00bb _builder_version=\u00a0\u00bb4.27.4&Prime; _module_preset=\u00a0\u00bbdefault\u00a0\u00bb global_colors_info=\u00a0\u00bb{}\u00a0\u00bb][\/dipi_carousel_child][dipi_carousel_child label=\u00a0\u00bbPersonne\u00a0\u00bb img_src=\u00a0\u00bbhttps:\/\/2nd-face.com\/sf-staging\/wp-content\/uploads\/2025\/09\/10.jpg\u00a0\u00bb title_text=\u00a0\u00bbVINCENT\u00a0\u00bb _builder_version=\u00a0\u00bb4.27.4&Prime; _module_preset=\u00a0\u00bbdefault\u00a0\u00bb global_colors_info=\u00a0\u00bb{}\u00a0\u00bb][\/dipi_carousel_child][\/dipi_carousel][\/et_pb_column][\/et_pb_row][et_pb_row admin_label=\u00a0\u00bbTitre &#8211; Nos talents du salon Vitet\u00a0\u00bb _builder_version=\u00a0\u00bb4.27.4&Prime; _module_preset=\u00a0\u00bbdefault\u00a0\u00bb collapsed=\u00a0\u00bbon\u00a0\u00bb global_colors_info=\u00a0\u00bb{}\u00a0\u00bb][et_pb_column type=\u00a0\u00bb4_4&Prime; _builder_version=\u00a0\u00bb4.27.4&Prime; _module_preset=\u00a0\u00bbdefault\u00a0\u00bb global_colors_info=\u00a0\u00bb{}\u00a0\u00bb][et_pb_text _builder_version=\u00a0\u00bb4.27.4&Prime; _module_preset=\u00a0\u00bbdefault\u00a0\u00bb text_font=\u00a0\u00bb|700||on|||||\u00a0\u00bb text_text_color=\u00a0\u00bb#000000&Prime; custom_margin=\u00a0\u00bb||8px||false|false\u00a0\u00bb global_colors_info=\u00a0\u00bb{}\u00a0\u00bb]<\/p>\n<p>Nos talents du Salon Vitet<\/p>\n<p>[\/et_pb_text][et_pb_button button_url=\u00a0\u00bb@ET-DC@eyJkeW5hbWljIjp0cnVlLCJjb250ZW50IjoicG9zdF9saW5rX3VybF9wYWdlIiwic2V0dGluZ3MiOnsicG9zdF9pZCI6IjM0NiJ9fQ==@\u00a0\u00bb button_text=\u00a0\u00bbAcc\u00e9dez au salon\u00a0\u00bb button_alignment=\u00a0\u00bbleft\u00a0\u00bb _builder_version=\u00a0\u00bb4.27.4&Prime; _dynamic_attributes=\u00a0\u00bbbutton_url\u00a0\u00bb _module_preset=\u00a0\u00bbdefault\u00a0\u00bb button_text_size=\u00a0\u00bb12px\u00a0\u00bb custom_margin=\u00a0\u00bb||0px||false|false\u00a0\u00bb global_colors_info=\u00a0\u00bb{}\u00a0\u00bb][\/et_pb_button][\/et_pb_column][\/et_pb_row][et_pb_row admin_label=\u00a0\u00bbSlider\u00a0\u00bb _builder_version=\u00a0\u00bb4.27.4&Prime; _module_preset=\u00a0\u00bbdefault\u00a0\u00bb width=\u00a0\u00bb100%\u00a0\u00bb custom_margin=\u00a0\u00bb||||false|false\u00a0\u00bb custom_padding=\u00a0\u00bb0px||0px||false|false\u00a0\u00bb collapsed=\u00a0\u00bbon\u00a0\u00bb global_colors_info=\u00a0\u00bb{}\u00a0\u00bb][et_pb_column type=\u00a0\u00bb4_4&Prime; _builder_version=\u00a0\u00bb4.27.4&Prime; _module_preset=\u00a0\u00bbdefault\u00a0\u00bb global_colors_info=\u00a0\u00bb{}\u00a0\u00bb][dipi_carousel space_between=\u00a0\u00bb32&Prime; speed=\u00a0\u00bb5000&Prime; loop_wide=\u00a0\u00bbon\u00a0\u00bb autoplay_wide=\u00a0\u00bbon\u00a0\u00bb continues_wide=\u00a0\u00bbon\u00a0\u00bb pause_on_hover_wide=\u00a0\u00bbon\u00a0\u00bb autoplay_speed_wide=\u00a0\u00bb3000&Prime; loop_mid=\u00a0\u00bbon\u00a0\u00bb autoplay_mid=\u00a0\u00bbon\u00a0\u00bb autoplay_speed_mid=\u00a0\u00bb9001&Prime; loop_small=\u00a0\u00bbon\u00a0\u00bb autoplay_small=\u00a0\u00bbon\u00a0\u00bb carousel_icon_align=\u00a0\u00bbcenter\u00a0\u00bb admin_label=\u00a0\u00bbSlider &#8211; Coiffeur \/ Salon Merci\u00e8re\u00a0\u00bb _builder_version=\u00a0\u00bb4.27.4&Prime; _module_preset=\u00a0\u00bbdefault\u00a0\u00bb title_font=\u00a0\u00bb|&#8211;et_global_heading_font_weight||on|||||\u00a0\u00bb title_text_align=\u00a0\u00bbleft\u00a0\u00bb title_font_size=\u00a0\u00bb20px\u00a0\u00bb title_line_height=\u00a0\u00bb100%\u00a0\u00bb desc_text_align=\u00a0\u00bbleft\u00a0\u00bb desc_font_size=\u00a0\u00bb14px\u00a0\u00bb desc_line_height=\u00a0\u00bb150%\u00a0\u00bb hover_enabled=\u00a0\u00bb0&Prime; border_radii_item=\u00a0\u00bbon|8px|8px|8px|8px\u00a0\u00bb global_colors_info=\u00a0\u00bb{}\u00a0\u00bb sticky_enabled=\u00a0\u00bb0&Prime;][dipi_carousel_child label=\u00a0\u00bbPersonne\u00a0\u00bb img_src=\u00a0\u00bbhttps:\/\/2nd-face.com\/sf-staging\/wp-content\/uploads\/2025\/09\/1-6.jpg\u00a0\u00bb title_text=\u00a0\u00bbANTOINE\u00a0\u00bb _builder_version=\u00a0\u00bb4.27.4&Prime; _module_preset=\u00a0\u00bbdefault\u00a0\u00bb global_colors_info=\u00a0\u00bb{}\u00a0\u00bb][\/dipi_carousel_child][dipi_carousel_child label=\u00a0\u00bbPersonne\u00a0\u00bb img_src=\u00a0\u00bbhttps:\/\/2nd-face.com\/sf-staging\/wp-content\/uploads\/2025\/09\/2-6.jpg\u00a0\u00bb title_text=\u00a0\u00bbL\u00c9A\u00a0\u00bb _builder_version=\u00a0\u00bb4.27.4&Prime; _module_preset=\u00a0\u00bbdefault\u00a0\u00bb global_colors_info=\u00a0\u00bb{}\u00a0\u00bb][\/dipi_carousel_child][dipi_carousel_child label=\u00a0\u00bbPersonne\u00a0\u00bb img_src=\u00a0\u00bbhttps:\/\/2nd-face.com\/sf-staging\/wp-content\/uploads\/2025\/09\/22.jpg\u00a0\u00bb title_text=\u00a0\u00bbALEX\u00a0\u00bb _builder_version=\u00a0\u00bb4.27.4&Prime; _module_preset=\u00a0\u00bbdefault\u00a0\u00bb hover_enabled=\u00a0\u00bb0&Prime; global_colors_info=\u00a0\u00bb{}\u00a0\u00bb sticky_enabled=\u00a0\u00bb0&Prime;][\/dipi_carousel_child][dipi_carousel_child label=\u00a0\u00bbPersonne\u00a0\u00bb img_src=\u00a0\u00bbhttps:\/\/2nd-face.com\/sf-staging\/wp-content\/uploads\/2025\/09\/4-1.jpg\u00a0\u00bb title_text=\u00a0\u00bbCHARLIE\u00a0\u00bb _builder_version=\u00a0\u00bb4.27.4&Prime; _module_preset=\u00a0\u00bbdefault\u00a0\u00bb global_colors_info=\u00a0\u00bb{}\u00a0\u00bb][\/dipi_carousel_child][\/dipi_carousel][\/et_pb_column][\/et_pb_row][et_pb_row admin_label=\u00a0\u00bbTitre &#8211; Nos talents du salon Marseille\u00a0\u00bb _builder_version=\u00a0\u00bb4.27.4&Prime; _module_preset=\u00a0\u00bbdefault\u00a0\u00bb collapsed=\u00a0\u00bbon\u00a0\u00bb global_colors_info=\u00a0\u00bb{}\u00a0\u00bb][et_pb_column type=\u00a0\u00bb4_4&Prime; _builder_version=\u00a0\u00bb4.27.4&Prime; _module_preset=\u00a0\u00bbdefault\u00a0\u00bb global_colors_info=\u00a0\u00bb{}\u00a0\u00bb][et_pb_text _builder_version=\u00a0\u00bb4.27.4&Prime; _module_preset=\u00a0\u00bbdefault\u00a0\u00bb text_font=\u00a0\u00bb|700||on|||||\u00a0\u00bb text_text_color=\u00a0\u00bb#000000&Prime; custom_margin=\u00a0\u00bb||8px||false|false\u00a0\u00bb global_colors_info=\u00a0\u00bb{}\u00a0\u00bb]<\/p>\n<p>Nos talents du Salon Marseille<\/p>\n<p>[\/et_pb_text][et_pb_button button_url=\u00a0\u00bb@ET-DC@eyJkeW5hbWljIjp0cnVlLCJjb250ZW50IjoicG9zdF9saW5rX3VybF9wYWdlIiwic2V0dGluZ3MiOnsicG9zdF9pZCI6IjczNzAifX0=@\u00a0\u00bb button_text=\u00a0\u00bbAcc\u00e9dez au salon\u00a0\u00bb button_alignment=\u00a0\u00bbleft\u00a0\u00bb _builder_version=\u00a0\u00bb4.27.4&Prime; _dynamic_attributes=\u00a0\u00bbbutton_url\u00a0\u00bb _module_preset=\u00a0\u00bbdefault\u00a0\u00bb button_text_size=\u00a0\u00bb12px\u00a0\u00bb custom_margin=\u00a0\u00bb||0px||false|false\u00a0\u00bb global_colors_info=\u00a0\u00bb{}\u00a0\u00bb][\/et_pb_button][\/et_pb_column][\/et_pb_row][et_pb_row admin_label=\u00a0\u00bbSlider\u00a0\u00bb _builder_version=\u00a0\u00bb4.27.4&Prime; _module_preset=\u00a0\u00bbdefault\u00a0\u00bb width=\u00a0\u00bb100%\u00a0\u00bb custom_margin=\u00a0\u00bb||||false|false\u00a0\u00bb custom_padding=\u00a0\u00bb0px||0px||false|false\u00a0\u00bb collapsed=\u00a0\u00bbon\u00a0\u00bb global_colors_info=\u00a0\u00bb{}\u00a0\u00bb][et_pb_column type=\u00a0\u00bb4_4&Prime; _builder_version=\u00a0\u00bb4.27.4&Prime; _module_preset=\u00a0\u00bbdefault\u00a0\u00bb global_colors_info=\u00a0\u00bb{}\u00a0\u00bb][dipi_carousel space_between=\u00a0\u00bb32&Prime; speed=\u00a0\u00bb5000&Prime; loop_wide=\u00a0\u00bbon\u00a0\u00bb autoplay_wide=\u00a0\u00bbon\u00a0\u00bb continues_wide=\u00a0\u00bbon\u00a0\u00bb pause_on_hover_wide=\u00a0\u00bbon\u00a0\u00bb autoplay_speed_wide=\u00a0\u00bb3000&Prime; loop_mid=\u00a0\u00bbon\u00a0\u00bb autoplay_mid=\u00a0\u00bbon\u00a0\u00bb autoplay_speed_mid=\u00a0\u00bb9001&Prime; loop_small=\u00a0\u00bbon\u00a0\u00bb autoplay_small=\u00a0\u00bbon\u00a0\u00bb carousel_icon_align=\u00a0\u00bbcenter\u00a0\u00bb admin_label=\u00a0\u00bbSlider &#8211; Coiffeur \/ Salon Merci\u00e8re\u00a0\u00bb _builder_version=\u00a0\u00bb4.27.4&Prime; _module_preset=\u00a0\u00bbdefault\u00a0\u00bb title_font=\u00a0\u00bb|&#8211;et_global_heading_font_weight||on|||||\u00a0\u00bb title_text_align=\u00a0\u00bbleft\u00a0\u00bb title_font_size=\u00a0\u00bb20px\u00a0\u00bb title_line_height=\u00a0\u00bb100%\u00a0\u00bb desc_text_align=\u00a0\u00bbleft\u00a0\u00bb desc_font_size=\u00a0\u00bb14px\u00a0\u00bb desc_line_height=\u00a0\u00bb150%\u00a0\u00bb hover_enabled=\u00a0\u00bb0&Prime; border_radii_item=\u00a0\u00bbon|8px|8px|8px|8px\u00a0\u00bb global_colors_info=\u00a0\u00bb{}\u00a0\u00bb sticky_enabled=\u00a0\u00bb0&Prime;][dipi_carousel_child label=\u00a0\u00bbPersonne\u00a0\u00bb img_src=\u00a0\u00bbhttps:\/\/2nd-face.com\/sf-staging\/wp-content\/uploads\/2025\/09\/5.jpg\u00a0\u00bb title_text=\u00a0\u00bbCHLO\u00c9\u00a0\u00bb _builder_version=\u00a0\u00bb4.27.4&Prime; _module_preset=\u00a0\u00bbdefault\u00a0\u00bb global_colors_info=\u00a0\u00bb{}\u00a0\u00bb][\/dipi_carousel_child][dipi_carousel_child label=\u00a0\u00bbPersonne\u00a0\u00bb img_src=\u00a0\u00bbhttps:\/\/2nd-face.com\/sf-staging\/wp-content\/uploads\/2025\/09\/7.jpg\u00a0\u00bb title_text=\u00a0\u00bbNICO\u00a0\u00bb _builder_version=\u00a0\u00bb4.27.4&Prime; _module_preset=\u00a0\u00bbdefault\u00a0\u00bb global_colors_info=\u00a0\u00bb{}\u00a0\u00bb][\/dipi_carousel_child][dipi_carousel_child label=\u00a0\u00bbPersonne\u00a0\u00bb img_src=\u00a0\u00bbhttps:\/\/2nd-face.com\/sf-staging\/wp-content\/uploads\/2025\/09\/8.jpg\u00a0\u00bb title_text=\u00a0\u00bbALBA\u00a0\u00bb _builder_version=\u00a0\u00bb4.27.4&Prime; _module_preset=\u00a0\u00bbdefault\u00a0\u00bb global_colors_info=\u00a0\u00bb{}\u00a0\u00bb][\/dipi_carousel_child][dipi_carousel_child label=\u00a0\u00bbPersonne\u00a0\u00bb img_src=\u00a0\u00bbhttps:\/\/2nd-face.com\/sf-staging\/wp-content\/uploads\/2025\/09\/23.jpg\u00a0\u00bb title_text=\u00a0\u00bbCAMILLE\u00a0\u00bb _builder_version=\u00a0\u00bb4.27.4&Prime; _module_preset=\u00a0\u00bbdefault\u00a0\u00bb hover_enabled=\u00a0\u00bb0&Prime; global_colors_info=\u00a0\u00bb{}\u00a0\u00bb sticky_enabled=\u00a0\u00bb0&Prime;][\/dipi_carousel_child][\/dipi_carousel][\/et_pb_column][\/et_pb_row][et_pb_row admin_label=\u00a0\u00bbTitre &#8211; Nos talents du salon Cavenne\u00a0\u00bb _builder_version=\u00a0\u00bb4.27.4&Prime; _module_preset=\u00a0\u00bbdefault\u00a0\u00bb collapsed=\u00a0\u00bbon\u00a0\u00bb global_colors_info=\u00a0\u00bb{}\u00a0\u00bb][et_pb_column type=\u00a0\u00bb4_4&Prime; _builder_version=\u00a0\u00bb4.27.4&Prime; _module_preset=\u00a0\u00bbdefault\u00a0\u00bb global_colors_info=\u00a0\u00bb{}\u00a0\u00bb][et_pb_text _builder_version=\u00a0\u00bb4.27.4&Prime; _module_preset=\u00a0\u00bbdefault\u00a0\u00bb text_font=\u00a0\u00bb|700||on|||||\u00a0\u00bb text_text_color=\u00a0\u00bb#000000&Prime; custom_margin=\u00a0\u00bb||8px||false|false\u00a0\u00bb global_colors_info=\u00a0\u00bb{}\u00a0\u00bb]<\/p>\n<p>Nos talents du Salon Cavenne<\/p>\n<p>[\/et_pb_text][et_pb_button button_url=\u00a0\u00bb@ET-DC@eyJkeW5hbWljIjp0cnVlLCJjb250ZW50IjoicG9zdF9saW5rX3VybF9wYWdlIiwic2V0dGluZ3MiOnsicG9zdF9pZCI6IjM0MyJ9fQ==@\u00a0\u00bb button_text=\u00a0\u00bbAcc\u00e9dez au salon\u00a0\u00bb button_alignment=\u00a0\u00bbleft\u00a0\u00bb _builder_version=\u00a0\u00bb4.27.4&Prime; _dynamic_attributes=\u00a0\u00bbbutton_url\u00a0\u00bb _module_preset=\u00a0\u00bbdefault\u00a0\u00bb button_text_size=\u00a0\u00bb12px\u00a0\u00bb custom_margin=\u00a0\u00bb||0px||false|false\u00a0\u00bb global_colors_info=\u00a0\u00bb{}\u00a0\u00bb][\/et_pb_button][\/et_pb_column][\/et_pb_row][et_pb_row admin_label=\u00a0\u00bbSlider\u00a0\u00bb _builder_version=\u00a0\u00bb4.27.4&Prime; _module_preset=\u00a0\u00bbdefault\u00a0\u00bb width=\u00a0\u00bb100%\u00a0\u00bb custom_margin=\u00a0\u00bb||||false|false\u00a0\u00bb custom_padding=\u00a0\u00bb0px||0px||false|false\u00a0\u00bb collapsed=\u00a0\u00bbon\u00a0\u00bb global_colors_info=\u00a0\u00bb{}\u00a0\u00bb][et_pb_column type=\u00a0\u00bb4_4&Prime; _builder_version=\u00a0\u00bb4.27.4&Prime; _module_preset=\u00a0\u00bbdefault\u00a0\u00bb global_colors_info=\u00a0\u00bb{}\u00a0\u00bb][dipi_carousel space_between=\u00a0\u00bb32&Prime; speed=\u00a0\u00bb5000&Prime; loop_wide=\u00a0\u00bbon\u00a0\u00bb autoplay_wide=\u00a0\u00bbon\u00a0\u00bb continues_wide=\u00a0\u00bbon\u00a0\u00bb pause_on_hover_wide=\u00a0\u00bbon\u00a0\u00bb autoplay_speed_wide=\u00a0\u00bb3000&Prime; loop_mid=\u00a0\u00bbon\u00a0\u00bb autoplay_mid=\u00a0\u00bbon\u00a0\u00bb autoplay_speed_mid=\u00a0\u00bb9001&Prime; loop_small=\u00a0\u00bbon\u00a0\u00bb autoplay_small=\u00a0\u00bbon\u00a0\u00bb carousel_icon_align=\u00a0\u00bbcenter\u00a0\u00bb admin_label=\u00a0\u00bbSlider &#8211; Coiffeur \/ Salon Merci\u00e8re\u00a0\u00bb _builder_version=\u00a0\u00bb4.27.4&Prime; _module_preset=\u00a0\u00bbdefault\u00a0\u00bb title_font=\u00a0\u00bb|&#8211;et_global_heading_font_weight||on|||||\u00a0\u00bb title_text_align=\u00a0\u00bbleft\u00a0\u00bb title_font_size=\u00a0\u00bb20px\u00a0\u00bb title_line_height=\u00a0\u00bb100%\u00a0\u00bb desc_text_align=\u00a0\u00bbleft\u00a0\u00bb desc_font_size=\u00a0\u00bb14px\u00a0\u00bb desc_line_height=\u00a0\u00bb150%\u00a0\u00bb hover_enabled=\u00a0\u00bb0&Prime; border_radii_item=\u00a0\u00bbon|8px|8px|8px|8px\u00a0\u00bb global_colors_info=\u00a0\u00bb{}\u00a0\u00bb sticky_enabled=\u00a0\u00bb0&Prime;][dipi_carousel_child label=\u00a0\u00bbPersonne\u00a0\u00bb img_src=\u00a0\u00bbhttps:\/\/2nd-face.com\/sf-staging\/wp-content\/uploads\/2025\/09\/13.jpg\u00a0\u00bb title_text=\u00a0\u00bbCANDICE\u00a0\u00bb _builder_version=\u00a0\u00bb4.27.4&Prime; _module_preset=\u00a0\u00bbdefault\u00a0\u00bb global_colors_info=\u00a0\u00bb{}\u00a0\u00bb][\/dipi_carousel_child][dipi_carousel_child label=\u00a0\u00bbPersonne\u00a0\u00bb img_src=\u00a0\u00bbhttps:\/\/2nd-face.com\/sf-staging\/wp-content\/uploads\/2025\/09\/20.jpg\u00a0\u00bb title_text=\u00a0\u00bbNICO\u00a0\u00bb _builder_version=\u00a0\u00bb4.27.4&Prime; _module_preset=\u00a0\u00bbdefault\u00a0\u00bb global_colors_info=\u00a0\u00bb{}\u00a0\u00bb][\/dipi_carousel_child][dipi_carousel_child label=\u00a0\u00bbPersonne\u00a0\u00bb img_src=\u00a0\u00bbhttps:\/\/2nd-face.com\/sf-staging\/wp-content\/uploads\/2025\/09\/15.jpg\u00a0\u00bb title_text=\u00a0\u00bbBLOUMY\u00a0\u00bb _builder_version=\u00a0\u00bb4.27.4&Prime; _module_preset=\u00a0\u00bbdefault\u00a0\u00bb global_colors_info=\u00a0\u00bb{}\u00a0\u00bb][\/dipi_carousel_child][dipi_carousel_child label=\u00a0\u00bbPersonne\u00a0\u00bb img_src=\u00a0\u00bbhttps:\/\/2nd-face.com\/sf-staging\/wp-content\/uploads\/2025\/09\/14.jpg\u00a0\u00bb title_text=\u00a0\u00bbNICO PAYET\u00a0\u00bb _builder_version=\u00a0\u00bb4.27.4&Prime; _module_preset=\u00a0\u00bbdefault\u00a0\u00bb global_colors_info=\u00a0\u00bb{}\u00a0\u00bb][\/dipi_carousel_child][dipi_carousel_child label=\u00a0\u00bbPersonne\u00a0\u00bb img_src=\u00a0\u00bbhttps:\/\/2nd-face.com\/sf-staging\/wp-content\/uploads\/2025\/09\/17.jpg\u00a0\u00bb title_text=\u00a0\u00bbBRYAN\u00a0\u00bb _builder_version=\u00a0\u00bb4.27.4&Prime; _module_preset=\u00a0\u00bbdefault\u00a0\u00bb global_colors_info=\u00a0\u00bb{}\u00a0\u00bb][\/dipi_carousel_child][dipi_carousel_child label=\u00a0\u00bbPersonne\u00a0\u00bb img_src=\u00a0\u00bbhttps:\/\/2nd-face.com\/sf-staging\/wp-content\/uploads\/2025\/09\/16.jpg\u00a0\u00bb title_text=\u00a0\u00bbPIERRE-ALEXIS\u00a0\u00bb _builder_version=\u00a0\u00bb4.27.4&Prime; _module_preset=\u00a0\u00bbdefault\u00a0\u00bb global_colors_info=\u00a0\u00bb{}\u00a0\u00bb][\/dipi_carousel_child][dipi_carousel_child label=\u00a0\u00bbPersonne\u00a0\u00bb img_src=\u00a0\u00bbhttps:\/\/2nd-face.com\/sf-staging\/wp-content\/uploads\/2025\/09\/21.jpg\u00a0\u00bb title_text=\u00a0\u00bbPALOMA\u00a0\u00bb _builder_version=\u00a0\u00bb4.27.4&Prime; _module_preset=\u00a0\u00bbdefault\u00a0\u00bb global_colors_info=\u00a0\u00bb{}\u00a0\u00bb][\/dipi_carousel_child][dipi_carousel_child label=\u00a0\u00bbPersonne\u00a0\u00bb img_src=\u00a0\u00bbhttps:\/\/2nd-face.com\/sf-staging\/wp-content\/uploads\/2025\/09\/18.jpg\u00a0\u00bb title_text=\u00a0\u00bbMEGUY\u00a0\u00bb _builder_version=\u00a0\u00bb4.27.4&Prime; _module_preset=\u00a0\u00bbdefault\u00a0\u00bb global_colors_info=\u00a0\u00bb{}\u00a0\u00bb][\/dipi_carousel_child][dipi_carousel_child label=\u00a0\u00bbPersonne\u00a0\u00bb img_src=\u00a0\u00bbhttps:\/\/2nd-face.com\/sf-staging\/wp-content\/uploads\/2025\/09\/19.jpg\u00a0\u00bb title_text=\u00a0\u00bbENZO\u00a0\u00bb _builder_version=\u00a0\u00bb4.27.4&Prime; _module_preset=\u00a0\u00bbdefault\u00a0\u00bb global_colors_info=\u00a0\u00bb{}\u00a0\u00bb][\/dipi_carousel_child][\/dipi_carousel][\/et_pb_column][\/et_pb_row][\/et_pb_section][et_pb_section fb_built=\u00a0\u00bb1&Prime; admin_label=\u00a0\u00bbSection &#8211; Galerie\u00a0\u00bb _builder_version=\u00a0\u00bb4.25.2&Prime; _module_preset=\u00a0\u00bbdefault\u00a0\u00bb locked=\u00a0\u00bboff\u00a0\u00bb global_colors_info=\u00a0\u00bb{}\u00a0\u00bb][et_pb_row admin_label=\u00a0\u00bbGalerie des coiffeurs de Second Face\u00a0\u00bb _builder_version=\u00a0\u00bb4.25.2&Prime; _module_preset=\u00a0\u00bbdefault\u00a0\u00bb width=\u00a0\u00bb100%\u00a0\u00bb global_colors_info=\u00a0\u00bb{}\u00a0\u00bb][et_pb_column type=\u00a0\u00bb4_4&Prime; _builder_version=\u00a0\u00bb4.25.2&Prime; _module_preset=\u00a0\u00bbdefault\u00a0\u00bb global_colors_info=\u00a0\u00bb{}\u00a0\u00bb][dipi_masonry_gallery gallery_ids=\u00a0\u00bb7610,7580,7563,7611,7607,7589,7608,7571,7574,7564,7579,7643,7620,7587,7577,7600,7663,7599,7583,7604,7573,7602,7575,7644,7569,7572,7646,7565,7562,7619,7588,7605,7581,7584,7568,7597,7585,7590,7614,7582,7612,7567,7603,7613,7570,7586,7598,7566,7609,7621,7664,7576,7645,7617,7601,7647,7578,7606,7615,7616,7618,7622,7662&Prime; icon_in_overlay=\u00a0\u00bboff\u00a0\u00bb use_thumbnails=\u00a0\u00bbon\u00a0\u00bb columns_tablet=\u00a0\u00bb3&Prime; columns_phone=\u00a0\u00bb2&Prime; columns_last_edited=\u00a0\u00bbon|tablet\u00a0\u00bb _builder_version=\u00a0\u00bb4.27.4&Prime; _module_preset=\u00a0\u00bbdefault\u00a0\u00bb global_colors_info=\u00a0\u00bb{}\u00a0\u00bb][\/dipi_masonry_gallery][\/et_pb_column][\/et_pb_row][\/et_pb_section]<\/p>\n","protected":false},"excerpt":{"rendered":"<p>NOTRE TEAM DE COIFFEURS ET COIFFEUSES CHEZ SECOND FACE\u00a0Chez Second Face, nous sommes bien plus qu\u2019une \u00e9quipe de coiffeurs ; nous sommes une v\u00e9ritable communaut\u00e9 de passionn\u00e9s, d\u00e9di\u00e9e \u00e0 r\u00e9v\u00e9ler la singularit\u00e9 de chaque personne. Notre team compos\u00e9e de talents cr\u00e9atifs et avant-gardistes est \u00e0 l\u2019\u00e9coute de vos projets.Des coiffeurs cr\u00e9atifs et passionn\u00e9s Nous croyons [&hellip;]<\/p>\n","protected":false},"author":1,"featured_media":0,"parent":0,"menu_order":0,"comment_status":"closed","ping_status":"closed","template":"","meta":{"_acf_changed":false,"_et_pb_use_builder":"on","_et_pb_old_content":"<div class=\"talent-section\" style=\"display: flex; align-items: center; flex-wrap: wrap; gap: 20px; margin-bottom: 30px;\">\r\n  <div class=\"talent-heading\" style=\"flex: 2; min-width: 200px;\">\r\n    <h2 style=\"margin: 0; font-size: 1.8em; font-weight: bold;\">NOS TALENTS DU SALON MERCI\u00c8RE<\/h2>\r\n  <\/div>\r\n  <div class=\"talent-button\" style=\"flex: 1; min-width: 150px; text-align: right;\">\r\n    <a href=\"#\" class=\"salon-button\" style=\"display: inline-block; background-color: #333; color: white; padding: 12px 24px; text-decoration: none; border-radius: 4px; font-weight: bold; transition: background-color 0.3s ease;\">ACC\u00c9DEZ AU SALON<\/a>\r\n  <\/div>\r\n<\/div>\r\n\r\n<style>\r\n@media (max-width: 768px) {\r\n  .talent-section {\r\n    flex-direction: column !important;\r\n    align-items: center !important;\r\n    text-align: center !important;\r\n  }\r\n  \r\n  .talent-heading {\r\n    flex: none !important;\r\n    margin-bottom: 20px !important;\r\n  }\r\n  \r\n  .talent-button {\r\n    flex: none !important;\r\n    text-align: center !important;\r\n    margin-top: 20px !important;\r\n  }\r\n}\r\n\r\n.salon-button:hover {\r\n  background-color: #555 !important;\r\n}\r\n<\/style>","_et_gb_content_width":"","footnotes":""},"dipi_cpt_category":[],"class_list":["post-6300","page","type-page","status-publish","hentry"],"acf":[],"_links":{"self":[{"href":"https:\/\/2nd-face.com\/sf-staging\/wp-json\/wp\/v2\/pages\/6300","targetHints":{"allow":["GET"]}}],"collection":[{"href":"https:\/\/2nd-face.com\/sf-staging\/wp-json\/wp\/v2\/pages"}],"about":[{"href":"https:\/\/2nd-face.com\/sf-staging\/wp-json\/wp\/v2\/types\/page"}],"author":[{"embeddable":true,"href":"https:\/\/2nd-face.com\/sf-staging\/wp-json\/wp\/v2\/users\/1"}],"replies":[{"embeddable":true,"href":"https:\/\/2nd-face.com\/sf-staging\/wp-json\/wp\/v2\/comments?post=6300"}],"version-history":[{"count":66,"href":"https:\/\/2nd-face.com\/sf-staging\/wp-json\/wp\/v2\/pages\/6300\/revisions"}],"predecessor-version":[{"id":8291,"href":"https:\/\/2nd-face.com\/sf-staging\/wp-json\/wp\/v2\/pages\/6300\/revisions\/8291"}],"wp:attachment":[{"href":"https:\/\/2nd-face.com\/sf-staging\/wp-json\/wp\/v2\/media?parent=6300"}],"wp:term":[{"taxonomy":"dipi_cpt_category","embeddable":true,"href":"https:\/\/2nd-face.com\/sf-staging\/wp-json\/wp\/v2\/dipi_cpt_category?post=6300"}],"curies":[{"name":"wp","href":"https:\/\/api.w.org\/{rel}","templated":true}]}}