{"id":6396,"date":"2023-01-21T09:23:13","date_gmt":"2023-01-21T07:23:13","guid":{"rendered":"https:\/\/2nd-face.com\/sf-staging\/?page_id=6396"},"modified":"2025-04-22T17:52:31","modified_gmt":"2025-04-22T16:52:31","slug":"prestations","status":"publish","type":"page","link":"https:\/\/2nd-face.com\/sf-staging\/prestations\/","title":{"rendered":"Prestations"},"content":{"rendered":"<p>[et_pb_section fb_built=\u00a0\u00bb1&Prime; custom_padding_last_edited=\u00a0\u00bbon|phone\u00a0\u00bb _builder_version=\u00a0\u00bb4.27.0&Prime; _module_preset=\u00a0\u00bbdefault\u00a0\u00bb custom_padding=\u00a0\u00bb48px||64px||false|false\u00a0\u00bb custom_padding_tablet=\u00a0\u00bb||48px||false|false\u00a0\u00bb custom_padding_phone=\u00a0\u00bb8px||||false|false\u00a0\u00bb locked=\u00a0\u00bboff\u00a0\u00bb global_colors_info=\u00a0\u00bb{}\u00a0\u00bb][et_pb_row column_structure=\u00a0\u00bb1_2,1_2&Prime; use_custom_gutter=\u00a0\u00bbon\u00a0\u00bb gutter_width=\u00a0\u00bb2&Prime; make_equal=\u00a0\u00bbon\u00a0\u00bb _builder_version=\u00a0\u00bb4.27.0&Prime; _module_preset=\u00a0\u00bbdefault\u00a0\u00bb width=\u00a0\u00bb66%\u00a0\u00bb width_tablet=\u00a0\u00bb80%\u00a0\u00bb width_phone=\u00a0\u00bb95%\u00a0\u00bb width_last_edited=\u00a0\u00bbon|phone\u00a0\u00bb module_alignment=\u00a0\u00bbcenter\u00a0\u00bb custom_margin=\u00a0\u00bb0px|0px|0px|0px|true|true\u00a0\u00bb custom_padding=\u00a0\u00bb0px|0px|0px|0px|true|true\u00a0\u00bb global_colors_info=\u00a0\u00bb{}\u00a0\u00bb][et_pb_column type=\u00a0\u00bb1_2&Prime; _builder_version=\u00a0\u00bb4.27.0&Prime; _module_preset=\u00a0\u00bbdefault\u00a0\u00bb animation_style=\u00a0\u00bbslide\u00a0\u00bb animation_direction=\u00a0\u00bbbottom\u00a0\u00bb global_colors_info=\u00a0\u00bb{}\u00a0\u00bb][et_pb_image src=\u00a0\u00bbhttps:\/\/2nd-face.com\/sf-staging\/wp-content\/uploads\/2024\/08\/tarifs-second-face.jpeg\u00a0\u00bb title_text=\u00a0\u00bbtarifs-second-face\u00a0\u00bb align=\u00a0\u00bbcenter\u00a0\u00bb src_tablet=\u00a0\u00bbhttps:\/\/2nd-face.com\/sf-staging\/wp-content\/uploads\/2024\/08\/Preview-1392-Grande.jpeg\u00a0\u00bb src_phone=\u00a0\u00bbhttps:\/\/2nd-face.com\/sf-staging\/wp-content\/uploads\/2024\/08\/Preview-1392-Grande.jpeg\u00a0\u00bb src_last_edited=\u00a0\u00bboff|phone\u00a0\u00bb module_id=\u00a0\u00bbintro\u00a0\u00bb _builder_version=\u00a0\u00bb4.27.0&Prime; _module_preset=\u00a0\u00bbdefault\u00a0\u00bb height_last_edited=\u00a0\u00bboff|phone\u00a0\u00bb border_radii=\u00a0\u00bbon|8px|8px|8px|8px\u00a0\u00bb global_colors_info=\u00a0\u00bb{}\u00a0\u00bb][\/et_pb_image][\/et_pb_column][et_pb_column type=\u00a0\u00bb1_2&Prime; _builder_version=\u00a0\u00bb4.27.0&Prime; _module_preset=\u00a0\u00bbdefault\u00a0\u00bb transform_scale_tablet=\u00a0\u00bb\u00a0\u00bb transform_scale_phone=\u00a0\u00bb\u00a0\u00bb transform_scale_last_edited=\u00a0\u00bbon|tablet\u00a0\u00bb transform_translate_tablet=\u00a0\u00bb0px|0px\u00a0\u00bb transform_translate_phone=\u00a0\u00bb0px|0px\u00a0\u00bb transform_translate_last_edited=\u00a0\u00bbon|desktop\u00a0\u00bb transform_translate_linked=\u00a0\u00bboff\u00a0\u00bb transform_rotate_tablet=\u00a0\u00bb\u00a0\u00bb transform_rotate_phone=\u00a0\u00bb\u00a0\u00bb transform_rotate_last_edited=\u00a0\u00bbon|tablet\u00a0\u00bb transform_skew_tablet=\u00a0\u00bb\u00a0\u00bb transform_skew_phone=\u00a0\u00bb\u00a0\u00bb transform_skew_last_edited=\u00a0\u00bbon|tablet\u00a0\u00bb transform_origin_tablet=\u00a0\u00bb\u00a0\u00bb transform_origin_phone=\u00a0\u00bb\u00a0\u00bb transform_origin_last_edited=\u00a0\u00bbon|tablet\u00a0\u00bb transform_styles_last_edited=\u00a0\u00bbon|desktop\u00a0\u00bb animation_style=\u00a0\u00bbslide\u00a0\u00bb animation_direction=\u00a0\u00bbtop\u00a0\u00bb transform_styles_tablet=\u00a0\u00bb\u00a0\u00bb transform_styles_phone=\u00a0\u00bb\u00a0\u00bb global_colors_info=\u00a0\u00bb{}\u00a0\u00bb][et_pb_text _builder_version=\u00a0\u00bb4.27.0&Prime; _module_preset=\u00a0\u00bbdefault\u00a0\u00bb text_font=\u00a0\u00bbLyno Jean|600||on|||||\u00a0\u00bb text_text_color=\u00a0\u00bbgcid-ea47b4d6-5b88-4770-bf01-5cdb469a7446&Prime; text_font_size=\u00a0\u00bb32px\u00a0\u00bb text_letter_spacing=\u00a0\u00bb1px\u00a0\u00bb text_line_height=\u00a0\u00bb1.4em\u00a0\u00bb custom_margin=\u00a0\u00bb16px||16px||true|false\u00a0\u00bb global_colors_info=\u00a0\u00bb{%22gcid-ea47b4d6-5b88-4770-bf01-5cdb469a7446%22:%91%22text_text_color%22%93}\u00a0\u00bb]<\/p>\n<p>Prestations second face<\/p>\n<p>[\/et_pb_text][et_pb_text _builder_version=\u00a0\u00bb4.27.0&Prime; _module_preset=\u00a0\u00bbdefault\u00a0\u00bb text_font=\u00a0\u00bbIBM Plex Mono||||||||\u00a0\u00bb custom_margin=\u00a0\u00bb||32px|||\u00a0\u00bb global_colors_info=\u00a0\u00bb{}\u00a0\u00bb]<\/p>\n<p><b>Chez Second Face, les tarifs sont non genr\u00e9s<\/b><span style=\"font-weight: 400;\">. <\/span><span style=\"font-weight: 400;\">Plus de discrimination envers quiconque : nous sommes \u00e9gaux, nous payons le m\u00eame prix !<\/span><\/p>\n<p><span style=\"font-weight: 400;\">Les tarifs sont calcul\u00e9s en fonction d\u2019une longueur de cheveux et de la dur\u00e9e de la prestation choisie.<\/span><\/p>\n<p><span style=\"font-weight: 400;\">Pour calculer le tarif de votre projet capillaire, additionnez les prestations de votre choix, en veillant \u00e0 s\u00e9lectionner la longueur qui vous correspond.<\/span><\/p>\n<p><b>Attention cependant, rien ne remplace l\u2019expertise d\u2019un coiffeur. Nous vous conseillons d\u2019\u00e9tablir un devis personnalis\u00e9 aupr\u00e8s de nos \u00e9quipes<\/b><span style=\"font-weight: 400;\">.<\/span><\/p>\n<p>PAS DE DEVIS SUR INSTAGRAM<\/p>\n<p>[\/et_pb_text][et_pb_button button_url=\u00a0\u00bb@ET-DC@eyJkeW5hbWljIjp0cnVlLCJjb250ZW50IjoicG9zdF9saW5rX3VybF9wYWdlIiwic2V0dGluZ3MiOnsicG9zdF9pZCI6IjU4ODcifX0=@\u00a0\u00bb button_text=\u00a0\u00bbR\u00e9server\u00a0\u00bb button_alignment=\u00a0\u00bbleft\u00a0\u00bb _builder_version=\u00a0\u00bb4.27.0&Prime; _dynamic_attributes=\u00a0\u00bbbutton_url\u00a0\u00bb _module_preset=\u00a0\u00bbdefault\u00a0\u00bb global_colors_info=\u00a0\u00bb{}\u00a0\u00bb][\/et_pb_button][\/et_pb_column][\/et_pb_row][\/et_pb_section][et_pb_section fb_built=\u00a0\u00bb1&Prime; _builder_version=\u00a0\u00bb4.19.4&Prime; _module_preset=\u00a0\u00bbdefault\u00a0\u00bb global_colors_info=\u00a0\u00bb{}\u00a0\u00bb][et_pb_row _builder_version=\u00a0\u00bb4.19.4&Prime; _module_preset=\u00a0\u00bbdefault\u00a0\u00bb background_color=\u00a0\u00bbgcid-976604f7-cc63-4e9d-ade4-04ea43cadda6&Prime; background_enable_pattern_style=\u00a0\u00bbon\u00a0\u00bb background_pattern_style=\u00a0\u00bbconfetti\u00a0\u00bb background_pattern_color=\u00a0\u00bbrgba(246,95,46,0.05)\u00a0\u00bb custom_padding=\u00a0\u00bb16px|16px|16px|16px|true|true\u00a0\u00bb animation_style=\u00a0\u00bbfade\u00a0\u00bb border_radii=\u00a0\u00bbon|8px|8px|8px|8px\u00a0\u00bb global_colors_info=\u00a0\u00bb{%22gcid-976604f7-cc63-4e9d-ade4-04ea43cadda6%22:%91%22background_color%22%93}\u00a0\u00bb][et_pb_column type=\u00a0\u00bb4_4&Prime; _builder_version=\u00a0\u00bb4.19.4&Prime; _module_preset=\u00a0\u00bbdefault\u00a0\u00bb global_colors_info=\u00a0\u00bb{}\u00a0\u00bb][et_pb_text _builder_version=\u00a0\u00bb4.27.0&Prime; _module_preset=\u00a0\u00bbdefault\u00a0\u00bb global_colors_info=\u00a0\u00bb{}\u00a0\u00bb]<\/p>\n<p>Pour \u00e9tablir un devis vous pouvez nous contacter par t\u00e9l\u00e9phone ou passez directement dans l&rsquo;un de nos salons.<br \/>Vous avez un projet bien sp\u00e9cifique ou vous n\u2019avez pas d\u2019id\u00e9e pr\u00e9cise en t\u00eate ?<\/p>\n<p>D\u00e8s lors que la prestation comprend de la technique (coloration ou d\u00e9coloration), vous pouvez r\u00e9server un cr\u00e9neau de 15 minutes (15\u20ac) pour faire une \u00e9tude de style personnalis\u00e9e et \u00e9tablir un devis.<br \/><em>Le tarif de cette prestation sera d\u00e9duit pour tout rendez-vous technique pris dans le mois.<\/em><\/p>\n<p><strong>PR\u00c9CISIONS<\/strong><br \/>Nos forfaits comprennent le shampoing et le conditionner. Si vous additionnez vos prestations \u00ab\u00e0 la carte\u00bb, attention de s\u00e9lectionner \u00e9galement \u00ab\u00a0shampoing + coiffage\u00a0\u00bb.<\/p>\n<p>Pour les tarifs racines, ne pas d\u00e9passer 2 cm.<\/p>\n<p>[\/et_pb_text][\/et_pb_column][\/et_pb_row][et_pb_row _builder_version=\u00a0\u00bb4.19.4&Prime; _module_preset=\u00a0\u00bbdefault\u00a0\u00bb global_colors_info=\u00a0\u00bb{}\u00a0\u00bb][et_pb_column type=\u00a0\u00bb4_4&Prime; _builder_version=\u00a0\u00bb4.19.4&Prime; _module_preset=\u00a0\u00bbdefault\u00a0\u00bb global_colors_info=\u00a0\u00bb{}\u00a0\u00bb][et_pb_image src=\u00a0\u00bbhttps:\/\/2nd-face.com\/sf-staging\/wp-content\/uploads\/2024\/08\/schema-tarifs-Grande.jpeg\u00a0\u00bb title_text=\u00a0\u00bbschema-tarifs &#8211; Grande\u00a0\u00bb _builder_version=\u00a0\u00bb4.27.0&Prime; _module_preset=\u00a0\u00bbdefault\u00a0\u00bb global_colors_info=\u00a0\u00bb{}\u00a0\u00bb][\/et_pb_image][\/et_pb_column][\/et_pb_row][\/et_pb_section][et_pb_section fb_built=\u00a0\u00bb1&Prime; module_id=\u00a0\u00bbequipe\u00a0\u00bb _builder_version=\u00a0\u00bb4.27.4&Prime; _module_preset=\u00a0\u00bbdefault\u00a0\u00bb background_color=\u00a0\u00bb#fcfcfc\u00a0\u00bb custom_margin=\u00a0\u00bb0px||0px||true|false\u00a0\u00bb custom_padding=\u00a0\u00bb0px||0px||true|false\u00a0\u00bb hover_enabled=\u00a0\u00bb0&Prime; global_colors_info=\u00a0\u00bb{}\u00a0\u00bb sticky_enabled=\u00a0\u00bb0&Prime; disabled_on=\u00a0\u00bbon|on|on\u00a0\u00bb disabled=\u00a0\u00bbon\u00a0\u00bb][et_pb_row column_structure=\u00a0\u00bb1_5,3_5,1_5&Prime; make_equal=\u00a0\u00bbon\u00a0\u00bb _builder_version=\u00a0\u00bb4.19.4&Prime; _module_preset=\u00a0\u00bbdefault\u00a0\u00bb width=\u00a0\u00bb95%\u00a0\u00bb custom_margin=\u00a0\u00bb0px||0px||false|true\u00a0\u00bb locked=\u00a0\u00bboff\u00a0\u00bb global_colors_info=\u00a0\u00bb{}\u00a0\u00bb][et_pb_column type=\u00a0\u00bb1_5&Prime; _builder_version=\u00a0\u00bb4.16&Prime; _module_preset=\u00a0\u00bbdefault\u00a0\u00bb global_colors_info=\u00a0\u00bb{}\u00a0\u00bb][\/et_pb_column][et_pb_column type=\u00a0\u00bb3_5&Prime; _builder_version=\u00a0\u00bb4.16&Prime; _module_preset=\u00a0\u00bbdefault\u00a0\u00bb global_colors_info=\u00a0\u00bb{}\u00a0\u00bb][et_pb_text _builder_version=\u00a0\u00bb4.16&Prime; _module_preset=\u00a0\u00bbdefault\u00a0\u00bb text_font=\u00a0\u00bbPlatform Medium|||on|||||\u00a0\u00bb text_font_size=\u00a0\u00bb24px\u00a0\u00bb custom_margin=\u00a0\u00bb16px||16px||true|false\u00a0\u00bb custom_padding=\u00a0\u00bb||||false|false\u00a0\u00bb global_colors_info=\u00a0\u00bb{}\u00a0\u00bb]<\/p>\n<p>Coupe et coiffage<\/p>\n<p>[\/et_pb_text][et_pb_text _builder_version=\u00a0\u00bb4.27.0&Prime; _module_preset=\u00a0\u00bbdefault\u00a0\u00bb text_font=\u00a0\u00bb||on||||||\u00a0\u00bb text_line_height=\u00a0\u00bb1.4em\u00a0\u00bb global_colors_info=\u00a0\u00bb{}\u00a0\u00bb]<\/p>\n<p><strong>Coupe entretien<\/strong> :\u00a0<em>coupe de pointes ou rafra\u00eechissement d\u2019une coupe d\u00e9j\u00e0 existante, on conserve les m\u00eames formes et volumes<\/em><\/p>\n<p><strong>Coupe cr\u00e9ation<\/strong> :\u00a0<em>cr\u00e9ation d\u2019une nouvelle coupe, changement de forme, de lignes \u2026 un principe de coupe diff\u00e9rent<\/em><\/p>\n<p>[\/et_pb_text][et_pb_text content_tablet=\u00a0\u00bb\u00a0\u00bb content_phone=\u00a0\u00bb<\/p>\n<table width=%22588%22>\n<tbody>\n<tr>\n<td style=%22width: 354.617px;%22><strong>Services<\/strong><\/td>\n<td style=%22width: 217.383px; text-align: right;%22><em> Nouveaux tarifs janvier 2023 <\/em><\/td>\n<\/tr>\n<tr>\n<td style=%22width: 354.617px;%22><strong>COUPES ET S\u00c9CHAGE<\/strong><\/td>\n<td style=%22width: 217.383px; text-align: right;%22> <\/td>\n<\/tr>\n<tr>\n<td style=%22width: 354.617px;%22>Coupe ENTRETIEN ch. courts<\/td>\n<td style=%22width: 217.383px; text-align: right;%22>37,00 \u20ac<\/td>\n<\/tr>\n<tr>\n<td style=%22width: 354.617px;%22>Coupe ENTRETIEN ch. mi-long\/long<\/td>\n<td style=%22width: 217.383px; text-align: right;%22>40,00 \u20ac<\/td>\n<\/tr>\n<tr>\n<td style=%22width: 354.617px;%22>Coupe CR\u00c9ATION<\/td>\n<td style=%22width: 217.383px; text-align: right;%22>47,00 \u20ac<\/td>\n<\/tr>\n<tr>\n<td style=%22width: 354.617px;%22>Coupe enfant (-10 ans)<\/td>\n<td style=%22width: 217.383px; text-align: right;%22>30,00 \u20ac<\/td>\n<\/tr>\n<tr>\n<td style=%22width: 354.617px;%22>Boule<\/td>\n<td style=%22width: 217.383px; text-align: right;%22>22,00 \u20ac<\/td>\n<\/tr>\n<tr>\n<td style=%22width: 354.617px;%22>Frange<\/td>\n<td style=%22width: 217.383px; text-align: right;%22>10,00 \u20ac<\/td>\n<\/tr>\n<tr>\n<td style=%22width: 354.617px;%22>Undercut ou sidecut<\/td>\n<td style=%22width: 217.383px; text-align: right;%22>20,00 \u20ac<\/td>\n<\/tr>\n<tr>\n<td style=%22width: 354.617px;%22>Sup. cheveux XXL et\/ou EPAIS<\/td>\n<td style=%22width: 217.383px; text-align: right;%22>10,00 \u20ac<\/td>\n<\/tr>\n<tr>\n<td style=%22width: 354.617px;%22>Sup. cheveux XXL et\/ou EPAIS<\/td>\n<td style=%22width: 217.383px; text-align: right;%22>20,00 \u20ac<\/td>\n<\/tr>\n<\/tbody>\n<\/table>\n<table width=%22588%22>\n<tbody>\n<tr>\n<td width=%22463%22><strong>LES COUPES ET COIFFAGES<\/strong><\/td>\n<td style=%22text-align: right;%22 width=%22125%22> <\/td>\n<\/tr>\n<tr>\n<td>Coupe ENTRETIEN + coiffage ch. courts<\/td>\n<td style=%22text-align: right;%22>42,00 \u20ac<\/td>\n<\/tr>\n<tr>\n<td>Coupe ENTRETIEN + coiffage ch. mi-longs<\/td>\n<td style=%22text-align: right;%22>45,00 \u20ac<\/td>\n<\/tr>\n<tr>\n<td>Coupe ENTRETIEN + coiffage ch. longs<\/td>\n<td style=%22text-align: right;%22>50,00 \u20ac<\/td>\n<\/tr>\n<tr>\n<td>Coupe CR\u00c9ATION + coiffage ch. courts<\/td>\n<td style=%22text-align: right;%22>50,00 \u20ac<\/td>\n<\/tr>\n<tr>\n<td>Coupe CR\u00c9ATION + coiffage ch. mi-longs<\/td>\n<td style=%22text-align: right;%22>55,00 \u20ac<\/td>\n<\/tr>\n<tr>\n<td>Coupe CR\u00c9ATION + coiffage ch. longs<\/td>\n<td style=%22text-align: right;%22>60,00 \u20ac<\/td>\n<\/tr>\n<\/tbody>\n<\/table>\n<p>\u00a0\u00bb content_last_edited=\u00a0\u00bbon|phone\u00a0\u00bb _builder_version=\u00a0\u00bb4.27.0&Prime; _module_preset=\u00a0\u00bbdefault\u00a0\u00bb text_font=\u00a0\u00bbPlatform Regular||||||||\u00a0\u00bb global_colors_info=\u00a0\u00bb{}\u00a0\u00bb]<\/p>\n<table>\n<thead>\n<tr>\n<th>Prestations<\/th>\n<th style=\"text-align: right;\">Tarifs janvier 2024<\/th>\n<\/tr>\n<tr>\n<th colspan=\"2\">COUPES ET COIFFAGE<\/th>\n<\/tr>\n<\/thead>\n<tbody>\n<tr>\n<td>Coupe ENTRETIEN ch. courts + s\u00e9chage<\/td>\n<td style=\"text-align: right;\">37,00 \u20ac<\/td>\n<\/tr>\n<tr>\n<td>Coupe ENTRETIEN + coiffage ch. courts<\/td>\n<td style=\"text-align: right;\">42,00 \u20ac<\/td>\n<\/tr>\n<tr>\n<td>Coupe ENTRETIEN + coiffage ch. mi-longs<\/td>\n<td style=\"text-align: right;\">45,00 \u20ac<\/td>\n<\/tr>\n<tr>\n<td>Coupe ENTRETIEN + coiffage ch. longs<\/td>\n<td style=\"text-align: right;\">50,00 \u20ac<\/td>\n<\/tr>\n<tr>\n<td>Coupe ENTRETIEN + coiffage &#8211; Cheveux extra-longs et\/ou tr\u00e8s \u00e9pais<\/td>\n<td style=\"text-align: right;\">65,00 \u20ac<\/td>\n<\/tr>\n<tr>\n<td>Coupe CR\u00c9ATION + coiffage ch. courts<\/td>\n<td style=\"text-align: right;\">50,00 \u20ac<\/td>\n<\/tr>\n<tr>\n<td>Coupe CR\u00c9ATION + coiffage ch. mi-longs<\/td>\n<td style=\"text-align: right;\">55,00 \u20ac<\/td>\n<\/tr>\n<tr>\n<td>Coupe CR\u00c9ATION + coiffage ch. longs<\/td>\n<td style=\"text-align: right;\">60,00 \u20ac<\/td>\n<\/tr>\n<tr>\n<td>Coupe CR\u00c9ATION + coiffage &#8211; Cheveux extra-longs et\/ou tr\u00e8s \u00e9pais<\/td>\n<td style=\"text-align: right;\">75,00 \u20ac<\/td>\n<\/tr>\n<tr>\n<td>Coupe enfant (-10 ans)<\/td>\n<td style=\"text-align: right;\">30,00 \u20ac<\/td>\n<\/tr>\n<tr>\n<td>Boule<\/td>\n<td style=\"text-align: right;\">25,00 \u20ac<\/td>\n<\/tr>\n<tr>\n<td>Frange<\/td>\n<td style=\"text-align: right;\">15,00 \u20ac<\/td>\n<\/tr>\n<tr>\n<td>Undercut ou sidecut<\/td>\n<td style=\"text-align: right;\">20,00 \u20ac<\/td>\n<\/tr>\n<\/tbody>\n<\/table>\n<p>[\/et_pb_text][et_pb_toggle title=\u00a0\u00bbCOIFFAGES\u00a0\u00bb icon_color=\u00a0\u00bbgcid-ea47b4d6-5b88-4770-bf01-5cdb469a7446&Prime; use_icon_font_size=\u00a0\u00bbon\u00a0\u00bb icon_font_size=\u00a0\u00bb24px\u00a0\u00bb open_icon_color=\u00a0\u00bbgcid-f69ff1f4-6579-4a0a-9d2c-c4ea7cad4d93&Prime; open_use_icon_font_size=\u00a0\u00bbon\u00a0\u00bb open_icon_font_size=\u00a0\u00bb24px\u00a0\u00bb _builder_version=\u00a0\u00bb4.27.0&Prime; _module_preset=\u00a0\u00bbdefault\u00a0\u00bb title_font=\u00a0\u00bb|||on|||||\u00a0\u00bb title_font_size=\u00a0\u00bb20px\u00a0\u00bb body_font=\u00a0\u00bbPlatform Regular||||||||\u00a0\u00bb background_color=\u00a0\u00bb#f9f9f9&Prime; text_orientation=\u00a0\u00bbleft\u00a0\u00bb custom_margin=\u00a0\u00bb8px||8px||true|false\u00a0\u00bb border_radii=\u00a0\u00bbon|8px|8px|8px|8px\u00a0\u00bb border_width_all=\u00a0\u00bb0px\u00a0\u00bb border_color_all=\u00a0\u00bbgcid-f69ff1f4-6579-4a0a-9d2c-c4ea7cad4d93&Prime; global_colors_info=\u00a0\u00bb{%22gcid-f69ff1f4-6579-4a0a-9d2c-c4ea7cad4d93%22:%91%22border_color_all%22%93,%22gcid-ea47b4d6-5b88-4770-bf01-5cdb469a7446%22:%91%22icon_color%22%93}\u00a0\u00bb]<\/p>\n<table style=\"height: 144px;\">\n<thead>\n<tr style=\"height: 24px;\">\n<th colspan=\"2\" style=\"height: 24px; width: 388.086px;\">COIFFAGE<\/th>\n<\/tr>\n<\/thead>\n<tbody>\n<tr style=\"height: 24px;\">\n<td style=\"height: 24px; width: 325.242px;\">Coiffage ch. mi-longs<\/td>\n<td style=\"text-align: right; height: 24px; width: 56.8438px;\">27,00 \u20ac<\/td>\n<\/tr>\n<tr style=\"height: 24px;\">\n<td style=\"height: 24px; width: 325.242px;\">Coiffage ch. longs<\/td>\n<td style=\"text-align: right; height: 24px; width: 56.8438px;\">35,00 \u20ac<\/td>\n<\/tr>\n<tr style=\"height: 24px;\">\n<td style=\"height: 24px; width: 325.242px;\">Coiffage cheveux extra-longs et\/ou extra \u00e9pais<\/td>\n<td style=\"text-align: right; height: 24px; width: 56.8438px;\">45,00 \u20ac<\/td>\n<\/tr>\n<tr style=\"height: 24px;\">\n<td style=\"height: 24px; width: 325.242px;\">S\u00e9chage<\/td>\n<td style=\"text-align: right; height: 24px; width: 56.8438px;\">20,00 \u20ac<\/td>\n<\/tr>\n<\/tbody>\n<\/table>\n<p>[\/et_pb_toggle][et_pb_toggle title=\u00a0\u00bbCOIFFAGES\u00a0\u00bb icon_color=\u00a0\u00bbgcid-ea47b4d6-5b88-4770-bf01-5cdb469a7446&Prime; use_icon_font_size=\u00a0\u00bbon\u00a0\u00bb icon_font_size=\u00a0\u00bb24px\u00a0\u00bb open_icon_color=\u00a0\u00bbgcid-f69ff1f4-6579-4a0a-9d2c-c4ea7cad4d93&Prime; open_use_icon_font_size=\u00a0\u00bbon\u00a0\u00bb open_icon_font_size=\u00a0\u00bb24px\u00a0\u00bb _builder_version=\u00a0\u00bb4.27.0&Prime; _module_preset=\u00a0\u00bbdefault\u00a0\u00bb title_font=\u00a0\u00bb|||on|||||\u00a0\u00bb title_font_size=\u00a0\u00bb20px\u00a0\u00bb body_font=\u00a0\u00bbPlatform Regular||||||||\u00a0\u00bb background_color=\u00a0\u00bb#f9f9f9&Prime; text_orientation=\u00a0\u00bbleft\u00a0\u00bb custom_margin=\u00a0\u00bb8px||8px||true|false\u00a0\u00bb border_radii=\u00a0\u00bbon|8px|8px|8px|8px\u00a0\u00bb border_width_all=\u00a0\u00bb0px\u00a0\u00bb border_color_all=\u00a0\u00bbgcid-f69ff1f4-6579-4a0a-9d2c-c4ea7cad4d93&Prime; global_colors_info=\u00a0\u00bb{%22gcid-f69ff1f4-6579-4a0a-9d2c-c4ea7cad4d93%22:%91%22border_color_all%22%93,%22gcid-ea47b4d6-5b88-4770-bf01-5cdb469a7446%22:%91%22icon_color%22%93}\u00a0\u00bb]<\/p>\n<table>\n<thead>\n<tr>\n<th colspan=\"2\">COIFFAGE<\/th>\n<\/tr>\n<\/thead>\n<tbody>\n<tr>\n<td>Coiffage ch. courts<\/td>\n<td style=\"text-align: right;\">25,00 \u20ac<\/td>\n<\/tr>\n<tr>\n<td>Coiffage ch. mi-longs<\/td>\n<td style=\"text-align: right;\">27,00 \u20ac<\/td>\n<\/tr>\n<tr>\n<td>Coiffage ch. longs<\/td>\n<td style=\"text-align: right;\">35,00 \u20ac<\/td>\n<\/tr>\n<tr>\n<td>S\u00e9chage<\/td>\n<td style=\"text-align: right;\">20,00 \u20ac<\/td>\n<\/tr>\n<\/tbody>\n<\/table>\n<p>[\/et_pb_toggle][et_pb_toggle title=\u00a0\u00bbFORFAITS COLORATION RACINE\u00a0\u00bb icon_color=\u00a0\u00bb#F560A6&Prime; use_icon_font_size=\u00a0\u00bbon\u00a0\u00bb icon_font_size=\u00a0\u00bb24px\u00a0\u00bb open_icon_color=\u00a0\u00bbgcid-f69ff1f4-6579-4a0a-9d2c-c4ea7cad4d93&Prime; open_use_icon_font_size=\u00a0\u00bbon\u00a0\u00bb open_icon_font_size=\u00a0\u00bb24px\u00a0\u00bb _builder_version=\u00a0\u00bb4.27.0&Prime; _module_preset=\u00a0\u00bbdefault\u00a0\u00bb title_font=\u00a0\u00bb|||on|||||\u00a0\u00bb title_font_size=\u00a0\u00bb20px\u00a0\u00bb body_font=\u00a0\u00bbPlatform Regular||||||||\u00a0\u00bb background_color=\u00a0\u00bb#f9f9f9&Prime; text_orientation=\u00a0\u00bbleft\u00a0\u00bb custom_margin=\u00a0\u00bb8px||8px||true|false\u00a0\u00bb border_radii=\u00a0\u00bbon|8px|8px|8px|8px\u00a0\u00bb border_width_all=\u00a0\u00bb0px\u00a0\u00bb border_color_all=\u00a0\u00bbgcid-f69ff1f4-6579-4a0a-9d2c-c4ea7cad4d93&Prime; global_colors_info=\u00a0\u00bb{%22gcid-f69ff1f4-6579-4a0a-9d2c-c4ea7cad4d93%22:%91%22border_color_all%22%93}\u00a0\u00bb]<\/p>\n<table>\n<thead>\n<tr>\n<th colspan=\"2\">FORFAITS COLORATION RACINE<\/th>\n<\/tr>\n<\/thead>\n<tbody>\n<tr>\n<td>Coloration racines + coiffage cheveux courts<\/td>\n<td style=\"text-align: right;\">65,00 \u20ac<\/td>\n<\/tr>\n<tr>\n<td>Coloration racine + coiffage ch. mi-longs<\/td>\n<td style=\"text-align: right;\">67,00 \u20ac<\/td>\n<\/tr>\n<tr>\n<td>Coloration racine + coiffage ch. longs<\/td>\n<td style=\"text-align: right;\">75,00 \u20ac<\/td>\n<\/tr>\n<tr>\n<td>Coloration racine + Coupe ENTRETIEN + coiffage ch. courts<\/td>\n<td style=\"text-align: right;\">82,00 \u20ac<\/td>\n<\/tr>\n<tr>\n<td>Coloration racine + Coupe ENTRETIEN + coiffage ch. mi-longs<\/td>\n<td style=\"text-align: right;\">85,00 \u20ac<\/td>\n<\/tr>\n<tr>\n<td>Coloration racine + Coupe ENTRETIEN + coiffage ch. longs<\/td>\n<td style=\"text-align: right;\">90,00 \u20ac<\/td>\n<\/tr>\n<tr>\n<td>Coloration racine + Coupe CR\u00c9ATION + coiffage ch. courts<\/td>\n<td style=\"text-align: right;\">90,00 \u20ac<\/td>\n<\/tr>\n<tr>\n<td>Coloration racine + Coupe CR\u00c9ATION + coiffage ch. mi-longs<\/td>\n<td style=\"text-align: right;\">95,00 \u20ac<\/td>\n<\/tr>\n<tr>\n<td>Coloration racine + Coupe CR\u00c9ATION + coiffage ch. longs<\/td>\n<td style=\"text-align: right;\">100,00 \u20ac<\/td>\n<\/tr>\n<\/tbody>\n<\/table>\n<p>[\/et_pb_toggle][et_pb_toggle title=\u00a0\u00bbFORFAITS COLORATIONS\u00a0\u00bb icon_color=\u00a0\u00bb#F560A6&Prime; use_icon_font_size=\u00a0\u00bbon\u00a0\u00bb icon_font_size=\u00a0\u00bb24px\u00a0\u00bb open_icon_color=\u00a0\u00bbgcid-f69ff1f4-6579-4a0a-9d2c-c4ea7cad4d93&Prime; open_use_icon_font_size=\u00a0\u00bbon\u00a0\u00bb open_icon_font_size=\u00a0\u00bb24px\u00a0\u00bb _builder_version=\u00a0\u00bb4.27.0&Prime; _module_preset=\u00a0\u00bbdefault\u00a0\u00bb title_font=\u00a0\u00bb|||on|||||\u00a0\u00bb title_font_size=\u00a0\u00bb20px\u00a0\u00bb body_font=\u00a0\u00bbPlatform Regular||||||||\u00a0\u00bb background_color=\u00a0\u00bb#f9f9f9&Prime; text_orientation=\u00a0\u00bbleft\u00a0\u00bb custom_margin=\u00a0\u00bb8px||8px||true|false\u00a0\u00bb border_radii=\u00a0\u00bbon|8px|8px|8px|8px\u00a0\u00bb border_width_all=\u00a0\u00bb0px\u00a0\u00bb border_color_all=\u00a0\u00bbgcid-f69ff1f4-6579-4a0a-9d2c-c4ea7cad4d93&Prime; global_colors_info=\u00a0\u00bb{%22gcid-f69ff1f4-6579-4a0a-9d2c-c4ea7cad4d93%22:%91%22border_color_all%22%93}\u00a0\u00bb]<\/p>\n<table>\n<thead>\n<tr>\n<th colspan=\"2\">FORFAITS COLORATION<\/th>\n<\/tr>\n<\/thead>\n<tbody>\n<tr>\n<td>Coloration + coiffage ch. courts ou racines<\/td>\n<td style=\"text-align: right;\">65,00 \u20ac<\/td>\n<\/tr>\n<tr>\n<td>Coloration + coiffage ch. mi-longs<\/td>\n<td style=\"text-align: right;\">77,00 \u20ac<\/td>\n<\/tr>\n<tr>\n<td>Coloration + coiffage ch. longs<\/td>\n<td style=\"text-align: right;\">95,00 \u20ac<\/td>\n<\/tr>\n<tr>\n<td>Coloration + Coupe ENTRETIEN + coiffage ch. courts<\/td>\n<td style=\"text-align: right;\">82,00 \u20ac<\/td>\n<\/tr>\n<tr>\n<td>Coloration + Coupe ENTRETIEN + coiffage ch. mi-longs<\/td>\n<td style=\"text-align: right;\">95,00 \u20ac<\/td>\n<\/tr>\n<tr>\n<td>Coloration + Coupe ENTRETIEN + coiffage ch. longs<\/td>\n<td style=\"text-align: right;\">110,00 \u20ac<\/td>\n<\/tr>\n<tr>\n<td>Coloration + Coupe CR\u00c9ATION + coiffage ch. courts<\/td>\n<td style=\"text-align: right;\">90,00 \u20ac<\/td>\n<\/tr>\n<tr>\n<td>Coloration + Coupe CR\u00c9ATION + coiffage ch. mi-longs<\/td>\n<td style=\"text-align: right;\">105,00 \u20ac<\/td>\n<\/tr>\n<tr>\n<td>Coloration + Coupe CR\u00c9ATION + coiffage ch. Longs<\/td>\n<td style=\"text-align: right;\">120,00 \u20ac<\/td>\n<\/tr>\n<\/tbody>\n<\/table>\n<p>[\/et_pb_toggle][et_pb_toggle title=\u00a0\u00bbSOINS PROFONDS\u00a0\u00bb icon_color=\u00a0\u00bbgcid-ea47b4d6-5b88-4770-bf01-5cdb469a7446&Prime; use_icon_font_size=\u00a0\u00bbon\u00a0\u00bb icon_font_size=\u00a0\u00bb24px\u00a0\u00bb open_icon_color=\u00a0\u00bbgcid-f69ff1f4-6579-4a0a-9d2c-c4ea7cad4d93&Prime; open_use_icon_font_size=\u00a0\u00bbon\u00a0\u00bb open_icon_font_size=\u00a0\u00bb24px\u00a0\u00bb _builder_version=\u00a0\u00bb4.27.0&Prime; _module_preset=\u00a0\u00bbdefault\u00a0\u00bb title_font=\u00a0\u00bb|||on|||||\u00a0\u00bb title_font_size=\u00a0\u00bb20px\u00a0\u00bb body_font=\u00a0\u00bbPlatform Regular||||||||\u00a0\u00bb background_color=\u00a0\u00bb#f9f9f9&Prime; text_orientation=\u00a0\u00bbleft\u00a0\u00bb custom_margin=\u00a0\u00bb8px||8px||true|false\u00a0\u00bb border_radii=\u00a0\u00bbon|8px|8px|8px|8px\u00a0\u00bb border_width_all=\u00a0\u00bb0px\u00a0\u00bb border_color_all=\u00a0\u00bbgcid-f69ff1f4-6579-4a0a-9d2c-c4ea7cad4d93&Prime; global_colors_info=\u00a0\u00bb{%22gcid-f69ff1f4-6579-4a0a-9d2c-c4ea7cad4d93%22:%91%22border_color_all%22%93,%22gcid-ea47b4d6-5b88-4770-bf01-5cdb469a7446%22:%91%22icon_color%22%93}\u00a0\u00bb]<\/p>\n<table>\n<thead>\n<tr>\n<th colspan=\"2\">SOIN PROFONDS<\/th>\n<\/tr>\n<\/thead>\n<tbody>\n<tr>\n<td colspan=\"2\">Protocole de soin profond ABC de la marque Redken. Sur-mesure, il r\u00e9pare, renforce, r\u00e9duit les fourches et les cheveux cassants. Il apporte \u00e9galement hydratation, douceur, brillance et protection thermique.<\/td>\n<\/tr>\n<tr>\n<td>Soin ch. courts<\/td>\n<td style=\"text-align: right;\">20,00 \u20ac<\/td>\n<\/tr>\n<tr>\n<td>Soin ch. mi-longs<\/td>\n<td style=\"text-align: right;\">30,00 \u20ac<\/td>\n<\/tr>\n<tr>\n<td>Soin ch. longs<\/td>\n<td style=\"text-align: right;\">30,00 \u20ac<\/td>\n<\/tr>\n<\/tbody>\n<\/table>\n<p>[\/et_pb_toggle][et_pb_toggle title=\u00a0\u00bbforfaits GLOSS\u00a0\u00bb icon_color=\u00a0\u00bbgcid-ea47b4d6-5b88-4770-bf01-5cdb469a7446&Prime; use_icon_font_size=\u00a0\u00bbon\u00a0\u00bb icon_font_size=\u00a0\u00bb24px\u00a0\u00bb open_icon_color=\u00a0\u00bbgcid-f69ff1f4-6579-4a0a-9d2c-c4ea7cad4d93&Prime; open_use_icon_font_size=\u00a0\u00bbon\u00a0\u00bb open_icon_font_size=\u00a0\u00bb24px\u00a0\u00bb _builder_version=\u00a0\u00bb4.27.0&Prime; _module_preset=\u00a0\u00bbdefault\u00a0\u00bb title_font=\u00a0\u00bb|||on|||||\u00a0\u00bb title_font_size=\u00a0\u00bb20px\u00a0\u00bb body_font=\u00a0\u00bbPlatform Regular||||||||\u00a0\u00bb background_color=\u00a0\u00bb#f9f9f9&Prime; text_orientation=\u00a0\u00bbleft\u00a0\u00bb custom_margin=\u00a0\u00bb8px||8px||true|false\u00a0\u00bb border_radii=\u00a0\u00bbon|8px|8px|8px|8px\u00a0\u00bb border_width_all=\u00a0\u00bb0px\u00a0\u00bb border_color_all=\u00a0\u00bbgcid-f69ff1f4-6579-4a0a-9d2c-c4ea7cad4d93&Prime; global_colors_info=\u00a0\u00bb{%22gcid-f69ff1f4-6579-4a0a-9d2c-c4ea7cad4d93%22:%91%22border_color_all%22%93,%22gcid-ea47b4d6-5b88-4770-bf01-5cdb469a7446%22:%91%22icon_color%22%93}\u00a0\u00bb]<\/p>\n<table>\n<thead>\n<tr>\n<th colspan=\"2\">FORFAITS GLOSS<\/th>\n<\/tr>\n<\/thead>\n<tbody>\n<tr>\n<td>Gloss + coiffage ch. courts ou racines<\/td>\n<td style=\"text-align: right;\">55,00 \u20ac<\/td>\n<\/tr>\n<tr>\n<td>Gloss + coiffage ch. mi-longs<\/td>\n<td style=\"text-align: right;\">67,00 \u20ac<\/td>\n<\/tr>\n<tr>\n<td>Gloss + coiffage ch. longs<\/td>\n<td style=\"text-align: right;\">85,00 \u20ac<\/td>\n<\/tr>\n<tr>\n<td>Gloss + Coupe ENTRETIEN + coiffage ch. Courts<\/td>\n<td style=\"text-align: right;\">72,00 \u20ac<\/td>\n<\/tr>\n<tr>\n<td>Gloss + Coupe ENTRETIEN + coiffage ch. mi-longs<\/td>\n<td style=\"text-align: right;\">85,00 \u20ac<\/td>\n<\/tr>\n<tr>\n<td>Gloss + Coupe ENTRETIEN + coiffage ch. longs<\/td>\n<td style=\"text-align: right;\">100,00 \u20ac<\/td>\n<\/tr>\n<tr>\n<td>Gloss + Coupe CR\u00c9ATION + coiffage ch.courts<\/td>\n<td style=\"text-align: right;\">80,00 \u20ac<\/td>\n<\/tr>\n<tr>\n<td>Gloss + Coupe CR\u00c9ATION + coiffage ch. mi-longs<\/td>\n<td style=\"text-align: right;\">95,00 \u20ac<\/td>\n<\/tr>\n<tr>\n<td>Gloss + Coupe CR\u00c9ATION + coiffage ch. longs<\/td>\n<td style=\"text-align: right;\">110,00 \u20ac<\/td>\n<\/tr>\n<\/tbody>\n<\/table>\n<p>[\/et_pb_toggle][et_pb_toggle title=\u00a0\u00bbBalayage\u00a0\u00bb icon_color=\u00a0\u00bb#F560A6&Prime; use_icon_font_size=\u00a0\u00bbon\u00a0\u00bb icon_font_size=\u00a0\u00bb24px\u00a0\u00bb open_icon_color=\u00a0\u00bbgcid-f69ff1f4-6579-4a0a-9d2c-c4ea7cad4d93&Prime; open_use_icon_font_size=\u00a0\u00bbon\u00a0\u00bb open_icon_font_size=\u00a0\u00bb24px\u00a0\u00bb _builder_version=\u00a0\u00bb4.27.0&Prime; _module_preset=\u00a0\u00bbdefault\u00a0\u00bb title_font=\u00a0\u00bb|||on|||||\u00a0\u00bb title_font_size=\u00a0\u00bb20px\u00a0\u00bb body_font=\u00a0\u00bbPlatform Regular||||||||\u00a0\u00bb background_color=\u00a0\u00bb#f9f9f9&Prime; text_orientation=\u00a0\u00bbleft\u00a0\u00bb custom_margin=\u00a0\u00bb8px||8px||true|false\u00a0\u00bb border_radii=\u00a0\u00bbon|8px|8px|8px|8px\u00a0\u00bb border_width_all=\u00a0\u00bb0px\u00a0\u00bb border_color_all=\u00a0\u00bbgcid-f69ff1f4-6579-4a0a-9d2c-c4ea7cad4d93&Prime; global_colors_info=\u00a0\u00bb{%22gcid-f69ff1f4-6579-4a0a-9d2c-c4ea7cad4d93%22:%91%22border_color_all%22%93}\u00a0\u00bb]<\/p>\n<table>\n<thead>\n<tr>\n<th colspan=\"2\">BALAYAGE PARTIEL<\/th>\n<\/tr>\n<\/thead>\n<tbody>\n<tr>\n<td colspan=\"2\">\n<p>Le balayage partiel est nuanc\u00e9. Il est travaill\u00e9 en voiles pour apporter de la lumi\u00e8re \u00e0 la chevelure. L&rsquo;id\u00e9e est de conserver des cheveux naturels dans l&rsquo;ensemble tout en cr\u00e9ant un contraste.<\/p>\n<p>Nous travaillons avec les produits \u00e9claircissants Kevin Murphy par Wella (salons lyonnais) et Redken (salon marseillais).<\/p>\n<\/td>\n<\/tr>\n<tr>\n<td>Courts<\/td>\n<td style=\"text-align: right;\">50,00 \u20ac<\/td>\n<\/tr>\n<tr>\n<td>Mi-longs<\/td>\n<td style=\"text-align: right;\">80,00 \u20ac<\/td>\n<\/tr>\n<tr>\n<td>Longs<\/td>\n<td style=\"text-align: right;\">100,00 \u20ac<\/td>\n<\/tr>\n<\/tbody>\n<\/table>\n<p>&nbsp;<\/p>\n<table>\n<thead>\n<tr>\n<th colspan=\"2\">BALAYAGE GLOBAL<\/th>\n<\/tr>\n<\/thead>\n<tbody>\n<tr>\n<td colspan=\"2\">\n<p>Le balayage global est travaill\u00e9 en voiles sur la totalit\u00e9 des longueurs et profondeur en racines, selon le r\u00e9sultat souhait\u00e9.<\/p>\n<p>Nous travaillons avec les produits \u00e9claircissants Kevin Murphy par Wella (salons lyonnais) et Redken (salon marseillais).<\/p>\n<\/td>\n<\/tr>\n<tr>\n<td>Mi-longs<\/td>\n<td style=\"text-align: right;\">100,00 \u20ac<\/td>\n<\/tr>\n<tr>\n<td>Longs<\/td>\n<td style=\"text-align: right;\">120,00 \u20ac<\/td>\n<\/tr>\n<\/tbody>\n<\/table>\n<p>[\/et_pb_toggle][et_pb_toggle title=\u00a0\u00bbLES COLORATIONS\u00a0\u00bb icon_color=\u00a0\u00bb#F560A6&Prime; use_icon_font_size=\u00a0\u00bbon\u00a0\u00bb icon_font_size=\u00a0\u00bb24px\u00a0\u00bb open_icon_color=\u00a0\u00bbgcid-f69ff1f4-6579-4a0a-9d2c-c4ea7cad4d93&Prime; open_use_icon_font_size=\u00a0\u00bbon\u00a0\u00bb open_icon_font_size=\u00a0\u00bb24px\u00a0\u00bb _builder_version=\u00a0\u00bb4.27.0&Prime; _module_preset=\u00a0\u00bbdefault\u00a0\u00bb title_font=\u00a0\u00bb|||on|||||\u00a0\u00bb title_font_size=\u00a0\u00bb20px\u00a0\u00bb body_font=\u00a0\u00bbPlatform Regular||||||||\u00a0\u00bb background_color=\u00a0\u00bb#f9f9f9&Prime; text_orientation=\u00a0\u00bbleft\u00a0\u00bb custom_margin=\u00a0\u00bb8px||8px||true|false\u00a0\u00bb border_radii=\u00a0\u00bbon|8px|8px|8px|8px\u00a0\u00bb border_width_all=\u00a0\u00bb0px\u00a0\u00bb border_color_all=\u00a0\u00bbgcid-f69ff1f4-6579-4a0a-9d2c-c4ea7cad4d93&Prime; global_colors_info=\u00a0\u00bb{%22gcid-f69ff1f4-6579-4a0a-9d2c-c4ea7cad4d93%22:%91%22border_color_all%22%93}\u00a0\u00bb]<\/p>\n<table>\n<thead>\n<tr>\n<th colspan=\"2\">COLORATION<\/th>\n<\/tr>\n<\/thead>\n<tbody>\n<tr>\n<td colspan=\"2\">Avec plus ou moins de couvrance ou de transparence, nous d\u00e9terminerons avec vous la gamme Redken la plus adapt\u00e9e \u00e0 votre projet.<\/td>\n<\/tr>\n<tr>\n<td>Courts ou Racines<\/td>\n<td style=\"text-align: right;\">40,00 \u20ac<\/td>\n<\/tr>\n<tr>\n<td>Mi-longs<\/td>\n<td style=\"text-align: right;\">50,00 \u20ac<\/td>\n<\/tr>\n<tr>\n<td>Longs<\/td>\n<td style=\"text-align: right;\">60,00 \u20ac<\/td>\n<\/tr>\n<\/tbody>\n<\/table>\n<table>\n<thead>\n<tr>\n<th colspan=\"2\">COLORATION V\u00c9G\u00c9TALE<\/th>\n<\/tr>\n<\/thead>\n<tbody>\n<tr>\n<td colspan=\"2\">Compos\u00e9e \u00e0 89% d&rsquo;ingr\u00e9dients \u00e0 la base de plante, la gamme de coloration v\u00e9g\u00e9tale EOS de Wella Professionnel offre un panel de dix nuances inspir\u00e9es de la nature : gingembre, cacao, piment, curry, cannelle, paprika &#8230; etc. Cette technique de coloration renforce la fibre capillaire avec notamment l&rsquo;huile de ricin dans sa composition.<\/td>\n<\/tr>\n<tr>\n<td>Courts ou racines<\/td>\n<td style=\"text-align: right;\">40,00 \u20ac<\/td>\n<\/tr>\n<tr>\n<td>Mi-longs<\/td>\n<td style=\"text-align: right;\">50,00 \u20ac<\/td>\n<\/tr>\n<tr>\n<td>Longs<\/td>\n<td style=\"text-align: right;\">60,00 \u20ac<\/td>\n<\/tr>\n<\/tbody>\n<\/table>\n<table>\n<thead>\n<tr>\n<th colspan=\"2\">COULEUR CR\u00c9ATIVE (toute la t\u00eate)<\/th>\n<\/tr>\n<\/thead>\n<tbody>\n<tr>\n<td>Courts ou racines<\/td>\n<td style=\"text-align: right;\">30,00 \u20ac<\/td>\n<\/tr>\n<tr>\n<td>Mi-longs<\/td>\n<td style=\"text-align: right;\">50,00 \u20ac<\/td>\n<\/tr>\n<tr>\n<td>Longs<\/td>\n<td style=\"text-align: right;\">80,00 \u20ac<\/td>\n<\/tr>\n<\/tbody>\n<\/table>\n<table>\n<thead>\n<tr>\n<th colspan=\"2\">PLACEMENT<\/th>\n<\/tr>\n<\/thead>\n<tbody>\n<tr>\n<td colspan=\"2\">Lors du diagnostic, le coiffeur d\u00e9finit avec vous un placement de couleur cr\u00e9ative sur une partie de la cheveulure. Une m\u00e8che rose, un triangle jaune, un undercut bleu\u2026 nous saurons vous conseiller sur vos choix. Pas de limite, soyez originaux !<\/td>\n<\/tr>\n<tr>\n<td>Une m\u00e8che<\/td>\n<td style=\"text-align: right;\">15,00 \u20ac<\/td>\n<\/tr>\n<tr>\n<td>1\/4 de t\u00eate courts \u00e0 mi-long<\/td>\n<td style=\"text-align: right;\">25,00 \u20ac<\/td>\n<\/tr>\n<tr>\n<td>1\/4 de t\u00eate longs<\/td>\n<td style=\"text-align: right;\">30,00 \u20ac<\/td>\n<\/tr>\n<tr>\n<td>1\/2 de t\u00eate courts \u00e0 mi-long<\/td>\n<td style=\"text-align: right;\">30,00 \u20ac<\/td>\n<\/tr>\n<tr>\n<td>1\/2 de t\u00eate longs<\/td>\n<td style=\"text-align: right;\">40,00 \u20ac<\/td>\n<\/tr>\n<\/tbody>\n<\/table>\n<table>\n<thead>\n<tr>\n<th colspan=\"2\">GLOSS<\/th>\n<\/tr>\n<\/thead>\n<tbody>\n<tr>\n<td colspan=\"2\">Le gloss est une \u00ab\u00a0couleur\u00a0\u00bb acide qui n&rsquo;oxyde pas le cheveu. Il apporte plus d&rsquo;intensit\u00e9 et ravive les cheveux ternes et ab\u00eem\u00e9s. Il permet de donner de la brillance, des reflets ou foncer la chevelure.<\/td>\n<\/tr>\n<tr>\n<td>Courts<\/td>\n<td style=\"text-align: right;\">30,00 \u20ac<\/td>\n<\/tr>\n<tr>\n<td>Mi-longs<\/td>\n<td style=\"text-align: right;\">40,00 \u20ac<\/td>\n<\/tr>\n<tr>\n<td>Longs<\/td>\n<td style=\"text-align: right;\">50,00 \u20ac<\/td>\n<\/tr>\n<\/tbody>\n<\/table>\n<table>\n<thead>\n<tr>\n<th colspan=\"2\">PATINE<\/th>\n<\/tr>\n<\/thead>\n<tbody>\n<tr>\n<td colspan=\"2\">La patine est toujours en deuxi\u00e8me \u00e9tape d&rsquo;un travail technique, elle intervient apr\u00e8s une d\u00e9coloration ou en entretien entre deux prestations. Elle permet de neutraliser un reflet, apporter une nouvelle nuance et\/ou donner de la brillance.<\/td>\n<\/tr>\n<tr>\n<td>Courts<\/td>\n<td style=\"text-align: right;\">15,00 \u20ac<\/td>\n<\/tr>\n<tr>\n<td>Mi-longs<\/td>\n<td style=\"text-align: right;\">30,00 \u20ac<\/td>\n<\/tr>\n<tr>\n<td>Longs<\/td>\n<td style=\"text-align: right;\">40,00 \u20ac<\/td>\n<\/tr>\n<\/tbody>\n<\/table>\n<table>\n<thead>\n<tr>\n<th colspan=\"2\">BASE BREAKER<\/th>\n<\/tr>\n<\/thead>\n<tbody>\n<tr>\n<td colspan=\"2\">Le principe est de \u00ab\u00a0casser\u00a0\u00bb \/ \u00e9claircir d&rsquo;un ton lorsque la racine est trop fonc\u00e9e. Le base breaker peut \u00eatre une option pour fondre les premiers cheveux blancs en racines.<\/td>\n<\/tr>\n<tr>\n<td>racines<\/td>\n<td style=\"text-align: right;\">25,00 \u20ac<\/td>\n<\/tr>\n<tr>\n<td>complet<\/td>\n<td style=\"text-align: right;\">35,00 \u20ac<\/td>\n<\/tr>\n<\/tbody>\n<\/table>\n<table>\n<thead>\n<tr>\n<th colspan=\"2\">NETTOYAGE<\/th>\n<\/tr>\n<\/thead>\n<tbody>\n<tr>\n<td colspan=\"2\">C&rsquo;est un gommage permettant de retirer la surchage de colorations pr\u00e9c\u00e9demment r\u00e9alis\u00e9es. Le nettoyage intervient en premi\u00e8re \u00e9tape d&rsquo;un travail de coloration.<\/td>\n<\/tr>\n<tr>\n<td>Courts<\/td>\n<td style=\"text-align: right;\">25,00 \u20ac<\/td>\n<\/tr>\n<tr>\n<td>Mi-longs<\/td>\n<td style=\"text-align: right;\">40,00 \u20ac<\/td>\n<\/tr>\n<tr>\n<td>longs<\/td>\n<td style=\"text-align: right;\">50,00 \u20ac<\/td>\n<\/tr>\n<\/tbody>\n<\/table>\n<p>[\/et_pb_toggle][et_pb_toggle title=\u00a0\u00bbD\u00e9coloration\u00a0\u00bb icon_color=\u00a0\u00bbgcid-ea47b4d6-5b88-4770-bf01-5cdb469a7446&Prime; use_icon_font_size=\u00a0\u00bbon\u00a0\u00bb icon_font_size=\u00a0\u00bb24px\u00a0\u00bb open_icon_color=\u00a0\u00bbgcid-f69ff1f4-6579-4a0a-9d2c-c4ea7cad4d93&Prime; open_use_icon_font_size=\u00a0\u00bbon\u00a0\u00bb open_icon_font_size=\u00a0\u00bb24px\u00a0\u00bb _builder_version=\u00a0\u00bb4.27.0&Prime; _module_preset=\u00a0\u00bbdefault\u00a0\u00bb title_font=\u00a0\u00bb|||on|||||\u00a0\u00bb title_font_size=\u00a0\u00bb20px\u00a0\u00bb body_font=\u00a0\u00bbPlatform Regular||||||||\u00a0\u00bb background_color=\u00a0\u00bb#f9f9f9&Prime; text_orientation=\u00a0\u00bbleft\u00a0\u00bb custom_margin=\u00a0\u00bb8px||8px||true|false\u00a0\u00bb border_radii=\u00a0\u00bbon|8px|8px|8px|8px\u00a0\u00bb border_width_all=\u00a0\u00bb0px\u00a0\u00bb border_color_all=\u00a0\u00bbgcid-f69ff1f4-6579-4a0a-9d2c-c4ea7cad4d93&Prime; global_colors_info=\u00a0\u00bb{%22gcid-f69ff1f4-6579-4a0a-9d2c-c4ea7cad4d93%22:%91%22border_color_all%22%93,%22gcid-ea47b4d6-5b88-4770-bf01-5cdb469a7446%22:%91%22icon_color%22%93}\u00a0\u00bb]<\/p>\n<table>\n<thead>\n<tr>\n<th colspan=\"2\">D\u00c9COLORATION<\/th>\n<\/tr>\n<\/thead>\n<tbody>\n<tr>\n<td colspan=\"2\">La d\u00e9coloration permet de retirer des pigments naturels ou artificiels de la chevelure, c&rsquo;est un \u00e9claircissement total. C&rsquo;est un nouveau d\u00e9part, comme une page blanche o\u00f9 on peut laisser place \u00e0 notre imagination.<\/td>\n<\/tr>\n<\/tbody>\n<\/table>\n<table>\n<thead>\n<tr>\n<th colspan=\"2\">DECOLORATION ENTIERE<\/th>\n<\/tr>\n<\/thead>\n<tbody>\n<tr>\n<td>M\u00e8che<\/td>\n<td style=\"text-align: right;\">30,00 \u20ac<\/td>\n<\/tr>\n<tr>\n<td>Courts<\/td>\n<td style=\"text-align: right;\">120,00 \u20ac<\/td>\n<\/tr>\n<tr>\n<td>Mi-longs<\/td>\n<td style=\"text-align: right;\">140,00 \u20ac<\/td>\n<\/tr>\n<tr>\n<td>Longs<\/td>\n<td style=\"text-align: right;\">180,00 \u20ac<\/td>\n<\/tr>\n<\/tbody>\n<\/table>\n<table>\n<thead>\n<tr>\n<th colspan=\"2\">RACINES DECO<\/th>\n<\/tr>\n<\/thead>\n<tbody>\n<tr>\n<td>Racines<\/td>\n<td style=\"text-align: right;\">100,00 \u20ac<\/td>\n<\/tr>\n<tr>\n<td>M\u00e8che<\/td>\n<td style=\"text-align: right;\">20,00 \u20ac<\/td>\n<\/tr>\n<tr>\n<td>1\/4 de t\u00eate<\/td>\n<td style=\"text-align: right;\">30,00 \u20ac<\/td>\n<\/tr>\n<tr>\n<td>Demi-t\u00eate<\/td>\n<td style=\"text-align: right;\">50,00 \u20ac<\/td>\n<\/tr>\n<\/tbody>\n<\/table>\n<table>\n<thead>\n<tr>\n<th colspan=\"2\">DECO demi-t\u00eate<\/th>\n<\/tr>\n<\/thead>\n<tbody>\n<tr>\n<td>Courts<\/td>\n<td style=\"text-align: right;\">60,00 \u20ac<\/td>\n<\/tr>\n<tr>\n<td>Mi-longs<\/td>\n<td style=\"text-align: right;\">70,00 \u20ac<\/td>\n<\/tr>\n<tr>\n<td>Longs<\/td>\n<td style=\"text-align: right;\">90,00 \u20ac<\/td>\n<\/tr>\n<\/tbody>\n<\/table>\n<table>\n<thead>\n<tr>\n<th colspan=\"2\">DECO Quart de t\u00eate<\/th>\n<\/tr>\n<\/thead>\n<tbody>\n<tr>\n<td>Courts<\/td>\n<td style=\"text-align: right;\">35,00 \u20ac<\/td>\n<\/tr>\n<tr>\n<td>Mi-longs<\/td>\n<td style=\"text-align: right;\">45,00 \u20ac<\/td>\n<\/tr>\n<tr>\n<td>Longs<\/td>\n<td style=\"text-align: right;\">55,00 \u20ac<\/td>\n<\/tr>\n<\/tbody>\n<\/table>\n<table>\n<thead>\n<tr>\n<th colspan=\"2\">DOUBLE DECOLORATION<\/th>\n<\/tr>\n<\/thead>\n<tbody>\n<tr>\n<td>M\u00e8che<\/td>\n<td style=\"text-align: right;\">50,00 \u20ac<\/td>\n<\/tr>\n<tr>\n<td>Courts<\/td>\n<td style=\"text-align: right;\">160,00 \u20ac<\/td>\n<\/tr>\n<tr>\n<td>Mi-longs<\/td>\n<td style=\"text-align: right;\">200,00 \u20ac<\/td>\n<\/tr>\n<tr>\n<td>Longs<\/td>\n<td style=\"text-align: right;\">250,00 \u20ac<\/td>\n<\/tr>\n<\/tbody>\n<\/table>\n<p>[\/et_pb_toggle][\/et_pb_column][et_pb_column type=\u00a0\u00bb1_5&Prime; _builder_version=\u00a0\u00bb4.16&Prime; _module_preset=\u00a0\u00bbdefault\u00a0\u00bb global_colors_info=\u00a0\u00bb{}\u00a0\u00bb][\/et_pb_column][\/et_pb_row][\/et_pb_section]<\/p>\n","protected":false},"excerpt":{"rendered":"<p>Prestations second faceChez Second Face, les tarifs sont non genr\u00e9s. Plus de discrimination envers quiconque : nous sommes \u00e9gaux, nous payons le m\u00eame prix ! Les tarifs sont calcul\u00e9s en fonction d\u2019une longueur de cheveux et de la dur\u00e9e de la prestation choisie. Pour calculer le tarif de votre projet capillaire, additionnez les prestations de [&hellip;]<\/p>\n","protected":false},"author":1,"featured_media":0,"parent":0,"menu_order":0,"comment_status":"closed","ping_status":"closed","template":"","meta":{"_acf_changed":false,"_et_pb_use_builder":"on","_et_pb_old_content":"","_et_gb_content_width":"","footnotes":""},"dipi_cpt_category":[],"class_list":["post-6396","page","type-page","status-publish","hentry"],"acf":[],"_links":{"self":[{"href":"https:\/\/2nd-face.com\/sf-staging\/wp-json\/wp\/v2\/pages\/6396","targetHints":{"allow":["GET"]}}],"collection":[{"href":"https:\/\/2nd-face.com\/sf-staging\/wp-json\/wp\/v2\/pages"}],"about":[{"href":"https:\/\/2nd-face.com\/sf-staging\/wp-json\/wp\/v2\/types\/page"}],"author":[{"embeddable":true,"href":"https:\/\/2nd-face.com\/sf-staging\/wp-json\/wp\/v2\/users\/1"}],"replies":[{"embeddable":true,"href":"https:\/\/2nd-face.com\/sf-staging\/wp-json\/wp\/v2\/comments?post=6396"}],"version-history":[{"count":34,"href":"https:\/\/2nd-face.com\/sf-staging\/wp-json\/wp\/v2\/pages\/6396\/revisions"}],"predecessor-version":[{"id":8018,"href":"https:\/\/2nd-face.com\/sf-staging\/wp-json\/wp\/v2\/pages\/6396\/revisions\/8018"}],"wp:attachment":[{"href":"https:\/\/2nd-face.com\/sf-staging\/wp-json\/wp\/v2\/media?parent=6396"}],"wp:term":[{"taxonomy":"dipi_cpt_category","embeddable":true,"href":"https:\/\/2nd-face.com\/sf-staging\/wp-json\/wp\/v2\/dipi_cpt_category?post=6396"}],"curies":[{"name":"wp","href":"https:\/\/api.w.org\/{rel}","templated":true}]}}