{"id":6837,"date":"2024-06-19T10:36:28","date_gmt":"2024-06-19T09:36:28","guid":{"rendered":"https:\/\/2nd-face.com\/sf-staging\/?page_id=6837"},"modified":"2025-09-16T10:56:59","modified_gmt":"2025-09-16T09:56:59","slug":"coiffeur-visagiste-just-a-cut","status":"publish","type":"page","link":"https:\/\/2nd-face.com\/sf-staging\/salons\/coiffeur-visagiste-just-a-cut\/","title":{"rendered":"Salon Just a Cut"},"content":{"rendered":"<p>[et_pb_section fb_built=\u00a0\u00bb1&Prime; custom_padding_last_edited=\u00a0\u00bbon|phone\u00a0\u00bb _builder_version=\u00a0\u00bb4.27.0&Prime; _module_preset=\u00a0\u00bbdefault\u00a0\u00bb custom_margin=\u00a0\u00bb0px||0px||false|false\u00a0\u00bb custom_padding=\u00a0\u00bb48px||80px||false|false\u00a0\u00bb custom_padding_tablet=\u00a0\u00bb||48px||false|false\u00a0\u00bb custom_padding_phone=\u00a0\u00bb48px||0px||false|false\u00a0\u00bb locked=\u00a0\u00bboff\u00a0\u00bb global_colors_info=\u00a0\u00bb{}\u00a0\u00bb][et_pb_row column_structure=\u00a0\u00bb3_5,2_5&Prime; use_custom_gutter=\u00a0\u00bbon\u00a0\u00bb gutter_width=\u00a0\u00bb4&Prime; make_equal=\u00a0\u00bbon\u00a0\u00bb _builder_version=\u00a0\u00bb4.27.0&Prime; _module_preset=\u00a0\u00bbdefault\u00a0\u00bb width=\u00a0\u00bb66%\u00a0\u00bb width_tablet=\u00a0\u00bb80%\u00a0\u00bb width_phone=\u00a0\u00bb90%\u00a0\u00bb width_last_edited=\u00a0\u00bbon|phone\u00a0\u00bb custom_margin=\u00a0\u00bb0px||0px||true|false\u00a0\u00bb custom_padding=\u00a0\u00bb0px||0px||true|false\u00a0\u00bb global_colors_info=\u00a0\u00bb{}\u00a0\u00bb][et_pb_column type=\u00a0\u00bb3_5&Prime; _builder_version=\u00a0\u00bb4.27.0&Prime; _module_preset=\u00a0\u00bbdefault\u00a0\u00bb animation_style=\u00a0\u00bbslide\u00a0\u00bb animation_direction=\u00a0\u00bbbottom\u00a0\u00bb global_colors_info=\u00a0\u00bb{}\u00a0\u00bb][et_pb_image src=\u00a0\u00bbhttps:\/\/2nd-face.com\/sf-staging\/wp-content\/uploads\/2024\/08\/Preview-7195BD.jpg\u00a0\u00bb title_text=\u00a0\u00bbPreview-7195BD\u00a0\u00bb _builder_version=\u00a0\u00bb4.27.0&Prime; _module_preset=\u00a0\u00bbdefault\u00a0\u00bb border_radii=\u00a0\u00bbon|8px|8px|8px|8px\u00a0\u00bb locked=\u00a0\u00bboff\u00a0\u00bb global_colors_info=\u00a0\u00bb{}\u00a0\u00bb][\/et_pb_image][dipi_button_grid _builder_version=\u00a0\u00bb4.27.0&Prime; _module_preset=\u00a0\u00bbdefault\u00a0\u00bb global_colors_info=\u00a0\u00bb{}\u00a0\u00bb][\/dipi_button_grid][\/et_pb_column][et_pb_column type=\u00a0\u00bb2_5&Prime; _builder_version=\u00a0\u00bb4.27.0&Prime; _module_preset=\u00a0\u00bbdefault\u00a0\u00bb transform_scale_tablet=\u00a0\u00bb\u00a0\u00bb transform_scale_phone=\u00a0\u00bb\u00a0\u00bb transform_scale_last_edited=\u00a0\u00bbon|tablet\u00a0\u00bb transform_translate_tablet=\u00a0\u00bb0px|0px\u00a0\u00bb transform_translate_phone=\u00a0\u00bb0px|0px\u00a0\u00bb transform_translate_last_edited=\u00a0\u00bbon|phone\u00a0\u00bb transform_translate_linked=\u00a0\u00bboff\u00a0\u00bb transform_rotate_tablet=\u00a0\u00bb\u00a0\u00bb transform_rotate_phone=\u00a0\u00bb\u00a0\u00bb transform_rotate_last_edited=\u00a0\u00bbon|tablet\u00a0\u00bb transform_skew_tablet=\u00a0\u00bb\u00a0\u00bb transform_skew_phone=\u00a0\u00bb\u00a0\u00bb transform_skew_last_edited=\u00a0\u00bbon|tablet\u00a0\u00bb transform_origin_tablet=\u00a0\u00bb\u00a0\u00bb transform_origin_phone=\u00a0\u00bb\u00a0\u00bb transform_origin_last_edited=\u00a0\u00bbon|tablet\u00a0\u00bb transform_styles_last_edited=\u00a0\u00bbon|phone\u00a0\u00bb animation_style=\u00a0\u00bbslide\u00a0\u00bb animation_direction=\u00a0\u00bbtop\u00a0\u00bb transform_styles_tablet=\u00a0\u00bb\u00a0\u00bb transform_styles_phone=\u00a0\u00bb\u00a0\u00bb global_colors_info=\u00a0\u00bb{}\u00a0\u00bb][et_pb_post_title meta=\u00a0\u00bboff\u00a0\u00bb featured_image=\u00a0\u00bboff\u00a0\u00bb _builder_version=\u00a0\u00bb4.27.0&Prime; _module_preset=\u00a0\u00bbdefault\u00a0\u00bb title_font=\u00a0\u00bbLyno Jean|||on|||||\u00a0\u00bb title_text_color=\u00a0\u00bbgcid-f69ff1f4-6579-4a0a-9d2c-c4ea7cad4d93&Prime; title_font_size=\u00a0\u00bb64px\u00a0\u00bb custom_margin=\u00a0\u00bb16px||16px||true|false\u00a0\u00bb custom_margin_tablet=\u00a0\u00bb16px||16px||true|false\u00a0\u00bb custom_margin_phone=\u00a0\u00bb8px||8px||true|false\u00a0\u00bb custom_margin_last_edited=\u00a0\u00bbon|phone\u00a0\u00bb custom_padding=\u00a0\u00bb0px||0px||true|false\u00a0\u00bb title_font_size_tablet=\u00a0\u00bb48px\u00a0\u00bb title_font_size_phone=\u00a0\u00bb48px\u00a0\u00bb title_font_size_last_edited=\u00a0\u00bbon|tablet\u00a0\u00bb global_colors_info=\u00a0\u00bb{%22gcid-f69ff1f4-6579-4a0a-9d2c-c4ea7cad4d93%22:%91%22title_text_color%22%93}\u00a0\u00bb][\/et_pb_post_title][et_pb_text _builder_version=\u00a0\u00bb4.27.4&Prime; _module_preset=\u00a0\u00bbdefault\u00a0\u00bb text_font=\u00a0\u00bbIBM Plex Mono||||||||\u00a0\u00bb custom_margin=\u00a0\u00bb16px||16px||true|false\u00a0\u00bb global_colors_info=\u00a0\u00bb{}\u00a0\u00bb]<\/p>\n<p>Notre salon uniquement pour de la coupe et sans rendez-vous !<\/p>\n<p>Historiquement nos salons ne proposaient que du \u00ab sans RDV \u00bb. Mais entre le Covid et les multiples r\u00e9servations, nos plannings \u00e9taient complets. Nous avons donc d\u00e9cid\u00e9 d\u2019ouvrir le Just A Cut. Un salon d\u00e9di\u00e9 \u00e0 la coupe sans rendez-vous pour profiter du meilleur de la coiffure by Second Face du mardi au samedi sans RDV.<\/p>\n<p>[\/et_pb_text][et_pb_button button_url=\u00a0\u00bb@ET-DC@eyJkeW5hbWljIjp0cnVlLCJjb250ZW50IjoicG9zdF9saW5rX3VybF9wYWdlIiwic2V0dGluZ3MiOnsicG9zdF9pZCI6IjU5NjUifX0=@\u00a0\u00bb button_text=\u00a0\u00bbSans Rendez-vous\u00a0\u00bb button_alignment=\u00a0\u00bbleft\u00a0\u00bb _builder_version=\u00a0\u00bb4.27.0&Prime; _dynamic_attributes=\u00a0\u00bbbutton_url\u00a0\u00bb _module_preset=\u00a0\u00bbdefault\u00a0\u00bb button_text_color=\u00a0\u00bb#FFFFFF\u00a0\u00bb button_bg_color=\u00a0\u00bbgcid-f69ff1f4-6579-4a0a-9d2c-c4ea7cad4d93&Prime; button_border_radius=\u00a0\u00bb8px\u00a0\u00bb custom_margin=\u00a0\u00bb0px||24px||false|false\u00a0\u00bb custom_padding=\u00a0\u00bb4px||4px||true|false\u00a0\u00bb locked=\u00a0\u00bboff\u00a0\u00bb global_colors_info=\u00a0\u00bb{%22gcid-primary-color%22:%91%22button_text_color__hover%22%93,%22gcid-f69ff1f4-6579-4a0a-9d2c-c4ea7cad4d93%22:%91%22button_bg_color%22,%22button_bg_color__hover%22%93}\u00a0\u00bb button_text_color__hover_enabled=\u00a0\u00bbon|desktop\u00a0\u00bb button_text_color__hover=\u00a0\u00bb#ffffff\u00a0\u00bb button_bg_color__hover=\u00a0\u00bb#f65f2e\u00a0\u00bb button_bg_enable_color__hover=\u00a0\u00bbon\u00a0\u00bb][\/et_pb_button][\/et_pb_column][\/et_pb_row][et_pb_row column_structure=\u00a0\u00bb3_5,2_5&Prime; use_custom_gutter=\u00a0\u00bbon\u00a0\u00bb gutter_width=\u00a0\u00bb4&Prime; make_equal=\u00a0\u00bbon\u00a0\u00bb _builder_version=\u00a0\u00bb4.27.0&Prime; _module_preset=\u00a0\u00bbdefault\u00a0\u00bb width=\u00a0\u00bb66%\u00a0\u00bb width_tablet=\u00a0\u00bb80%\u00a0\u00bb width_phone=\u00a0\u00bb90%\u00a0\u00bb width_last_edited=\u00a0\u00bbon|phone\u00a0\u00bb custom_margin=\u00a0\u00bb0px||0px||true|false\u00a0\u00bb custom_padding=\u00a0\u00bb0px||0px||true|false\u00a0\u00bb global_colors_info=\u00a0\u00bb{}\u00a0\u00bb][et_pb_column type=\u00a0\u00bb3_5&Prime; _builder_version=\u00a0\u00bb4.27.0&Prime; _module_preset=\u00a0\u00bbdefault\u00a0\u00bb animation_style=\u00a0\u00bbslide\u00a0\u00bb animation_direction=\u00a0\u00bbbottom\u00a0\u00bb global_colors_info=\u00a0\u00bb{}\u00a0\u00bb][dipi_button_grid _builder_version=\u00a0\u00bb4.27.0&Prime; _module_preset=\u00a0\u00bbdefault\u00a0\u00bb global_colors_info=\u00a0\u00bb{}\u00a0\u00bb][\/dipi_button_grid][et_pb_text _builder_version=\u00a0\u00bb4.27.4&Prime; _module_preset=\u00a0\u00bbdefault\u00a0\u00bb text_font=\u00a0\u00bbPlatform Medium||||||||\u00a0\u00bb text_text_color=\u00a0\u00bbgcid-f69ff1f4-6579-4a0a-9d2c-c4ea7cad4d93&Prime; text_font_size=\u00a0\u00bb72px\u00a0\u00bb text_letter_spacing=\u00a0\u00bb2px\u00a0\u00bb text_line_height=\u00a0\u00bb100%\u00a0\u00bb transform_translate_linked=\u00a0\u00bboff\u00a0\u00bb custom_margin=\u00a0\u00bb||8px||false|false\u00a0\u00bb text_font_size_tablet=\u00a0\u00bb64px\u00a0\u00bb text_font_size_phone=\u00a0\u00bb48px\u00a0\u00bb text_font_size_last_edited=\u00a0\u00bbon|phone\u00a0\u00bb global_colors_info=\u00a0\u00bb{%22gcid-f69ff1f4-6579-4a0a-9d2c-c4ea7cad4d93%22:%91%22text_text_color%22%93}\u00a0\u00bb]<\/p>\n<p>Lieu<\/p>\n<p>[\/et_pb_text][et_pb_text _builder_version=\u00a0\u00bb4.27.0&Prime; _module_preset=\u00a0\u00bbdefault\u00a0\u00bb global_colors_info=\u00a0\u00bb{}\u00a0\u00bb]<\/p>\n<p>13 rue Cavenne, 69007 Lyon<\/p>\n<p>04 37 37 49 37<\/p>\n<p>[\/et_pb_text][et_pb_text _builder_version=\u00a0\u00bb4.27.0&Prime; _module_preset=\u00a0\u00bbdefault\u00a0\u00bb text_font=\u00a0\u00bbPlatform Medium||||||||\u00a0\u00bb text_text_color=\u00a0\u00bbgcid-f69ff1f4-6579-4a0a-9d2c-c4ea7cad4d93&Prime; text_font_size=\u00a0\u00bb72px\u00a0\u00bb text_letter_spacing=\u00a0\u00bb2px\u00a0\u00bb text_line_height=\u00a0\u00bb100%\u00a0\u00bb transform_translate_linked=\u00a0\u00bboff\u00a0\u00bb custom_margin=\u00a0\u00bb||8px||false|false\u00a0\u00bb text_font_size_tablet=\u00a0\u00bb64px\u00a0\u00bb text_font_size_phone=\u00a0\u00bb48px\u00a0\u00bb text_font_size_last_edited=\u00a0\u00bbon|phone\u00a0\u00bb global_colors_info=\u00a0\u00bb{%22gcid-f69ff1f4-6579-4a0a-9d2c-c4ea7cad4d93%22:%91%22text_text_color%22,%22text_text_color%22%93,%22gcid-28622b26-271b-4766-94b5-1f080d25b55d%22:%91%22text_text_color%22%93}\u00a0\u00bb]<\/p>\n<p>Horaires<\/p>\n<p>[\/et_pb_text][et_pb_text _builder_version=\u00a0\u00bb4.27.0&Prime; _module_preset=\u00a0\u00bbdefault\u00a0\u00bb global_colors_info=\u00a0\u00bb{}\u00a0\u00bb]<\/p>\n<p>mardi &#8211; samedi : 10h &#8211; 19h<\/p>\n<p>&nbsp;<\/p>\n<p>[\/et_pb_text][\/et_pb_column][et_pb_column type=\u00a0\u00bb2_5&Prime; _builder_version=\u00a0\u00bb4.27.0&Prime; _module_preset=\u00a0\u00bbdefault\u00a0\u00bb transform_scale_tablet=\u00a0\u00bb\u00a0\u00bb transform_scale_phone=\u00a0\u00bb\u00a0\u00bb transform_scale_last_edited=\u00a0\u00bbon|tablet\u00a0\u00bb transform_translate_tablet=\u00a0\u00bb0px|0px\u00a0\u00bb transform_translate_phone=\u00a0\u00bb0px|0px\u00a0\u00bb transform_translate_last_edited=\u00a0\u00bbon|phone\u00a0\u00bb transform_translate_linked=\u00a0\u00bboff\u00a0\u00bb transform_rotate_tablet=\u00a0\u00bb\u00a0\u00bb transform_rotate_phone=\u00a0\u00bb\u00a0\u00bb transform_rotate_last_edited=\u00a0\u00bbon|tablet\u00a0\u00bb transform_skew_tablet=\u00a0\u00bb\u00a0\u00bb transform_skew_phone=\u00a0\u00bb\u00a0\u00bb transform_skew_last_edited=\u00a0\u00bbon|tablet\u00a0\u00bb transform_origin_tablet=\u00a0\u00bb\u00a0\u00bb transform_origin_phone=\u00a0\u00bb\u00a0\u00bb transform_origin_last_edited=\u00a0\u00bbon|tablet\u00a0\u00bb transform_styles_last_edited=\u00a0\u00bbon|phone\u00a0\u00bb animation_style=\u00a0\u00bbslide\u00a0\u00bb animation_direction=\u00a0\u00bbtop\u00a0\u00bb transform_styles_tablet=\u00a0\u00bb\u00a0\u00bb transform_styles_phone=\u00a0\u00bb\u00a0\u00bb global_colors_info=\u00a0\u00bb{}\u00a0\u00bb][et_pb_image src=\u00a0\u00bbhttps:\/\/2nd-face.com\/sf-staging\/wp-content\/uploads\/2024\/06\/Preview-7230.jpg\u00a0\u00bb title_text=\u00a0\u00bbPreview-7230&Prime; show_bottom_space=\u00a0\u00bboff\u00a0\u00bb _builder_version=\u00a0\u00bb4.27.0&Prime; _module_preset=\u00a0\u00bbdefault\u00a0\u00bb custom_margin=\u00a0\u00bb0px||24px||false|false\u00a0\u00bb border_radii=\u00a0\u00bbon|8px|8px|8px|8px\u00a0\u00bb global_colors_info=\u00a0\u00bb{}\u00a0\u00bb][\/et_pb_image][et_pb_button button_url=\u00a0\u00bbhttps:\/\/www.google.com\/local\/place\/fid\/0x47f4eaff793fadab:0xfc88042cbb4bc2d\/photosphere?iu=https:\/\/lh5.googleusercontent.com\/p\/AF1QipN9Rr4KFdFmW5PQfTvcWBhjOlGOEx32bO2UgkXG%3Dw160-h106-k-no-pi-19.44027-ya78.55774-ro1.1205688-fo100&#038;ik=CAoSLEFGMVFpcE45UnI0S0ZkRm1XNVBRZlR2Y1dCaGpPbEdPRXgzMmJPMlVna1hH\u00a0\u00bb button_text=\u00a0\u00bbVisite virtuelle\u00a0\u00bb _builder_version=\u00a0\u00bb4.27.0&Prime; _dynamic_attributes=\u00a0\u00bbbutton_url\u00a0\u00bb _module_preset=\u00a0\u00bbdefault\u00a0\u00bb button_text_color=\u00a0\u00bb#FFFFFF\u00a0\u00bb button_bg_color=\u00a0\u00bbgcid-f69ff1f4-6579-4a0a-9d2c-c4ea7cad4d93&Prime; button_border_radius=\u00a0\u00bb8px\u00a0\u00bb locked=\u00a0\u00bboff\u00a0\u00bb global_colors_info=\u00a0\u00bb{%22gcid-primary-color%22:%91%22button_text_color__hover%22%93,%22gcid-f69ff1f4-6579-4a0a-9d2c-c4ea7cad4d93%22:%91%22button_bg_color%22,%22button_bg_color__hover%22%93}\u00a0\u00bb button_text_color__hover_enabled=\u00a0\u00bbon|desktop\u00a0\u00bb button_text_color__hover=\u00a0\u00bb#ffffff\u00a0\u00bb button_bg_color__hover=\u00a0\u00bb#f65f2e\u00a0\u00bb button_bg_enable_color__hover=\u00a0\u00bbon\u00a0\u00bb][\/et_pb_button][\/et_pb_column][\/et_pb_row][\/et_pb_section][et_pb_section fb_built=\u00a0\u00bb1&Prime; _builder_version=\u00a0\u00bb4.27.4&Prime; _module_preset=\u00a0\u00bbdefault\u00a0\u00bb animation_style=\u00a0\u00bbslide\u00a0\u00bb animation_direction=\u00a0\u00bbbottom\u00a0\u00bb locked=\u00a0\u00bboff\u00a0\u00bb global_colors_info=\u00a0\u00bb{}\u00a0\u00bb][et_pb_row _builder_version=\u00a0\u00bb4.27.4&Prime; _module_preset=\u00a0\u00bbdefault\u00a0\u00bb width=\u00a0\u00bb50%\u00a0\u00bb width_tablet=\u00a0\u00bb75%\u00a0\u00bb width_phone=\u00a0\u00bb75%\u00a0\u00bb width_last_edited=\u00a0\u00bbon|phone\u00a0\u00bb global_colors_info=\u00a0\u00bb{}\u00a0\u00bb][et_pb_column type=\u00a0\u00bb4_4&Prime; _builder_version=\u00a0\u00bb4.27.4&Prime; _module_preset=\u00a0\u00bbdefault\u00a0\u00bb global_colors_info=\u00a0\u00bb{}\u00a0\u00bb][et_pb_text _builder_version=\u00a0\u00bb4.27.4&Prime; _module_preset=\u00a0\u00bbdefault\u00a0\u00bb text_font=\u00a0\u00bbLyno Jean||||||||\u00a0\u00bb text_text_color=\u00a0\u00bbgcid-f69ff1f4-6579-4a0a-9d2c-c4ea7cad4d93&Prime; text_font_size=\u00a0\u00bb32px\u00a0\u00bb text_letter_spacing=\u00a0\u00bb2px\u00a0\u00bb text_line_height=\u00a0\u00bb100%\u00a0\u00bb transform_translate_linked=\u00a0\u00bboff\u00a0\u00bb custom_margin=\u00a0\u00bb||8px||false|false\u00a0\u00bb text_font_size_tablet=\u00a0\u00bb24px\u00a0\u00bb text_font_size_phone=\u00a0\u00bb24px\u00a0\u00bb text_font_size_last_edited=\u00a0\u00bbon|phone\u00a0\u00bb global_colors_info=\u00a0\u00bb{%22gcid-f69ff1f4-6579-4a0a-9d2c-c4ea7cad4d93%22:%91%22text_text_color%22%93}\u00a0\u00bb]Barber shop Lyon 7[\/et_pb_text][et_pb_text _builder_version=\u00a0\u00bb4.27.4&Prime; _module_preset=\u00a0\u00bbdefault\u00a0\u00bb text_font=\u00a0\u00bbIBM Plex Mono||||||||\u00a0\u00bb custom_margin=\u00a0\u00bb16px||16px||true|false\u00a0\u00bb global_colors_info=\u00a0\u00bb{}\u00a0\u00bb]Voil\u00e0 quelques temps que les hommes arborent barbes, moustaches et autres rouflaquettes. Avec cette tendance inspir\u00e9e des ann\u00e9es 40, ont fleuri de nombreux salons de coiffure homme sp\u00e9cialis\u00e9s dans le maniement du coupe-choux, expert en blaireau ! Depuis son ouverture en 1996, Second Face a toujours utilis\u00e9 ses ciseaux pour les cheveux et les barbes. Nous sommes r\u00e9put\u00e9s pour notre expertise en coupes homme, et depuis 23 ans, nous avons eu le temps d\u2019en voir des mode \u2026 et donc avons eu le temps de nous entrainer \ud83d\ude09 Les styles old school n\u2019ont plus de secret pour nous ! undercut, d\u00e9grad\u00e9s am\u00e9ricains, Pompadour, slick back ou encore flat top sont des coupes tr\u00e8s pr\u00e9cises, qui demande une grande minutie, notre atout par excellence.[\/et_pb_text][\/et_pb_column][\/et_pb_row][\/et_pb_section][et_pb_section fb_built=\u00a0\u00bb1&Prime; _builder_version=\u00a0\u00bb4.27.4&Prime; _module_preset=\u00a0\u00bbdefault\u00a0\u00bb locked=\u00a0\u00bboff\u00a0\u00bb global_colors_info=\u00a0\u00bb{}\u00a0\u00bb][et_pb_row column_structure=\u00a0\u00bb1_2,1_2&Prime; _builder_version=\u00a0\u00bb4.27.4&Prime; _module_preset=\u00a0\u00bbdefault\u00a0\u00bb global_colors_info=\u00a0\u00bb{}\u00a0\u00bb][et_pb_column type=\u00a0\u00bb1_2&Prime; _builder_version=\u00a0\u00bb4.27.4&Prime; _module_preset=\u00a0\u00bbdefault\u00a0\u00bb animation_style=\u00a0\u00bbslide\u00a0\u00bb animation_direction=\u00a0\u00bbbottom\u00a0\u00bb global_colors_info=\u00a0\u00bb{}\u00a0\u00bb][et_pb_image src=\u00a0\u00bbhttps:\/\/2nd-face.com\/sf-staging\/wp-content\/uploads\/2024\/06\/Preview-7190.jpg\u00a0\u00bb title_text=\u00a0\u00bbPreview-7190&Prime; show_bottom_space=\u00a0\u00bboff\u00a0\u00bb _builder_version=\u00a0\u00bb4.27.4&Prime; _module_preset=\u00a0\u00bbdefault\u00a0\u00bb custom_padding=\u00a0\u00bb||||false|false\u00a0\u00bb animation_direction=\u00a0\u00bbbottom\u00a0\u00bb border_radii=\u00a0\u00bbon|16px|16px|16px|16px\u00a0\u00bb global_colors_info=\u00a0\u00bb{}\u00a0\u00bb][\/et_pb_image][\/et_pb_column][et_pb_column type=\u00a0\u00bb1_2&Prime; _builder_version=\u00a0\u00bb4.27.4&Prime; _module_preset=\u00a0\u00bbdefault\u00a0\u00bb animation_style=\u00a0\u00bbslide\u00a0\u00bb animation_direction=\u00a0\u00bbbottom\u00a0\u00bb global_colors_info=\u00a0\u00bb{}\u00a0\u00bb][et_pb_text _builder_version=\u00a0\u00bb4.27.4&Prime; _module_preset=\u00a0\u00bbdefault\u00a0\u00bb text_font=\u00a0\u00bbLyno Jean||||||||\u00a0\u00bb text_text_color=\u00a0\u00bbgcid-f69ff1f4-6579-4a0a-9d2c-c4ea7cad4d93&Prime; text_font_size=\u00a0\u00bb32px\u00a0\u00bb text_letter_spacing=\u00a0\u00bb2px\u00a0\u00bb text_line_height=\u00a0\u00bb100%\u00a0\u00bb transform_translate_linked=\u00a0\u00bboff\u00a0\u00bb custom_margin=\u00a0\u00bb||8px||false|false\u00a0\u00bb animation_direction=\u00a0\u00bbbottom\u00a0\u00bb text_font_size_tablet=\u00a0\u00bb24px\u00a0\u00bb text_font_size_phone=\u00a0\u00bb24px\u00a0\u00bb text_font_size_last_edited=\u00a0\u00bbon|phone\u00a0\u00bb global_colors_info=\u00a0\u00bb{%22gcid-f69ff1f4-6579-4a0a-9d2c-c4ea7cad4d93%22:%91%22text_text_color%22%93}\u00a0\u00bb]Coiffeur Visagiste Lyon 7[\/et_pb_text][et_pb_text _builder_version=\u00a0\u00bb4.27.4&Prime; _module_preset=\u00a0\u00bbdefault\u00a0\u00bb text_font=\u00a0\u00bbIBM Plex Mono||||||||\u00a0\u00bb custom_margin=\u00a0\u00bb16px||16px||true|false\u00a0\u00bb global_colors_info=\u00a0\u00bb{}\u00a0\u00bb]<\/p>\n<p>Une \u00e9tude de style, un diagnostic et un coup de ciseaux. Nos coiffeurs et coiffeuses sont form\u00e9s pour r\u00e9pondre \u00e0 toutes vos demandes de coiffure, Mullet, Shag, Wolf Cut, Pixie cut (ou Bixie), Buzzcut, Side Part R\u00e9tro \u2026<\/p>\n<p>Franchissez la porte et venez rafraichir votre coupe ou venez cr\u00e9er du changement pour accueillir une nouvelle saison en \u00e9tant toujours \u00e0 la pointe des tendances tout en respectant votre style. Venez pour la coupe, restez pour l\u2019ambiance.<\/p>\n<p>[\/et_pb_text][\/et_pb_column][\/et_pb_row][\/et_pb_section][et_pb_section fb_built=\u00a0\u00bb1&Prime; _builder_version=\u00a0\u00bb4.27.4&Prime; _module_preset=\u00a0\u00bbdefault\u00a0\u00bb locked=\u00a0\u00bboff\u00a0\u00bb global_colors_info=\u00a0\u00bb{}\u00a0\u00bb][et_pb_row column_structure=\u00a0\u00bb1_4,1_2,1_4&Prime; _builder_version=\u00a0\u00bb4.27.4&Prime; _module_preset=\u00a0\u00bbdefault\u00a0\u00bb width=\u00a0\u00bb100%\u00a0\u00bb global_colors_info=\u00a0\u00bb{}\u00a0\u00bb][et_pb_column type=\u00a0\u00bb1_4&Prime; _builder_version=\u00a0\u00bb4.27.4&Prime; _module_preset=\u00a0\u00bbdefault\u00a0\u00bb custom_padding=\u00a0\u00bb80px||||false|false\u00a0\u00bb sticky_position=\u00a0\u00bbbottom\u00a0\u00bb scroll_vertical_motion_enable=\u00a0\u00bbon\u00a0\u00bb global_colors_info=\u00a0\u00bb{}\u00a0\u00bb][et_pb_image src=\u00a0\u00bbhttps:\/\/2nd-face.com\/sf-staging\/wp-content\/uploads\/2025\/09\/Design-sans-titre2-1.jpg\u00a0\u00bb title_text=\u00a0\u00bbDesign sans titre(2)\u00a0\u00bb _builder_version=\u00a0\u00bb4.27.4&Prime; _module_preset=\u00a0\u00bbdefault\u00a0\u00bb custom_margin=\u00a0\u00bb|||-130px|false|false\u00a0\u00bb border_radii=\u00a0\u00bbon|16px|16px|16px|16px\u00a0\u00bb global_colors_info=\u00a0\u00bb{}\u00a0\u00bb][\/et_pb_image][\/et_pb_column][et_pb_column type=\u00a0\u00bb1_2&Prime; _builder_version=\u00a0\u00bb4.27.4&Prime; _module_preset=\u00a0\u00bbdefault\u00a0\u00bb custom_padding=\u00a0\u00bb|24px||24px|false|false\u00a0\u00bb global_colors_info=\u00a0\u00bb{}\u00a0\u00bb][et_pb_text _builder_version=\u00a0\u00bb4.27.4&Prime; _module_preset=\u00a0\u00bbdefault\u00a0\u00bb text_font=\u00a0\u00bbLyno Jean||||||||\u00a0\u00bb text_text_color=\u00a0\u00bbgcid-f69ff1f4-6579-4a0a-9d2c-c4ea7cad4d93&Prime; text_font_size=\u00a0\u00bb32px\u00a0\u00bb text_letter_spacing=\u00a0\u00bb2px\u00a0\u00bb text_line_height=\u00a0\u00bb100%\u00a0\u00bb transform_translate_linked=\u00a0\u00bboff\u00a0\u00bb custom_margin=\u00a0\u00bb||8px||false|false\u00a0\u00bb text_font_size_tablet=\u00a0\u00bb24px\u00a0\u00bb text_font_size_phone=\u00a0\u00bb24px\u00a0\u00bb text_font_size_last_edited=\u00a0\u00bbon|phone\u00a0\u00bb global_colors_info=\u00a0\u00bb{%22gcid-f69ff1f4-6579-4a0a-9d2c-c4ea7cad4d93%22:%91%22text_text_color%22%93,%22gcid-28622b26-271b-4766-94b5-1f080d25b55d%22:%91%22text_text_color%22%93}\u00a0\u00bb]<\/p>\n<p>Architecture<\/p>\n<p>[\/et_pb_text][et_pb_text _builder_version=\u00a0\u00bb4.27.4&Prime; _module_preset=\u00a0\u00bbdefault\u00a0\u00bb text_font=\u00a0\u00bbIBM Plex Mono||||||||\u00a0\u00bb custom_margin=\u00a0\u00bb16px||16px||true|false\u00a0\u00bb global_colors_info=\u00a0\u00bb{}\u00a0\u00bb]<\/p>\n<p>L\u2019ouverture du Just a Cut a \u00e9t\u00e9 un v\u00e9ritable challenge. L\u2019espace se d\u00e9plie, il s\u2019ouvre, r\u00e9v\u00e9lant une base architecturale pens\u00e9e pour le m\u00e9tier de coiffeur.<\/p>\n<p>Comme un origami continu, le Just a Cut s\u2019imbrique naturellement avec le salon voisin, d\u00e9voilant une fresque de l\u2019artiste Claude Blo Ricci, qui prolonge l\u2019histoire de notre salon de coiffure du 7\u00e8me. <\/p>\n<p>Inspir\u00e9e des anamorphoses de Georges Rousse, cette peinture murale dialogue avec les volumes et joue avec la perception.<br \/>Le d\u00e9fi \u00e9tait clair : pr\u00e9server l\u2019essence de Second Face Cavenne tout en investissant un espace plus confin\u00e9. La lumi\u00e8re y est subtilement r\u00e9v\u00e9l\u00e9e, pens\u00e9e autour du circuit des coiffeurs et coiffeuses, pour accompagner chaque geste du m\u00e9tier.<\/p>\n<p>Le miroir, pi\u00e8ce ma\u00eetresse du lieu, a \u00e9t\u00e9 d\u00e9pos\u00e9 de sorte \u00e0 orienter la lumi\u00e8re. Plac\u00e9 tel un monolithe en \u00e9quilibre, il devient rep\u00e8re et outil. Ses lignes simples s\u2019ancrent dans l\u2019espace tandis que les courbes architecturales environnantes font \u00e9cho \u00e0 la rigueur et au sens du d\u00e9tail du fondateur, Bruce Coulaux.<\/p>\n<p>C\u2019est ainsi qu\u2019est n\u00e9 Just a Cut : un lieu intime et exigeant, o\u00f9 chaque pli, chaque lumi\u00e8re, chaque surface raconte une histoire d\u2019\u00e9quilibre entre architecture, m\u00e9tier et vision.<\/p>\n<p>[\/et_pb_text][\/et_pb_column][et_pb_column type=\u00a0\u00bb1_4&Prime; _builder_version=\u00a0\u00bb4.27.4&Prime; _module_preset=\u00a0\u00bbdefault\u00a0\u00bb sticky_position=\u00a0\u00bbbottom\u00a0\u00bb sticky_offset_surrounding=\u00a0\u00bboff\u00a0\u00bb sticky_transition=\u00a0\u00bboff\u00a0\u00bb scroll_vertical_motion_enable=\u00a0\u00bbon\u00a0\u00bb global_colors_info=\u00a0\u00bb{}\u00a0\u00bb][et_pb_image src=\u00a0\u00bbhttps:\/\/2nd-face.com\/sf-staging\/wp-content\/uploads\/2025\/09\/Design-sans-titre1-2.jpg\u00a0\u00bb title_text=\u00a0\u00bbDesign sans titre(1)\u00a0\u00bb align=\u00a0\u00bbright\u00a0\u00bb _builder_version=\u00a0\u00bb4.27.4&Prime; _module_preset=\u00a0\u00bbdefault\u00a0\u00bb custom_margin=\u00a0\u00bb400px|-130px|||false|false\u00a0\u00bb border_radii=\u00a0\u00bbon|16px|16px|16px|16px\u00a0\u00bb global_colors_info=\u00a0\u00bb{}\u00a0\u00bb][\/et_pb_image][\/et_pb_column][\/et_pb_row][\/et_pb_section][et_pb_section fb_built=\u00a0\u00bb1&Prime; _builder_version=\u00a0\u00bb4.25.2&Prime; _module_preset=\u00a0\u00bbdefault\u00a0\u00bb locked=\u00a0\u00bboff\u00a0\u00bb global_colors_info=\u00a0\u00bb{}\u00a0\u00bb][et_pb_row _builder_version=\u00a0\u00bb4.25.2&Prime; _module_preset=\u00a0\u00bbdefault\u00a0\u00bb width=\u00a0\u00bb100%\u00a0\u00bb global_colors_info=\u00a0\u00bb{}\u00a0\u00bb][et_pb_column type=\u00a0\u00bb4_4&Prime; _builder_version=\u00a0\u00bb4.25.2&Prime; _module_preset=\u00a0\u00bbdefault\u00a0\u00bb global_colors_info=\u00a0\u00bb{}\u00a0\u00bb][dipi_masonry_gallery gallery_ids=\u00a0\u00bb6854,6857,6842,6844,6855,6843,6846,6853,6845,6848,6849,6856,6852,6858&Prime; icon_in_overlay=\u00a0\u00bboff\u00a0\u00bb use_thumbnails=\u00a0\u00bbon\u00a0\u00bb columns_tablet=\u00a0\u00bb3&Prime; columns_phone=\u00a0\u00bb2&Prime; columns_last_edited=\u00a0\u00bbon|tablet\u00a0\u00bb _builder_version=\u00a0\u00bb4.25.2&Prime; _module_preset=\u00a0\u00bbdefault\u00a0\u00bb global_colors_info=\u00a0\u00bb{}\u00a0\u00bb][\/dipi_masonry_gallery][\/et_pb_column][\/et_pb_row][\/et_pb_section][et_pb_section fb_built=\u00a0\u00bb1&Prime; disabled_on=\u00a0\u00bbon|on|on\u00a0\u00bb _builder_version=\u00a0\u00bb4.27.0&Prime; _module_preset=\u00a0\u00bbdefault\u00a0\u00bb disabled=\u00a0\u00bbon\u00a0\u00bb locked=\u00a0\u00bboff\u00a0\u00bb global_colors_info=\u00a0\u00bb{}\u00a0\u00bb][et_pb_row use_custom_gutter=\u00a0\u00bbon\u00a0\u00bb make_equal=\u00a0\u00bbon\u00a0\u00bb _builder_version=\u00a0\u00bb4.27.0&Prime; _module_preset=\u00a0\u00bbdefault\u00a0\u00bb width=\u00a0\u00bb90%\u00a0\u00bb global_colors_info=\u00a0\u00bb{}\u00a0\u00bb][et_pb_column type=\u00a0\u00bb4_4&Prime; _builder_version=\u00a0\u00bb4.27.0&Prime; _module_preset=\u00a0\u00bbdefault\u00a0\u00bb global_colors_info=\u00a0\u00bb{}\u00a0\u00bb][dipi_carousel columns=\u00a0\u00bb3&Prime; space_between=\u00a0\u00bb24&Prime; speed=\u00a0\u00bb6000&Prime; loop_wide=\u00a0\u00bbon\u00a0\u00bb autoplay_wide=\u00a0\u00bbon\u00a0\u00bb continues_wide=\u00a0\u00bbon\u00a0\u00bb loop_mid=\u00a0\u00bbon\u00a0\u00bb autoplay_mid=\u00a0\u00bbon\u00a0\u00bb continues_mid=\u00a0\u00bbon\u00a0\u00bb loop_small=\u00a0\u00bbon\u00a0\u00bb autoplay_small=\u00a0\u00bbon\u00a0\u00bb continues_small=\u00a0\u00bbon\u00a0\u00bb show_lightbox=\u00a0\u00bboff\u00a0\u00bb columns_tablet=\u00a0\u00bb2&Prime; columns_phone=\u00a0\u00bb1&Prime; columns_last_edited=\u00a0\u00bbon|phone\u00a0\u00bb _builder_version=\u00a0\u00bb4.27.0&Prime; _module_preset=\u00a0\u00bbdefault\u00a0\u00bb global_colors_info=\u00a0\u00bb{}\u00a0\u00bb][dipi_carousel_child label=\u00a0\u00bbAvis #1&Prime; title_text=\u00a0\u00bbLINOU\u00a0\u00bb desc_text=\u00a0\u00bb<\/p>\n<p>C&rsquo;est un super salon. Pour moi le meilleur sur Lyon et j&rsquo;ai d\u00fb en tester plusieurs avant d&rsquo;\u00eatre aussi contente d&rsquo;une coupe ! Nicolas est non seulement adorable et met super \u00e0 l&rsquo;aise, mais en plus il comprend parfaitement les demandes et les r\u00e9alise. Pour ne rien g\u00e2cher, musique sympa, ambiance \u00e0 la cool et discussions int\u00e9ressantes. G\u00e9nial, merci beaucoup<\/p>\n<p>\u00a0\u00bb _builder_version=\u00a0\u00bb4.27.0&Prime; _module_preset=\u00a0\u00bbdefault\u00a0\u00bb title_font_size=\u00a0\u00bb24px\u00a0\u00bb desc_font_size=\u00a0\u00bb14px\u00a0\u00bb desc_letter_spacing=\u00a0\u00bb1px\u00a0\u00bb desc_line_height=\u00a0\u00bb1.6em\u00a0\u00bb global_colors_info=\u00a0\u00bb{}\u00a0\u00bb][\/dipi_carousel_child][dipi_carousel_child label=\u00a0\u00bbAvis #2&Prime; title_text=\u00a0\u00bbFANNY\u00a0\u00bb desc_text=\u00a0\u00bb<\/p>\n<p>Je suis venue trois fois au salon, merci pour ton savoir-faire Norman qui sait \u00e9couter, conseiller et r\u00e9pondre \u00e0 mes attentes. Tu as su me r\u00e9concilier avec les coiffeurs. Accueil chaleureux, \u00e9quipe souriante et agr\u00e9able Je recommande vivement ce salon<\/p>\n<p>\u00a0\u00bb _builder_version=\u00a0\u00bb4.27.0&Prime; _module_preset=\u00a0\u00bbdefault\u00a0\u00bb title_font_size=\u00a0\u00bb24px\u00a0\u00bb desc_font_size=\u00a0\u00bb14px\u00a0\u00bb desc_letter_spacing=\u00a0\u00bb1px\u00a0\u00bb desc_line_height=\u00a0\u00bb1.6em\u00a0\u00bb global_colors_info=\u00a0\u00bb{}\u00a0\u00bb][\/dipi_carousel_child][dipi_carousel_child label=\u00a0\u00bbAvis #3&Prime; title_text=\u00a0\u00bbELRIC\u00a0\u00bb desc_text=\u00a0\u00bb<\/p>\n<p>C&rsquo;est la deuxi\u00e8me fois que je prends rendez-vous avec Sandra qui a su me conseiller sur la cr\u00e9ation d&rsquo;une coupe ainsi que son entretien. En prime, on discute et on rigole bien, sur fond de musique \u00e9lectro ! Merci encore :)))<\/p>\n<p>\u00a0\u00bb _builder_version=\u00a0\u00bb4.27.0&Prime; _module_preset=\u00a0\u00bbdefault\u00a0\u00bb title_font_size=\u00a0\u00bb24px\u00a0\u00bb desc_font_size=\u00a0\u00bb14px\u00a0\u00bb desc_letter_spacing=\u00a0\u00bb1px\u00a0\u00bb desc_line_height=\u00a0\u00bb1.6em\u00a0\u00bb global_colors_info=\u00a0\u00bb{}\u00a0\u00bb][\/dipi_carousel_child][dipi_carousel_child label=\u00a0\u00bbAvis #4&Prime; title_text=\u00a0\u00bbPAULINE\u00a0\u00bb desc_text=\u00a0\u00bb<\/p>\n<p>Sandra a prit le temps d\u2019\u00e9couter ma demande : sur ma couleur (orange avec une pointe de rouge) et ma coupe avec un carr\u00e9 d\u00e9grad\u00e9. Elle a prit le temps lors de la coupe de toujours me demander si la longueur \u00e7a aller et de couper en fonction de ma nature de cheveux. Je suis ressortie avec une magnifique couleur comme je voulais et une superbe coupe avec de jolies vagues naturelles. Je suis fin pr\u00eate pour l\u2019\u00e9t\u00e9 \ud83e\uddd1\ud83c\udffb\u200d\ud83e\uddb0\ud83d\ude0e\ud83d\udc70\ud83c\udffc\u200d\u2640\ufe0f et merci \u00e0 toi pour ta bienveillance.<\/p>\n<p>\u00a0\u00bb _builder_version=\u00a0\u00bb4.27.0&Prime; _module_preset=\u00a0\u00bbdefault\u00a0\u00bb title_font_size=\u00a0\u00bb24px\u00a0\u00bb desc_font_size=\u00a0\u00bb14px\u00a0\u00bb desc_letter_spacing=\u00a0\u00bb1px\u00a0\u00bb desc_line_height=\u00a0\u00bb1.6em\u00a0\u00bb global_colors_info=\u00a0\u00bb{}\u00a0\u00bb][\/dipi_carousel_child][dipi_carousel_child label=\u00a0\u00bbAvis #5&Prime; title_text=\u00a0\u00bbYANEZ\u00a0\u00bb desc_text=\u00a0\u00bb<\/p>\n<p>Toujours heureuse quand je ressors du salon , \u00e7a fait plusieurs ann\u00e9es que je me fais coiffer par la plus talentueuse des coiffeuses ! Elle m&rsquo;a sauv\u00e9 les cheveux suite a un carnage capillaire et je lui en sera toujours reconnaissante. Depuis c&rsquo;est la seule a qui je confie mes cheveux et je ne changerais jamais. Merci encore ! De plus les tarifs sont vraiment tr\u00e8s juste pour la qualit\u00e9 des prestations !<\/p>\n<p>\u00a0\u00bb _builder_version=\u00a0\u00bb4.27.0&Prime; _module_preset=\u00a0\u00bbdefault\u00a0\u00bb title_font_size=\u00a0\u00bb24px\u00a0\u00bb desc_font_size=\u00a0\u00bb14px\u00a0\u00bb desc_letter_spacing=\u00a0\u00bb1px\u00a0\u00bb desc_line_height=\u00a0\u00bb1.6em\u00a0\u00bb global_colors_info=\u00a0\u00bb{}\u00a0\u00bb][\/dipi_carousel_child][dipi_carousel_child label=\u00a0\u00bbAvis #6&Prime; title_text=\u00a0\u00bbCLAIRE\u00a0\u00bb desc_text=\u00a0\u00bb<\/p>\n<p>Super \u00e9quipe, super arrangeante&#8230; Super exp\u00e9rience encore une fois&#8230; Une mention toute particuli\u00e8re \u00e0 Sandra qui a r\u00e9ussi \u00e0 le prendre en charge malgr\u00e9 ma boulette de Rdv&#8230;une super coiffeuse avec le sourire et le talent qui vous donne le sourire pour le reste de la journ\u00e9e. Encore merci<\/p>\n<p>\u00a0\u00bb _builder_version=\u00a0\u00bb4.27.0&Prime; _module_preset=\u00a0\u00bbdefault\u00a0\u00bb title_font_size=\u00a0\u00bb24px\u00a0\u00bb desc_font_size=\u00a0\u00bb14px\u00a0\u00bb desc_letter_spacing=\u00a0\u00bb1px\u00a0\u00bb desc_line_height=\u00a0\u00bb1.6em\u00a0\u00bb global_colors_info=\u00a0\u00bb{}\u00a0\u00bb][\/dipi_carousel_child][dipi_carousel_child label=\u00a0\u00bbAvis #7&Prime; title_text=\u00a0\u00bbANAIS\u00a0\u00bb desc_text=\u00a0\u00bb<\/p>\n<p>Totalement fan de ce salon de coiffure ou l\u2019on passe toujours un bon moment ! Habitu\u00e9e d\u2019\u00eatre coiff\u00e9e par Norman vous pouvez lui faire confiance et y aller les yeux ferm\u00e9s ! Si vous aimez la musique et les moments sinc\u00e8res, je vous recommande Second Face<\/p>\n<p>\u00a0\u00bb _builder_version=\u00a0\u00bb4.27.0&Prime; _module_preset=\u00a0\u00bbdefault\u00a0\u00bb title_font_size=\u00a0\u00bb24px\u00a0\u00bb desc_font_size=\u00a0\u00bb14px\u00a0\u00bb desc_letter_spacing=\u00a0\u00bb1px\u00a0\u00bb desc_line_height=\u00a0\u00bb1.6em\u00a0\u00bb global_colors_info=\u00a0\u00bb{}\u00a0\u00bb][\/dipi_carousel_child][dipi_carousel_child label=\u00a0\u00bbAvis #8&Prime; title_text=\u00a0\u00bbJENNIFER\u00a0\u00bb desc_text=\u00a0\u00bb<\/p>\n<p>M\u00e9d\u00e9ric est le meilleur coiffeur que j\u2019ai rencontr\u00e9 ces derni\u00e8res ann\u00e9es. Ma nouvelle coupe a bluff\u00e9 tout le monde, moi y compris. Super pro, tr\u00e8s \u00e0 l\u2019\u00e9coute (et sublime) vous passerez \u00e0 coups s\u00fbrs un super moment et vous ressortirez radieux\u00b7ses !<\/p>\n<p>\u00a0\u00bb _builder_version=\u00a0\u00bb4.27.0&Prime; _module_preset=\u00a0\u00bbdefault\u00a0\u00bb title_font_size=\u00a0\u00bb24px\u00a0\u00bb desc_font_size=\u00a0\u00bb14px\u00a0\u00bb desc_letter_spacing=\u00a0\u00bb1px\u00a0\u00bb desc_line_height=\u00a0\u00bb1.6em\u00a0\u00bb global_colors_info=\u00a0\u00bb{}\u00a0\u00bb][\/dipi_carousel_child][\/dipi_carousel][\/et_pb_column][\/et_pb_row][\/et_pb_section]<\/p>\n","protected":false},"excerpt":{"rendered":"<p><div class=\"et_pb_module dipi_button_grid dipi_button_grid_0\">\n\t\t\t\t\n\t\t\t\t\n\t\t\t\t\n\t\t\t\t\n\t\t\t\t\n\t\t\t\t\n\t\t\t\t<div class=\"et_pb_module_inner\">\n\t\t\t\t\t<div class=\"dipi-button-grid-container\">\n                \n            <\/div>\n\t\t\t\t<\/div>\n\t\t\t<\/div>Notre salon uniquement pour de la coupe et sans rendez-vous !Historiquement nos salons ne proposaient que du \u00ab sans RDV \u00bb. Mais entre le Covid et les multiples r\u00e9servations, nos plannings \u00e9taient complets. Nous avons donc d\u00e9cid\u00e9 d\u2019ouvrir le Just A Cut. Un salon d\u00e9di\u00e9 \u00e0 la coupe sans rendez-vous pour profiter [&hellip;]<\/p>\n","protected":false},"author":1,"featured_media":0,"parent":336,"menu_order":0,"comment_status":"closed","ping_status":"closed","template":"","meta":{"_acf_changed":false,"_et_pb_use_builder":"on","_et_pb_old_content":"","_et_gb_content_width":"","footnotes":""},"dipi_cpt_category":[],"class_list":["post-6837","page","type-page","status-publish","hentry"],"acf":[],"_links":{"self":[{"href":"https:\/\/2nd-face.com\/sf-staging\/wp-json\/wp\/v2\/pages\/6837","targetHints":{"allow":["GET"]}}],"collection":[{"href":"https:\/\/2nd-face.com\/sf-staging\/wp-json\/wp\/v2\/pages"}],"about":[{"href":"https:\/\/2nd-face.com\/sf-staging\/wp-json\/wp\/v2\/types\/page"}],"author":[{"embeddable":true,"href":"https:\/\/2nd-face.com\/sf-staging\/wp-json\/wp\/v2\/users\/1"}],"replies":[{"embeddable":true,"href":"https:\/\/2nd-face.com\/sf-staging\/wp-json\/wp\/v2\/comments?post=6837"}],"version-history":[{"count":29,"href":"https:\/\/2nd-face.com\/sf-staging\/wp-json\/wp\/v2\/pages\/6837\/revisions"}],"predecessor-version":[{"id":8294,"href":"https:\/\/2nd-face.com\/sf-staging\/wp-json\/wp\/v2\/pages\/6837\/revisions\/8294"}],"up":[{"embeddable":true,"href":"https:\/\/2nd-face.com\/sf-staging\/wp-json\/wp\/v2\/pages\/336"}],"wp:attachment":[{"href":"https:\/\/2nd-face.com\/sf-staging\/wp-json\/wp\/v2\/media?parent=6837"}],"wp:term":[{"taxonomy":"dipi_cpt_category","embeddable":true,"href":"https:\/\/2nd-face.com\/sf-staging\/wp-json\/wp\/v2\/dipi_cpt_category?post=6837"}],"curies":[{"name":"wp","href":"https:\/\/api.w.org\/{rel}","templated":true}]}}