{"id":7370,"date":"2024-08-24T12:48:12","date_gmt":"2024-08-24T11:48:12","guid":{"rendered":"https:\/\/2nd-face.com\/sf-staging\/?page_id=7370"},"modified":"2025-09-15T12:05:47","modified_gmt":"2025-09-15T11:05:47","slug":"salon-de-coiffure-marseille-1","status":"publish","type":"page","link":"https:\/\/2nd-face.com\/sf-staging\/salons\/salon-de-coiffure-marseille-1\/","title":{"rendered":"Salon de coiffure Marseille"},"content":{"rendered":"<p>[et_pb_section fb_built=\u00a0\u00bb1&Prime; custom_padding_last_edited=\u00a0\u00bbon|phone\u00a0\u00bb _builder_version=\u00a0\u00bb4.27.0&Prime; _module_preset=\u00a0\u00bbdefault\u00a0\u00bb custom_margin=\u00a0\u00bb0px||0px||false|false\u00a0\u00bb custom_padding=\u00a0\u00bb48px|0px|80px||false|false\u00a0\u00bb custom_padding_tablet=\u00a0\u00bb||48px||false|false\u00a0\u00bb custom_padding_phone=\u00a0\u00bb48px||0px||false|false\u00a0\u00bb locked=\u00a0\u00bboff\u00a0\u00bb global_colors_info=\u00a0\u00bb{}\u00a0\u00bb][et_pb_row column_structure=\u00a0\u00bb3_5,2_5&Prime; use_custom_gutter=\u00a0\u00bbon\u00a0\u00bb gutter_width=\u00a0\u00bb4&Prime; make_equal=\u00a0\u00bbon\u00a0\u00bb _builder_version=\u00a0\u00bb4.27.0&Prime; _module_preset=\u00a0\u00bbdefault\u00a0\u00bb width=\u00a0\u00bb66%\u00a0\u00bb width_tablet=\u00a0\u00bb80%\u00a0\u00bb width_phone=\u00a0\u00bb90%\u00a0\u00bb width_last_edited=\u00a0\u00bbon|phone\u00a0\u00bb custom_margin=\u00a0\u00bb0px||0px||true|false\u00a0\u00bb custom_padding=\u00a0\u00bb0px||0px||true|false\u00a0\u00bb global_colors_info=\u00a0\u00bb{}\u00a0\u00bb][et_pb_column type=\u00a0\u00bb3_5&Prime; _builder_version=\u00a0\u00bb4.27.0&Prime; _module_preset=\u00a0\u00bbdefault\u00a0\u00bb animation_style=\u00a0\u00bbslide\u00a0\u00bb animation_direction=\u00a0\u00bbbottom\u00a0\u00bb global_colors_info=\u00a0\u00bb{}\u00a0\u00bb][et_pb_image src=\u00a0\u00bbhttps:\/\/2nd-face.com\/sf-staging\/wp-content\/uploads\/2024\/09\/Second-Face-Marseille1-scaled.jpg\u00a0\u00bb title_text=\u00a0\u00bbSecond Face Marseille\u00a0\u00bb _builder_version=\u00a0\u00bb4.27.0&Prime; _module_preset=\u00a0\u00bbdefault\u00a0\u00bb border_radii=\u00a0\u00bbon|8px|8px|8px|8px\u00a0\u00bb locked=\u00a0\u00bboff\u00a0\u00bb global_colors_info=\u00a0\u00bb{}\u00a0\u00bb][\/et_pb_image][dipi_button_grid _builder_version=\u00a0\u00bb4.27.0&Prime; _module_preset=\u00a0\u00bbdefault\u00a0\u00bb global_colors_info=\u00a0\u00bb{}\u00a0\u00bb][\/dipi_button_grid][\/et_pb_column][et_pb_column type=\u00a0\u00bb2_5&Prime; _builder_version=\u00a0\u00bb4.27.0&Prime; _module_preset=\u00a0\u00bbdefault\u00a0\u00bb transform_scale_tablet=\u00a0\u00bb\u00a0\u00bb transform_scale_phone=\u00a0\u00bb\u00a0\u00bb transform_scale_last_edited=\u00a0\u00bbon|tablet\u00a0\u00bb transform_translate_tablet=\u00a0\u00bb0px|0px\u00a0\u00bb transform_translate_phone=\u00a0\u00bb0px|0px\u00a0\u00bb transform_translate_last_edited=\u00a0\u00bbon|phone\u00a0\u00bb transform_translate_linked=\u00a0\u00bboff\u00a0\u00bb transform_rotate_tablet=\u00a0\u00bb\u00a0\u00bb transform_rotate_phone=\u00a0\u00bb\u00a0\u00bb transform_rotate_last_edited=\u00a0\u00bbon|tablet\u00a0\u00bb transform_skew_tablet=\u00a0\u00bb\u00a0\u00bb transform_skew_phone=\u00a0\u00bb\u00a0\u00bb transform_skew_last_edited=\u00a0\u00bbon|tablet\u00a0\u00bb transform_origin_tablet=\u00a0\u00bb\u00a0\u00bb transform_origin_phone=\u00a0\u00bb\u00a0\u00bb transform_origin_last_edited=\u00a0\u00bbon|tablet\u00a0\u00bb transform_styles_last_edited=\u00a0\u00bbon|phone\u00a0\u00bb animation_style=\u00a0\u00bbslide\u00a0\u00bb animation_direction=\u00a0\u00bbtop\u00a0\u00bb transform_styles_tablet=\u00a0\u00bb\u00a0\u00bb transform_styles_phone=\u00a0\u00bb\u00a0\u00bb global_colors_info=\u00a0\u00bb{}\u00a0\u00bb][et_pb_post_title meta=\u00a0\u00bboff\u00a0\u00bb featured_image=\u00a0\u00bboff\u00a0\u00bb _builder_version=\u00a0\u00bb4.27.4&Prime; _module_preset=\u00a0\u00bbdefault\u00a0\u00bb title_font=\u00a0\u00bbLyno Jean|||on|||||\u00a0\u00bb title_text_color=\u00a0\u00bbgcid-ea47b4d6-5b88-4770-bf01-5cdb469a7446&Prime; title_font_size=\u00a0\u00bb64px\u00a0\u00bb custom_margin=\u00a0\u00bb16px||16px||true|false\u00a0\u00bb custom_margin_tablet=\u00a0\u00bb16px||16px||true|false\u00a0\u00bb custom_margin_phone=\u00a0\u00bb8px||8px||true|false\u00a0\u00bb custom_margin_last_edited=\u00a0\u00bbon|phone\u00a0\u00bb custom_padding=\u00a0\u00bb0px||0px||true|false\u00a0\u00bb title_font_size_tablet=\u00a0\u00bb48px\u00a0\u00bb title_font_size_phone=\u00a0\u00bb48px\u00a0\u00bb title_font_size_last_edited=\u00a0\u00bbon|tablet\u00a0\u00bb global_colors_info=\u00a0\u00bb{%22gcid-ea47b4d6-5b88-4770-bf01-5cdb469a7446%22:%91%22title_text_color%22%93}\u00a0\u00bb][\/et_pb_post_title][et_pb_text _builder_version=\u00a0\u00bb4.27.4&Prime; _module_preset=\u00a0\u00bbdefault\u00a0\u00bb text_font=\u00a0\u00bbIBM Plex Mono||||||||\u00a0\u00bb custom_margin=\u00a0\u00bb16px||16px||true|false\u00a0\u00bb global_colors_info=\u00a0\u00bb{}\u00a0\u00bb]C\u2019est dans le sud que Second Face a d\u00e9cid\u00e9 de se t\u00e9l\u00e9porter. Premier salon en dehors de la r\u00e9gion Auvergne Rh\u00f4ne-Alpes, notre salon de coiffure proche des Calanques saura sublimer vos cheveux et les rendre soyeux apr\u00e8s vos baignades en mer.[\/et_pb_text][et_pb_button button_url=\u00a0\u00bb@ET-DC@eyJkeW5hbWljIjp0cnVlLCJjb250ZW50IjoicG9zdF9saW5rX3VybF9wYWdlIiwic2V0dGluZ3MiOnsicG9zdF9pZCI6IjcxNzgifX0=@\u00a0\u00bb button_text=\u00a0\u00bbR\u00e9server\u00a0\u00bb button_alignment=\u00a0\u00bbleft\u00a0\u00bb _builder_version=\u00a0\u00bb4.27.4&Prime; _dynamic_attributes=\u00a0\u00bbbutton_url\u00a0\u00bb _module_preset=\u00a0\u00bbdefault\u00a0\u00bb button_text_color=\u00a0\u00bb#FFFFFF\u00a0\u00bb button_bg_color=\u00a0\u00bbgcid-ea47b4d6-5b88-4770-bf01-5cdb469a7446&Prime; button_border_radius=\u00a0\u00bb8px\u00a0\u00bb custom_margin=\u00a0\u00bb0px||24px||false|false\u00a0\u00bb custom_padding=\u00a0\u00bb4px||4px||true|false\u00a0\u00bb locked=\u00a0\u00bboff\u00a0\u00bb global_colors_info=\u00a0\u00bb{%22gcid-primary-color%22:%91%22button_text_color__hover%22%93,%22gcid-ea47b4d6-5b88-4770-bf01-5cdb469a7446%22:%91%22button_bg_color%22,%22button_bg_color__hover%22%93}\u00a0\u00bb button_text_color__hover_enabled=\u00a0\u00bbon|desktop\u00a0\u00bb button_text_color__hover=\u00a0\u00bb#ffffff\u00a0\u00bb button_bg_color__hover=\u00a0\u00bb#f560a6&Prime; button_bg_enable_color__hover=\u00a0\u00bbon\u00a0\u00bb][\/et_pb_button][\/et_pb_column][\/et_pb_row][et_pb_row column_structure=\u00a0\u00bb3_5,2_5&Prime; use_custom_gutter=\u00a0\u00bbon\u00a0\u00bb gutter_width=\u00a0\u00bb4&Prime; make_equal=\u00a0\u00bbon\u00a0\u00bb _builder_version=\u00a0\u00bb4.27.0&Prime; _module_preset=\u00a0\u00bbdefault\u00a0\u00bb width=\u00a0\u00bb66%\u00a0\u00bb width_tablet=\u00a0\u00bb80%\u00a0\u00bb width_phone=\u00a0\u00bb90%\u00a0\u00bb width_last_edited=\u00a0\u00bbon|phone\u00a0\u00bb custom_margin=\u00a0\u00bb0px||0px||true|false\u00a0\u00bb custom_padding=\u00a0\u00bb0px||0px||true|false\u00a0\u00bb global_colors_info=\u00a0\u00bb{}\u00a0\u00bb][et_pb_column type=\u00a0\u00bb3_5&Prime; _builder_version=\u00a0\u00bb4.27.0&Prime; _module_preset=\u00a0\u00bbdefault\u00a0\u00bb animation_style=\u00a0\u00bbslide\u00a0\u00bb animation_direction=\u00a0\u00bbbottom\u00a0\u00bb global_colors_info=\u00a0\u00bb{}\u00a0\u00bb][dipi_button_grid _builder_version=\u00a0\u00bb4.27.0&Prime; _module_preset=\u00a0\u00bbdefault\u00a0\u00bb global_colors_info=\u00a0\u00bb{}\u00a0\u00bb][\/dipi_button_grid][et_pb_text _builder_version=\u00a0\u00bb4.27.4&Prime; _module_preset=\u00a0\u00bbdefault\u00a0\u00bb text_font=\u00a0\u00bbPlatform Medium||||||||\u00a0\u00bb text_text_color=\u00a0\u00bbgcid-ea47b4d6-5b88-4770-bf01-5cdb469a7446&Prime; text_font_size=\u00a0\u00bb72px\u00a0\u00bb text_letter_spacing=\u00a0\u00bb2px\u00a0\u00bb text_line_height=\u00a0\u00bb100%\u00a0\u00bb transform_translate_linked=\u00a0\u00bboff\u00a0\u00bb custom_margin=\u00a0\u00bb||8px||false|false\u00a0\u00bb text_font_size_tablet=\u00a0\u00bb64px\u00a0\u00bb text_font_size_phone=\u00a0\u00bb48px\u00a0\u00bb text_font_size_last_edited=\u00a0\u00bbon|phone\u00a0\u00bb global_colors_info=\u00a0\u00bb{%22gcid-ea47b4d6-5b88-4770-bf01-5cdb469a7446%22:%91%22text_text_color%22%93}\u00a0\u00bb]<\/p>\n<p>Lieu<\/p>\n<p>[\/et_pb_text][et_pb_text _builder_version=\u00a0\u00bb4.27.0&Prime; _module_preset=\u00a0\u00bbdefault\u00a0\u00bb global_colors_info=\u00a0\u00bb{}\u00a0\u00bb]<\/p>\n<p>48 rue de la Paix Marcel Paul, 13001 Marseille<\/p>\n<p>04 91 70 94 71\u00a0<\/p>\n<p>[\/et_pb_text][et_pb_text _builder_version=\u00a0\u00bb4.27.4&Prime; _module_preset=\u00a0\u00bbdefault\u00a0\u00bb text_font=\u00a0\u00bbPlatform Medium||||||||\u00a0\u00bb text_text_color=\u00a0\u00bbgcid-ea47b4d6-5b88-4770-bf01-5cdb469a7446&Prime; text_font_size=\u00a0\u00bb72px\u00a0\u00bb text_letter_spacing=\u00a0\u00bb2px\u00a0\u00bb text_line_height=\u00a0\u00bb100%\u00a0\u00bb transform_translate_linked=\u00a0\u00bboff\u00a0\u00bb custom_margin=\u00a0\u00bb||8px||false|false\u00a0\u00bb text_font_size_tablet=\u00a0\u00bb64px\u00a0\u00bb text_font_size_phone=\u00a0\u00bb48px\u00a0\u00bb text_font_size_last_edited=\u00a0\u00bbon|phone\u00a0\u00bb global_colors_info=\u00a0\u00bb{%22gcid-ea47b4d6-5b88-4770-bf01-5cdb469a7446%22:%91%22text_text_color%22%93}\u00a0\u00bb]<\/p>\n<p>Horaires<\/p>\n<p>[\/et_pb_text][et_pb_text _builder_version=\u00a0\u00bb4.27.0&Prime; _module_preset=\u00a0\u00bbdefault\u00a0\u00bb global_colors_info=\u00a0\u00bb{}\u00a0\u00bb]<\/p>\n<p>Mardi, jeudi, vendredi : 10h &#8211; 19h<\/p>\n<p>Mercredi: 10h &#8211; 18h<\/p>\n<p>Samedi : 09h &#8211; 18h<\/p>\n<p>[\/et_pb_text][\/et_pb_column][et_pb_column type=\u00a0\u00bb2_5&Prime; _builder_version=\u00a0\u00bb4.27.0&Prime; _module_preset=\u00a0\u00bbdefault\u00a0\u00bb transform_scale_tablet=\u00a0\u00bb\u00a0\u00bb transform_scale_phone=\u00a0\u00bb\u00a0\u00bb transform_scale_last_edited=\u00a0\u00bbon|tablet\u00a0\u00bb transform_translate_tablet=\u00a0\u00bb0px|0px\u00a0\u00bb transform_translate_phone=\u00a0\u00bb0px|0px\u00a0\u00bb transform_translate_last_edited=\u00a0\u00bbon|phone\u00a0\u00bb transform_translate_linked=\u00a0\u00bboff\u00a0\u00bb transform_rotate_tablet=\u00a0\u00bb\u00a0\u00bb transform_rotate_phone=\u00a0\u00bb\u00a0\u00bb transform_rotate_last_edited=\u00a0\u00bbon|tablet\u00a0\u00bb transform_skew_tablet=\u00a0\u00bb\u00a0\u00bb transform_skew_phone=\u00a0\u00bb\u00a0\u00bb transform_skew_last_edited=\u00a0\u00bbon|tablet\u00a0\u00bb transform_origin_tablet=\u00a0\u00bb\u00a0\u00bb transform_origin_phone=\u00a0\u00bb\u00a0\u00bb transform_origin_last_edited=\u00a0\u00bbon|tablet\u00a0\u00bb transform_styles_last_edited=\u00a0\u00bbon|phone\u00a0\u00bb animation_style=\u00a0\u00bbslide\u00a0\u00bb animation_direction=\u00a0\u00bbtop\u00a0\u00bb transform_styles_tablet=\u00a0\u00bb\u00a0\u00bb transform_styles_phone=\u00a0\u00bb\u00a0\u00bb global_colors_info=\u00a0\u00bb{}\u00a0\u00bb][et_pb_image src=\u00a0\u00bbhttps:\/\/2nd-face.com\/sf-staging\/wp-content\/uploads\/2024\/10\/ext-ok.jpg\u00a0\u00bb title_text=\u00a0\u00bbext-ok\u00a0\u00bb show_bottom_space=\u00a0\u00bboff\u00a0\u00bb _builder_version=\u00a0\u00bb4.27.0&Prime; _module_preset=\u00a0\u00bbdefault\u00a0\u00bb custom_margin=\u00a0\u00bb0px||24px||false|false\u00a0\u00bb border_radii=\u00a0\u00bbon|8px|8px|8px|8px\u00a0\u00bb global_colors_info=\u00a0\u00bb{}\u00a0\u00bb][\/et_pb_image][\/et_pb_column][\/et_pb_row][\/et_pb_section][et_pb_section fb_built=\u00a0\u00bb1&Prime; _builder_version=\u00a0\u00bb4.27.4&Prime; _module_preset=\u00a0\u00bbdefault\u00a0\u00bb locked=\u00a0\u00bboff\u00a0\u00bb global_colors_info=\u00a0\u00bb{}\u00a0\u00bb][et_pb_row column_structure=\u00a0\u00bb1_2,1_2&Prime; _builder_version=\u00a0\u00bb4.27.4&Prime; _module_preset=\u00a0\u00bbdefault\u00a0\u00bb global_colors_info=\u00a0\u00bb{}\u00a0\u00bb][et_pb_column type=\u00a0\u00bb1_2&Prime; _builder_version=\u00a0\u00bb4.27.4&Prime; _module_preset=\u00a0\u00bbdefault\u00a0\u00bb animation_style=\u00a0\u00bbslide\u00a0\u00bb animation_direction=\u00a0\u00bbbottom\u00a0\u00bb global_colors_info=\u00a0\u00bb{}\u00a0\u00bb][et_pb_image src=\u00a0\u00bbhttps:\/\/2nd-face.com\/sf-staging\/wp-content\/uploads\/2025\/09\/Design-sans-titre13.jpg\u00a0\u00bb title_text=\u00a0\u00bbDesign sans titre(13)\u00a0\u00bb show_bottom_space=\u00a0\u00bboff\u00a0\u00bb _builder_version=\u00a0\u00bb4.27.4&Prime; _module_preset=\u00a0\u00bbdefault\u00a0\u00bb custom_padding=\u00a0\u00bb||||false|false\u00a0\u00bb animation_direction=\u00a0\u00bbbottom\u00a0\u00bb border_radii=\u00a0\u00bbon|16px|16px|16px|16px\u00a0\u00bb global_colors_info=\u00a0\u00bb{}\u00a0\u00bb][\/et_pb_image][\/et_pb_column][et_pb_column type=\u00a0\u00bb1_2&Prime; _builder_version=\u00a0\u00bb4.27.4&Prime; _module_preset=\u00a0\u00bbdefault\u00a0\u00bb animation_style=\u00a0\u00bbslide\u00a0\u00bb animation_direction=\u00a0\u00bbbottom\u00a0\u00bb global_colors_info=\u00a0\u00bb{}\u00a0\u00bb][et_pb_text _builder_version=\u00a0\u00bb4.27.4&Prime; _module_preset=\u00a0\u00bbdefault\u00a0\u00bb text_font=\u00a0\u00bbLyno Jean||||||||\u00a0\u00bb text_text_color=\u00a0\u00bb#F560A6&Prime; text_font_size=\u00a0\u00bb32px\u00a0\u00bb text_letter_spacing=\u00a0\u00bb2px\u00a0\u00bb text_line_height=\u00a0\u00bb100%\u00a0\u00bb transform_translate_linked=\u00a0\u00bboff\u00a0\u00bb custom_margin=\u00a0\u00bb||8px||false|false\u00a0\u00bb animation_direction=\u00a0\u00bbbottom\u00a0\u00bb text_font_size_tablet=\u00a0\u00bb24px\u00a0\u00bb text_font_size_phone=\u00a0\u00bb24px\u00a0\u00bb text_font_size_last_edited=\u00a0\u00bbon|phone\u00a0\u00bb global_colors_info=\u00a0\u00bb{}\u00a0\u00bb]Barber Shop Marseille[\/et_pb_text][et_pb_text _builder_version=\u00a0\u00bb4.27.4&Prime; _module_preset=\u00a0\u00bbdefault\u00a0\u00bb text_font=\u00a0\u00bbIBM Plex Mono||||||||\u00a0\u00bb custom_margin=\u00a0\u00bb16px||16px||true|false\u00a0\u00bb global_colors_info=\u00a0\u00bb{}\u00a0\u00bb]On parle souvent de coiffeur visagiste, coloriste, mixte, exp\u00e9riment\u00e9 ou sp\u00e9cialiste de\u2026 Chez Second Face, la technique, la rigueur et l\u2019art du cheveux est primordial. Notre personnel vous accueille dans notre salon de coiffure \u00e0 Marseille pour des prestations de coupe et de couleur cr\u00e9ative ou en entretien de votre coupe existante. Les tendances dans ce secteur sont tellement \u00e9volutives que nous avons \u00e0 c\u0153ur de toujours former notre personnel en interne pour leur apporter les meilleurs techniques. Alors n\u2019attendez plus et r\u00e9server ici votre coupe\/ couleur[\/et_pb_text][et_pb_button button_url=\u00a0\u00bb@ET-DC@eyJkeW5hbWljIjp0cnVlLCJjb250ZW50IjoicG9zdF9saW5rX3VybF9wYWdlIiwic2V0dGluZ3MiOnsicG9zdF9pZCI6IjcxNzgifX0=@\u00a0\u00bb button_text=\u00a0\u00bbPrendre rendez-vous\u00a0\u00bb _builder_version=\u00a0\u00bb4.27.4&Prime; _dynamic_attributes=\u00a0\u00bbbutton_url\u00a0\u00bb _module_preset=\u00a0\u00bbdefault\u00a0\u00bb global_colors_info=\u00a0\u00bb{}\u00a0\u00bb][\/et_pb_button][\/et_pb_column][\/et_pb_row][\/et_pb_section][et_pb_section fb_built=\u00a0\u00bb1&Prime; _builder_version=\u00a0\u00bb4.27.4&Prime; _module_preset=\u00a0\u00bbdefault\u00a0\u00bb locked=\u00a0\u00bboff\u00a0\u00bb global_colors_info=\u00a0\u00bb{}\u00a0\u00bb][et_pb_row column_structure=\u00a0\u00bb1_4,1_2,1_4&Prime; _builder_version=\u00a0\u00bb4.27.4&Prime; _module_preset=\u00a0\u00bbdefault\u00a0\u00bb width=\u00a0\u00bb100%\u00a0\u00bb global_colors_info=\u00a0\u00bb{}\u00a0\u00bb][et_pb_column type=\u00a0\u00bb1_4&Prime; _builder_version=\u00a0\u00bb4.27.4&Prime; _module_preset=\u00a0\u00bbdefault\u00a0\u00bb custom_padding=\u00a0\u00bb80px||||false|false\u00a0\u00bb sticky_position=\u00a0\u00bbbottom\u00a0\u00bb scroll_vertical_motion_enable=\u00a0\u00bbon\u00a0\u00bb global_colors_info=\u00a0\u00bb{}\u00a0\u00bb][et_pb_image src=\u00a0\u00bbhttps:\/\/2nd-face.com\/sf-staging\/wp-content\/uploads\/2025\/09\/Design-sans-titre-2.jpg\u00a0\u00bb title_text=\u00a0\u00bbDesign sans titre\u00a0\u00bb _builder_version=\u00a0\u00bb4.27.4&Prime; _module_preset=\u00a0\u00bbdefault\u00a0\u00bb custom_margin=\u00a0\u00bb|||-130px|false|false\u00a0\u00bb border_radii=\u00a0\u00bbon|16px|16px|16px|16px\u00a0\u00bb global_colors_info=\u00a0\u00bb{}\u00a0\u00bb][\/et_pb_image][\/et_pb_column][et_pb_column type=\u00a0\u00bb1_2&Prime; _builder_version=\u00a0\u00bb4.27.4&Prime; _module_preset=\u00a0\u00bbdefault\u00a0\u00bb custom_padding=\u00a0\u00bb|24px||24px|false|false\u00a0\u00bb global_colors_info=\u00a0\u00bb{}\u00a0\u00bb][et_pb_text _builder_version=\u00a0\u00bb4.27.4&Prime; _module_preset=\u00a0\u00bbdefault\u00a0\u00bb text_font=\u00a0\u00bbLyno Jean||||||||\u00a0\u00bb text_text_color=\u00a0\u00bbgcid-ea47b4d6-5b88-4770-bf01-5cdb469a7446&Prime; text_font_size=\u00a0\u00bb32px\u00a0\u00bb text_letter_spacing=\u00a0\u00bb2px\u00a0\u00bb text_line_height=\u00a0\u00bb100%\u00a0\u00bb transform_translate_linked=\u00a0\u00bboff\u00a0\u00bb custom_margin=\u00a0\u00bb||8px||false|false\u00a0\u00bb text_font_size_tablet=\u00a0\u00bb24px\u00a0\u00bb text_font_size_phone=\u00a0\u00bb24px\u00a0\u00bb text_font_size_last_edited=\u00a0\u00bbon|phone\u00a0\u00bb global_colors_info=\u00a0\u00bb{%22gcid-ea47b4d6-5b88-4770-bf01-5cdb469a7446%22:%91%22text_text_color%22%93}\u00a0\u00bb]<\/p>\n<p>Architecture<\/p>\n<p>[\/et_pb_text][et_pb_text _builder_version=\u00a0\u00bb4.27.4&Prime; _module_preset=\u00a0\u00bbdefault\u00a0\u00bb text_font=\u00a0\u00bbIBM Plex Mono||||||||\u00a0\u00bb custom_margin=\u00a0\u00bb16px||16px||true|false\u00a0\u00bb global_colors_info=\u00a0\u00bb{}\u00a0\u00bb]<\/p>\n<p><span style=\"font-weight: 400;\">Second Face, Marseille, Core 67<\/span><\/p>\n<p><span style=\"font-weight: 400;\">Une architecture singuli\u00e8re, inspir\u00e9e par Louis Khan et l&rsquo;esth\u00e9tique brutaliste des ann\u00e9es 60\u2019, 70\u2019. De cette r\u00e9f\u00e9rence est n\u00e9e le c\u0153ur de notre projet , core 67 qui devient notre inspiration pour Second Face Marseille. Jacques Rival, architecte, et Bruce Coulaux, coiffeur, ont choisi des mat\u00e9riaux bruts simples et efficaces.<\/span><span style=\"font-weight: 400;\"><br \/><\/span><\/p>\n<p><span style=\"font-weight: 400;\">L&rsquo;inox, mat\u00e9riau tr\u00e8s noble et durable, le b\u00e9ton pour des raisons \u00e9conomiques et esth\u00e9tiques et le bois pour sa chaleur. Ces mat\u00e9riaux font \u00e9cho \u00e0 cette \u00e9poque o\u00f9 l&rsquo;engagement \u00e9tait une valeur.<\/span><span style=\"font-weight: 400;\"><br \/><\/span><\/p>\n<p><span style=\"font-weight: 400;\">Le triangle, ma\u00eetre, mots de la g\u00e9om\u00e9trie du lieu, structure l&rsquo;espace avec des lignes puissantes, \u00e9pur\u00e9es et spectaculaires.<\/span><\/p>\n<p><span style=\"font-weight: 400;\">Il capte le regard et d\u00e9finit la circulation, r\u00e9v\u00e8le les perspectives que nous avons imagin\u00e9es.\u00a0<\/span><\/p>\n<p><span style=\"font-weight: 400;\">Les miroirs, master piece du salon prolongent l&rsquo;exp\u00e9rience client, dans une expression artistique ou g\u00e9om\u00e9trie, lumi\u00e8re et architecture se lient.\u00a0<\/span><span style=\"font-weight: 400;\"><br \/><\/span><\/p>\n<p><span style=\"font-weight: 400;\">C&rsquo;est ainsi que Second Face Marseille est n\u00e9 : un lieu transversal o\u00f9 chaque mat\u00e9riau et d\u00e9tail devient une part essentielle de l&rsquo;exp\u00e9rience.<\/p>\n<p><\/span><\/p>\n<p>[\/et_pb_text][et_pb_button button_url=\u00a0\u00bb@ET-DC@eyJkeW5hbWljIjp0cnVlLCJjb250ZW50IjoicG9zdF9saW5rX3VybF9wYWdlIiwic2V0dGluZ3MiOnsicG9zdF9pZCI6IjcxNzgifX0=@\u00a0\u00bb button_text=\u00a0\u00bbPrendre rendez-vous\u00a0\u00bb _builder_version=\u00a0\u00bb4.27.4&Prime; _dynamic_attributes=\u00a0\u00bbbutton_url\u00a0\u00bb _module_preset=\u00a0\u00bbdefault\u00a0\u00bb global_colors_info=\u00a0\u00bb{}\u00a0\u00bb][\/et_pb_button][\/et_pb_column][et_pb_column type=\u00a0\u00bb1_4&Prime; _builder_version=\u00a0\u00bb4.27.4&Prime; _module_preset=\u00a0\u00bbdefault\u00a0\u00bb sticky_position=\u00a0\u00bbbottom\u00a0\u00bb sticky_offset_surrounding=\u00a0\u00bboff\u00a0\u00bb sticky_transition=\u00a0\u00bboff\u00a0\u00bb scroll_vertical_motion_enable=\u00a0\u00bbon\u00a0\u00bb global_colors_info=\u00a0\u00bb{}\u00a0\u00bb][et_pb_image src=\u00a0\u00bbhttps:\/\/2nd-face.com\/sf-staging\/wp-content\/uploads\/2025\/09\/Design-sans-titre12.jpg\u00a0\u00bb title_text=\u00a0\u00bbDesign sans titre(12)\u00a0\u00bb align=\u00a0\u00bbright\u00a0\u00bb _builder_version=\u00a0\u00bb4.27.4&Prime; _module_preset=\u00a0\u00bbdefault\u00a0\u00bb custom_margin=\u00a0\u00bb400px|-130px|||false|false\u00a0\u00bb border_radii=\u00a0\u00bbon|16px|16px|16px|16px\u00a0\u00bb global_colors_info=\u00a0\u00bb{}\u00a0\u00bb][\/et_pb_image][\/et_pb_column][\/et_pb_row][\/et_pb_section][et_pb_section fb_built=\u00a0\u00bb1&Prime; _builder_version=\u00a0\u00bb4.27.0&Prime; _module_preset=\u00a0\u00bbdefault\u00a0\u00bb custom_margin=\u00a0\u00bb0px||0px||true|false\u00a0\u00bb custom_padding=\u00a0\u00bb24px||24px||true|false\u00a0\u00bb locked=\u00a0\u00bboff\u00a0\u00bb global_colors_info=\u00a0\u00bb{}\u00a0\u00bb][et_pb_row _builder_version=\u00a0\u00bb4.25.2&Prime; _module_preset=\u00a0\u00bbdefault\u00a0\u00bb width=\u00a0\u00bb100%\u00a0\u00bb global_colors_info=\u00a0\u00bb{}\u00a0\u00bb][et_pb_column type=\u00a0\u00bb4_4&Prime; _builder_version=\u00a0\u00bb4.25.2&Prime; _module_preset=\u00a0\u00bbdefault\u00a0\u00bb global_colors_info=\u00a0\u00bb{}\u00a0\u00bb][dipi_masonry_gallery gallery_ids=\u00a0\u00bb8009,8008,8007,8005,8004,8003,8002,8001,8000&Prime; icon_in_overlay=\u00a0\u00bboff\u00a0\u00bb use_thumbnails=\u00a0\u00bbon\u00a0\u00bb columns_tablet=\u00a0\u00bb3&Prime; columns_phone=\u00a0\u00bb2&Prime; columns_last_edited=\u00a0\u00bbon|tablet\u00a0\u00bb _builder_version=\u00a0\u00bb4.27.4&Prime; _module_preset=\u00a0\u00bbdefault\u00a0\u00bb global_colors_info=\u00a0\u00bb{}\u00a0\u00bb][\/dipi_masonry_gallery][\/et_pb_column][\/et_pb_row][\/et_pb_section][et_pb_section fb_built=\u00a0\u00bb1&Prime; disabled_on=\u00a0\u00bbon|on|on\u00a0\u00bb _builder_version=\u00a0\u00bb4.27.0&Prime; _module_preset=\u00a0\u00bbdefault\u00a0\u00bb disabled=\u00a0\u00bbon\u00a0\u00bb global_colors_info=\u00a0\u00bb{}\u00a0\u00bb][et_pb_row use_custom_gutter=\u00a0\u00bbon\u00a0\u00bb make_equal=\u00a0\u00bbon\u00a0\u00bb _builder_version=\u00a0\u00bb4.27.0&Prime; _module_preset=\u00a0\u00bbdefault\u00a0\u00bb width=\u00a0\u00bb90%\u00a0\u00bb global_colors_info=\u00a0\u00bb{}\u00a0\u00bb][et_pb_column type=\u00a0\u00bb4_4&Prime; _builder_version=\u00a0\u00bb4.27.0&Prime; _module_preset=\u00a0\u00bbdefault\u00a0\u00bb global_colors_info=\u00a0\u00bb{}\u00a0\u00bb][dipi_carousel columns=\u00a0\u00bb3&Prime; space_between=\u00a0\u00bb24&Prime; speed=\u00a0\u00bb6000&Prime; loop_wide=\u00a0\u00bbon\u00a0\u00bb autoplay_wide=\u00a0\u00bbon\u00a0\u00bb continues_wide=\u00a0\u00bbon\u00a0\u00bb loop_mid=\u00a0\u00bbon\u00a0\u00bb autoplay_mid=\u00a0\u00bbon\u00a0\u00bb continues_mid=\u00a0\u00bbon\u00a0\u00bb loop_small=\u00a0\u00bbon\u00a0\u00bb autoplay_small=\u00a0\u00bbon\u00a0\u00bb continues_small=\u00a0\u00bbon\u00a0\u00bb show_lightbox=\u00a0\u00bboff\u00a0\u00bb columns_tablet=\u00a0\u00bb2&Prime; columns_phone=\u00a0\u00bb1&Prime; columns_last_edited=\u00a0\u00bbon|phone\u00a0\u00bb _builder_version=\u00a0\u00bb4.27.0&Prime; _module_preset=\u00a0\u00bbdefault\u00a0\u00bb global_colors_info=\u00a0\u00bb{}\u00a0\u00bb][dipi_carousel_child label=\u00a0\u00bbAvis #1&Prime; title_text=\u00a0\u00bbLINOU\u00a0\u00bb desc_text=\u00a0\u00bb<\/p>\n<p>C&rsquo;est un super salon. Pour moi le meilleur sur Lyon et j&rsquo;ai d\u00fb en tester plusieurs avant d&rsquo;\u00eatre aussi contente d&rsquo;une coupe ! Nicolas est non seulement adorable et met super \u00e0 l&rsquo;aise, mais en plus il comprend parfaitement les demandes et les r\u00e9alise. Pour ne rien g\u00e2cher, musique sympa, ambiance \u00e0 la cool et discussions int\u00e9ressantes. G\u00e9nial, merci beaucoup<\/p>\n<p>\u00a0\u00bb _builder_version=\u00a0\u00bb4.27.0&Prime; _module_preset=\u00a0\u00bbdefault\u00a0\u00bb title_font_size=\u00a0\u00bb24px\u00a0\u00bb desc_font_size=\u00a0\u00bb14px\u00a0\u00bb desc_letter_spacing=\u00a0\u00bb1px\u00a0\u00bb desc_line_height=\u00a0\u00bb1.6em\u00a0\u00bb global_colors_info=\u00a0\u00bb{}\u00a0\u00bb][\/dipi_carousel_child][dipi_carousel_child label=\u00a0\u00bbAvis #2&Prime; title_text=\u00a0\u00bbFANNY\u00a0\u00bb desc_text=\u00a0\u00bb<\/p>\n<p>Je suis venue trois fois au salon, merci pour ton savoir-faire Norman qui sait \u00e9couter, conseiller et r\u00e9pondre \u00e0 mes attentes. Tu as su me r\u00e9concilier avec les coiffeurs. Accueil chaleureux, \u00e9quipe souriante et agr\u00e9able Je recommande vivement ce salon<\/p>\n<p>\u00a0\u00bb _builder_version=\u00a0\u00bb4.27.0&Prime; _module_preset=\u00a0\u00bbdefault\u00a0\u00bb title_font_size=\u00a0\u00bb24px\u00a0\u00bb desc_font_size=\u00a0\u00bb14px\u00a0\u00bb desc_letter_spacing=\u00a0\u00bb1px\u00a0\u00bb desc_line_height=\u00a0\u00bb1.6em\u00a0\u00bb global_colors_info=\u00a0\u00bb{}\u00a0\u00bb][\/dipi_carousel_child][dipi_carousel_child label=\u00a0\u00bbAvis #3&Prime; title_text=\u00a0\u00bbELRIC\u00a0\u00bb desc_text=\u00a0\u00bb<\/p>\n<p>C&rsquo;est la deuxi\u00e8me fois que je prends rendez-vous avec Sandra qui a su me conseiller sur la cr\u00e9ation d&rsquo;une coupe ainsi que son entretien. En prime, on discute et on rigole bien, sur fond de musique \u00e9lectro ! Merci encore :)))<\/p>\n<p>\u00a0\u00bb _builder_version=\u00a0\u00bb4.27.0&Prime; _module_preset=\u00a0\u00bbdefault\u00a0\u00bb title_font_size=\u00a0\u00bb24px\u00a0\u00bb desc_font_size=\u00a0\u00bb14px\u00a0\u00bb desc_letter_spacing=\u00a0\u00bb1px\u00a0\u00bb desc_line_height=\u00a0\u00bb1.6em\u00a0\u00bb global_colors_info=\u00a0\u00bb{}\u00a0\u00bb][\/dipi_carousel_child][dipi_carousel_child label=\u00a0\u00bbAvis #4&Prime; title_text=\u00a0\u00bbPAULINE\u00a0\u00bb desc_text=\u00a0\u00bb<\/p>\n<p>Sandra a prit le temps d\u2019\u00e9couter ma demande : sur ma couleur (orange avec une pointe de rouge) et ma coupe avec un carr\u00e9 d\u00e9grad\u00e9. Elle a prit le temps lors de la coupe de toujours me demander si la longueur \u00e7a aller et de couper en fonction de ma nature de cheveux. Je suis ressortie avec une magnifique couleur comme je voulais et une superbe coupe avec de jolies vagues naturelles. Je suis fin pr\u00eate pour l\u2019\u00e9t\u00e9 \ud83e\uddd1\ud83c\udffb\u200d\ud83e\uddb0\ud83d\ude0e\ud83d\udc70\ud83c\udffc\u200d\u2640\ufe0f et merci \u00e0 toi pour ta bienveillance.<\/p>\n<p>\u00a0\u00bb _builder_version=\u00a0\u00bb4.27.0&Prime; _module_preset=\u00a0\u00bbdefault\u00a0\u00bb title_font_size=\u00a0\u00bb24px\u00a0\u00bb desc_font_size=\u00a0\u00bb14px\u00a0\u00bb desc_letter_spacing=\u00a0\u00bb1px\u00a0\u00bb desc_line_height=\u00a0\u00bb1.6em\u00a0\u00bb global_colors_info=\u00a0\u00bb{}\u00a0\u00bb][\/dipi_carousel_child][dipi_carousel_child label=\u00a0\u00bbAvis #5&Prime; title_text=\u00a0\u00bbYANEZ\u00a0\u00bb desc_text=\u00a0\u00bb<\/p>\n<p>Toujours heureuse quand je ressors du salon , \u00e7a fait plusieurs ann\u00e9es que je me fais coiffer par la plus talentueuse des coiffeuses ! Elle m&rsquo;a sauv\u00e9 les cheveux suite a un carnage capillaire et je lui en sera toujours reconnaissante. Depuis c&rsquo;est la seule a qui je confie mes cheveux et je ne changerais jamais. Merci encore ! De plus les tarifs sont vraiment tr\u00e8s juste pour la qualit\u00e9 des prestations !<\/p>\n<p>\u00a0\u00bb _builder_version=\u00a0\u00bb4.27.0&Prime; _module_preset=\u00a0\u00bbdefault\u00a0\u00bb title_font_size=\u00a0\u00bb24px\u00a0\u00bb desc_font_size=\u00a0\u00bb14px\u00a0\u00bb desc_letter_spacing=\u00a0\u00bb1px\u00a0\u00bb desc_line_height=\u00a0\u00bb1.6em\u00a0\u00bb global_colors_info=\u00a0\u00bb{}\u00a0\u00bb][\/dipi_carousel_child][dipi_carousel_child label=\u00a0\u00bbAvis #6&Prime; title_text=\u00a0\u00bbCLAIRE\u00a0\u00bb desc_text=\u00a0\u00bb<\/p>\n<p>Super \u00e9quipe, super arrangeante&#8230; Super exp\u00e9rience encore une fois&#8230; Une mention toute particuli\u00e8re \u00e0 Sandra qui a r\u00e9ussi \u00e0 le prendre en charge malgr\u00e9 ma boulette de Rdv&#8230;une super coiffeuse avec le sourire et le talent qui vous donne le sourire pour le reste de la journ\u00e9e. Encore merci<\/p>\n<p>\u00a0\u00bb _builder_version=\u00a0\u00bb4.27.0&Prime; _module_preset=\u00a0\u00bbdefault\u00a0\u00bb title_font_size=\u00a0\u00bb24px\u00a0\u00bb desc_font_size=\u00a0\u00bb14px\u00a0\u00bb desc_letter_spacing=\u00a0\u00bb1px\u00a0\u00bb desc_line_height=\u00a0\u00bb1.6em\u00a0\u00bb global_colors_info=\u00a0\u00bb{}\u00a0\u00bb][\/dipi_carousel_child][dipi_carousel_child label=\u00a0\u00bbAvis #7&Prime; title_text=\u00a0\u00bbANAIS\u00a0\u00bb desc_text=\u00a0\u00bb<\/p>\n<p>Totalement fan de ce salon de coiffure ou l\u2019on passe toujours un bon moment ! Habitu\u00e9e d\u2019\u00eatre coiff\u00e9e par Norman vous pouvez lui faire confiance et y aller les yeux ferm\u00e9s ! Si vous aimez la musique et les moments sinc\u00e8res, je vous recommande Second Face<\/p>\n<p>\u00a0\u00bb _builder_version=\u00a0\u00bb4.27.0&Prime; _module_preset=\u00a0\u00bbdefault\u00a0\u00bb title_font_size=\u00a0\u00bb24px\u00a0\u00bb desc_font_size=\u00a0\u00bb14px\u00a0\u00bb desc_letter_spacing=\u00a0\u00bb1px\u00a0\u00bb desc_line_height=\u00a0\u00bb1.6em\u00a0\u00bb global_colors_info=\u00a0\u00bb{}\u00a0\u00bb][\/dipi_carousel_child][dipi_carousel_child label=\u00a0\u00bbAvis #8&Prime; title_text=\u00a0\u00bbJENNIFER\u00a0\u00bb desc_text=\u00a0\u00bb<\/p>\n<p>M\u00e9d\u00e9ric est le meilleur coiffeur que j\u2019ai rencontr\u00e9 ces derni\u00e8res ann\u00e9es. Ma nouvelle coupe a bluff\u00e9 tout le monde, moi y compris. Super pro, tr\u00e8s \u00e0 l\u2019\u00e9coute (et sublime) vous passerez \u00e0 coups s\u00fbrs un super moment et vous ressortirez radieux\u00b7ses !<\/p>\n<p>\u00a0\u00bb _builder_version=\u00a0\u00bb4.27.0&Prime; _module_preset=\u00a0\u00bbdefault\u00a0\u00bb title_font_size=\u00a0\u00bb24px\u00a0\u00bb desc_font_size=\u00a0\u00bb14px\u00a0\u00bb desc_letter_spacing=\u00a0\u00bb1px\u00a0\u00bb desc_line_height=\u00a0\u00bb1.6em\u00a0\u00bb global_colors_info=\u00a0\u00bb{}\u00a0\u00bb][\/dipi_carousel_child][\/dipi_carousel][\/et_pb_column][\/et_pb_row][\/et_pb_section]<\/p>\n","protected":false},"excerpt":{"rendered":"<p><div class=\"et_pb_module dipi_button_grid dipi_button_grid_0\">\n\t\t\t\t\n\t\t\t\t\n\t\t\t\t\n\t\t\t\t\n\t\t\t\t\n\t\t\t\t\n\t\t\t\t<div class=\"et_pb_module_inner\">\n\t\t\t\t\t<div class=\"dipi-button-grid-container\">\n                \n            <\/div>\n\t\t\t\t<\/div>\n\t\t\t<\/div>C\u2019est dans le sud que Second Face a d\u00e9cid\u00e9 de se t\u00e9l\u00e9porter. Premier salon en dehors de la r\u00e9gion Auvergne Rh\u00f4ne-Alpes, notre salon de coiffure proche des Calanques saura sublimer vos cheveux et les rendre soyeux apr\u00e8s vos baignades en mer.<div class=\"et_pb_module dipi_button_grid dipi_button_grid_1\">\n\t\t\t\t\n\t\t\t\t\n\t\t\t\t\n\t\t\t\t\n\t\t\t\t\n\t\t\t\t\n\t\t\t\t<div class=\"et_pb_module_inner\">\n\t\t\t\t\t<div class=\"dipi-button-grid-container\">\n                \n            <\/div>\n\t\t\t\t<\/div>\n\t\t\t<\/div>Lieu48 rue de la Paix Marcel Paul, 13001 Marseille [&hellip;]<\/p>\n","protected":false},"author":1,"featured_media":0,"parent":336,"menu_order":0,"comment_status":"closed","ping_status":"closed","template":"","meta":{"_acf_changed":false,"_et_pb_use_builder":"on","_et_pb_old_content":"","_et_gb_content_width":"","footnotes":""},"dipi_cpt_category":[],"class_list":["post-7370","page","type-page","status-publish","hentry"],"acf":[],"_links":{"self":[{"href":"https:\/\/2nd-face.com\/sf-staging\/wp-json\/wp\/v2\/pages\/7370","targetHints":{"allow":["GET"]}}],"collection":[{"href":"https:\/\/2nd-face.com\/sf-staging\/wp-json\/wp\/v2\/pages"}],"about":[{"href":"https:\/\/2nd-face.com\/sf-staging\/wp-json\/wp\/v2\/types\/page"}],"author":[{"embeddable":true,"href":"https:\/\/2nd-face.com\/sf-staging\/wp-json\/wp\/v2\/users\/1"}],"replies":[{"embeddable":true,"href":"https:\/\/2nd-face.com\/sf-staging\/wp-json\/wp\/v2\/comments?post=7370"}],"version-history":[{"count":36,"href":"https:\/\/2nd-face.com\/sf-staging\/wp-json\/wp\/v2\/pages\/7370\/revisions"}],"predecessor-version":[{"id":8257,"href":"https:\/\/2nd-face.com\/sf-staging\/wp-json\/wp\/v2\/pages\/7370\/revisions\/8257"}],"up":[{"embeddable":true,"href":"https:\/\/2nd-face.com\/sf-staging\/wp-json\/wp\/v2\/pages\/336"}],"wp:attachment":[{"href":"https:\/\/2nd-face.com\/sf-staging\/wp-json\/wp\/v2\/media?parent=7370"}],"wp:term":[{"taxonomy":"dipi_cpt_category","embeddable":true,"href":"https:\/\/2nd-face.com\/sf-staging\/wp-json\/wp\/v2\/dipi_cpt_category?post=7370"}],"curies":[{"name":"wp","href":"https:\/\/api.w.org\/{rel}","templated":true}]}}